{"id":2112,"date":"2025-11-12T09:25:11","date_gmt":"2025-11-12T08:25:11","guid":{"rendered":"https:\/\/boitsfortfunerailles.be\/?page_id=2112"},"modified":"2026-01-28T12:07:43","modified_gmt":"2026-01-28T11:07:43","slug":"pompes-funebres-uccle","status":"publish","type":"page","link":"https:\/\/boitsfortfunerailles.be\/index.php\/pompes-funebres-uccle\/","title":{"rendered":"Pompes Fun\u00e8bres Uccle"},"content":{"rendered":"<div data-colibri-id=\"2112-c1\" class=\"style-1382 style-local-2112-c1 position-relative\">\n  <!---->\n  <div data-colibri-component=\"section\" data-colibri-id=\"2112-c2\" id=\"histoire\" class=\"h-section h-section-global-spacing d-flex align-items-lg-center align-items-md-center align-items-center style-1383 style-local-2112-c2 position-relative\">\n    <!---->\n    <!---->\n    <div class=\"h-section-grid-container h-section-boxed-container\">\n      <!---->\n      <div data-colibri-id=\"2112-c3\" class=\"h-row-container gutters-row-lg-0 gutters-row-md-0 gutters-row-0 gutters-row-v-lg-0 gutters-row-v-md-0 gutters-row-v-0 style-1399 style-local-2112-c3 localisation-text position-relative\">\n        <!---->\n        <div class=\"h-row justify-content-lg-center justify-content-md-center justify-content-center align-items-lg-stretch align-items-md-stretch align-items-stretch gutters-col-lg-0 gutters-col-md-0 gutters-col-0 gutters-col-v-lg-0 gutters-col-v-md-0 gutters-col-v-0\">\n          <!---->\n          <div class=\"h-column h-column-container d-flex h-col-lg-auto h-col-md-auto h-col-auto style-1400-outer style-local-2112-c4-outer\">\n            <div data-colibri-id=\"2112-c4\" class=\"d-flex h-flex-basis h-column__inner h-px-lg-0 h-px-md-0 h-px-0 v-inner-lg-0 v-inner-md-0 v-inner-0 style-1400 style-local-2112-c4 position-relative\">\n              <!---->\n              <!---->\n              <div class=\"w-100 h-y-container h-column__content h-column__v-align flex-basis-100 align-self-lg-center align-self-md-center align-self-center\">\n                <!---->\n                <div data-colibri-id=\"2112-c5\" class=\"h-row-container gutters-row-lg-0 gutters-row-md-0 gutters-row-0 gutters-row-v-lg-0 gutters-row-v-md-0 gutters-row-v-0 style-1401 style-local-2112-c5 position-relative\">\n                  <!---->\n                  <div class=\"h-row justify-content-lg-center justify-content-md-center justify-content-center align-items-lg-stretch align-items-md-stretch align-items-stretch gutters-col-lg-0 gutters-col-md-0 gutters-col-0 gutters-col-v-lg-0 gutters-col-v-md-0 gutters-col-v-0\">\n                    <!---->\n                    <div class=\"h-column h-column-container d-flex h-col-lg-auto h-col-md-auto h-col-auto style-1402-outer style-local-2112-c6-outer\">\n                      <div data-colibri-id=\"2112-c6\" class=\"d-flex h-flex-basis h-column__inner h-px-lg-0 h-px-md-0 h-px-0 v-inner-lg-0 v-inner-md-0 v-inner-0 style-1402 style-local-2112-c6 position-relative\">\n                        <!---->\n                        <!---->\n                        <div class=\"w-100 h-y-container h-column__content h-column__v-align flex-basis-100 align-self-lg-start align-self-md-start align-self-start\">\n                          <!---->\n                          <div data-colibri-id=\"2112-c7\" class=\"h-global-transition-all h-heading style-1403 style-local-2112-c7 position-relative h-element\">\n                            <!---->\n                            <div class=\"h-heading__outer style-1403 style-local-2112-c7\">\n                              <!---->\n                              <!---->\n                              <h2 class=\"\">Un accompagnement depuis Watermael-Boitsfort<\/h2>\n                            <\/div>\n                          <\/div>\n                        <\/div>\n                      <\/div>\n                    <\/div>\n                  <\/div>\n                <\/div>\n                <div data-colibri-id=\"2112-c8\" class=\"h-text h-text-component style-1481 style-local-2112-c8 position-relative h-element\">\n                  <!---->\n                  <!---->\n                  <div class=\"\">\n                    <p>Situ\u00e9e \u00e0 <strong style=\"font-weight: 700;\">Watermael-Boitsfort<\/strong>, notre entreprise familiale de pompes fun\u00e8bres met son savoir-faire au service des familles de&nbsp;<strong style=\"font-weight: 700;\">Uccle <\/strong>et de tout\n                      <strong style=\"font-weight: 700;\">Bruxelles<\/strong>. Depuis plus de trente ans, nous vous accompagnons dans la pr\u00e9paration de <strong style=\"font-weight: 700;\">fun\u00e9railles respectueuses et personnalis\u00e9es<\/strong>, en veillant \u00e0\n                      la dignit\u00e9 du d\u00e9funt et au r\u00e9confort de ses proches. Nous intervenons rapidement dans toute la commune d\u2019Uccle, que ce soit \u00e0 Saint-Job, Vanderkindere ou autour de l\u2019Observatoire, pour offrir un <strong style=\"font-weight: 700;\">soutien discret et humain<\/strong>                      d\u00e8s les premiers instants.<\/p>\n                    <h2><span style=\"font-family: &quot;Playfair Display&quot;;\">Des services fun\u00e9raires complets et adapt\u00e9s \u00e0 chaque situation<\/span><\/h2>\n                    <p>Nous proposons une <strong style=\"font-weight: 700;\">organisation compl\u00e8te des obs\u00e8ques<\/strong>, qu\u2019il s\u2019agisse d\u2019une inhumation ou d\u2019une cr\u00e9mation. Notre \u00e9quipe s&rsquo;occupe des <strong style=\"font-weight: 700;\">d\u00e9marches administratives<\/strong>,\n                      de la <strong style=\"font-weight: 700;\">coordination des pr\u00e9paratifs<\/strong> et de la <strong style=\"font-weight: 700;\">pr\u00e9paration du d\u00e9funt<\/strong> avec une attention sur mesure. Chaque moment de m\u00e9moire est con\u00e7u selon les volont\u00e9s\n                      exprim\u00e9es et les convictions de la famille, dans un <strong style=\"font-weight: 700;\">espace empreint de respect et de bienveillance<\/strong>. Nous veillons \u00e0 cr\u00e9er des <strong style=\"font-weight: 700;\">moments d\u2019hommage sinc\u00e8res<\/strong>,\n                      o\u00f9 le temps s\u2019arr\u00eate pour honorer la m\u00e9moire de l\u2019\u00eatre cher.<\/p>\n                    <h3><span style=\"font-family: &quot;Playfair Display&quot;;\">Pr\u00e9paratifs et d\u00e9marches administratives<\/span><\/h3>\n                    <p>Notre entreprise de pompes fun\u00e8bres assure une <strong style=\"font-weight: 700;\">prise en main compl\u00e8te des aspects administratifs<\/strong> : d\u00e9claration aupr\u00e8s des autorit\u00e9s, obtention des autorisations n\u00e9cessaires et coordination\n                      avec le cr\u00e9matorium ou le cimeti\u00e8re choisi. Cette prestation permet de faire face \u00e0 cette \u00e9preuve avec s\u00e9r\u00e9nit\u00e9, tout en b\u00e9n\u00e9ficiant d\u2019un <strong style=\"font-weight: 700;\">soutien <\/strong><span style=\"font-size: 28px; font-family: &quot;Playfair Display&quot;; color: rgb(55, 55, 55);\">&nbsp;C\u00e9r\u00e9monie civile ou religieuse<\/span><\/p>\n                    <p>Qu\u2019il s\u2019agisse d\u2019une <strong style=\"font-weight: 700;\">comm\u00e9moration civile<\/strong> ou d\u2019un service li\u00e9 \u00e0 un <strong style=\"font-weight: 700;\">culte religieux<\/strong>, nous veillons \u00e0 ce que chaque d\u00e9tail soit en harmonie avec la\n                      personnalit\u00e9 et les souhaits de la personne ch\u00e8re. Nos bureaux de Watermael-Boitsfort, \u00e0 deux pas de la place Saint-Job, accueillent les familles pour d\u00e9finir les options souhait\u00e9es : <strong style=\"font-weight: 700;\">inhumation, cr\u00e9mation<\/strong>.\n                      \u00c0 chaque \u00e9tape, un conseiller d\u00e9di\u00e9 vous guide avec d\u00e9vouement et clart\u00e9.<\/p>\n                    <h3>Lieu de recueillement et de souvenirs\n                      <br>\n                    <\/h3>\n                    <p>Notre maison, situ\u00e9e aux portes de Bruxelles, offre un <strong style=\"font-weight: 700;\">cadre calme<\/strong> et apaisant. Chaque salon permet de se recueillir dans l\u2019intimit\u00e9 et de partager un moment de m\u00e9moire avec les personnes\n                      qui comptent. Des <strong style=\"font-weight: 700;\">photos<\/strong>, des <strong style=\"font-weight: 700;\">fleurs <\/strong>ou des <strong style=\"font-weight: 700;\">objets symboliques<\/strong> peuvent y \u00eatre dispos\u00e9s selon les choix\n                      personnels. En bordure de for\u00eat, l\u2019atmosph\u00e8re se veut douce et naturelle, propice \u00e0 la r\u00e9flexion et au retour sur la vie du disparu.<\/p>\n                    <h3>Soins et pr\u00e9paration<\/h3>\n                    <p>Les soins sont r\u00e9alis\u00e9s dans le <strong style=\"font-weight: 700;\">respect de la dignit\u00e9 humaine et des volont\u00e9s exprim\u00e9es<\/strong>. Chaque intervention est confi\u00e9e \u00e0 un <strong style=\"font-weight: 700;\">personnel qualifi\u00e9<\/strong>,\n                      form\u00e9 \u00e0 pr\u00e9server la s\u00e9r\u00e9nit\u00e9 du visage et \u00e0 assurer une <strong style=\"font-weight: 700;\">pr\u00e9sentation paisible<\/strong>. Le cercueil, l\u2019urne et les \u00e9l\u00e9ments d\u00e9coratifs sont s\u00e9lectionn\u00e9s avec go\u00fbt, dans une gamme de <strong style=\"font-weight: 700;\">mat\u00e9riaux \u00e9cologiques ou traditionnels<\/strong>,\n                      selon les besoins et le budget de chacun.<\/p>\n                    <h3>Faire-part, avis et communication<\/h3>\n                    <p>Nous nous occupons de la <strong style=\"font-weight: 400;\">r\u00e9daction<\/strong> et de l\u2019<strong style=\"font-weight: 400;\">impression<\/strong> des <strong>faire-part<\/strong>, <strong style=\"font-weight: 700;\">cartes de remerciement<\/strong>                      et <strong style=\"font-weight: 700;\">documents comm\u00e9moratifs<\/strong>. Notre service comprend \u00e9galement la <strong>publication d\u2019avis<\/strong> dans la presse ou sur notre <strong style=\"font-weight: 400;\">site<\/strong>. Chaque texte\n                      est ajust\u00e9 avec&nbsp;attention&nbsp;pour <strong style=\"font-weight: 400;\">rendre hommage<\/strong> de mani\u00e8re authentique. Nous assurons aussi le suivi jusqu\u2019\u00e0 la <strong>parution<\/strong>, en veillant \u00e0 chaque <strong style=\"font-weight: 400;\">d\u00e9tail administratif<\/strong>                      ou technique.<\/p>\n                    <h3>Contrat et pr\u00e9voyance<\/h3>\n                    <p>Pr\u00e9voir \u00e0 l\u2019avance permet de soulager ses proches. Gr\u00e2ce \u00e0 notre <strong style=\"font-weight: 700;\">contrat personnalisable<\/strong>, il est possible de planifier ses fun\u00e9railles, d&rsquo;avoir un devis. C&rsquo;est \u00e9galement avoir la certitude\n                      que vos souhaits seront respect\u00e9s le jour venu. Nous prenons le temps de vous expliquer toutes les possibilit\u00e9s, que ce soit pour une inhumation \u00e0 Uccle ou \u00e0 Bruxelles, une <strong style=\"font-weight: 700;\">incin\u00e9ration <\/strong>au\n                      cr\u00e9matorium ou un <strong style=\"font-weight: 700;\">rapatriement depuis l\u2019\u00e9tranger<\/strong>.<\/p>\n                    <p>Notre mission : apporter <strong style=\"font-weight: 700;\">aide, disponibilit\u00e9 et transparence<\/strong>, pour que cette p\u00e9riode soit v\u00e9cue avec s\u00e9r\u00e9nit\u00e9.<\/p>\n                    <h2><span style=\"font-family: &quot;Playfair Display&quot;;\">\u00c0 propos de nous<\/span><\/h2>\n                    <h3>Un fun\u00e9rarium apaisant dans votre quartier\n                      <br>\n                    <\/h3>\n                    <p>Notre <strong>fun\u00e9rarium de Boitsfort<\/strong>, \u00e0 proximit\u00e9 imm\u00e9diate d\u2019<strong>Uccle<\/strong>, dispose de <strong>chambres fun\u00e9raires spacieuses et lumineuses<\/strong>, offrant un espace de <strong>recueillement intime<\/strong> pour\n                      la famille, enfants et amis. Deux <strong>salles de c\u00e9r\u00e9monie<\/strong> sont disponibles pour accueillir les fun\u00e9railles selon vos souhaits, ainsi qu\u2019une <strong>salle de r\u00e9ception<\/strong> pour partager un moment de m\u00e9moire apr\u00e8s\n                      le c\u00e9r\u00e9monial. L\u2019ensemble du lieu a \u00e9t\u00e9 con\u00e7u pour offrir <strong>s\u00e9r\u00e9nit\u00e9, discr\u00e9tion et r\u00e9confort<\/strong> dans un environnement apaisant.<\/p>\n                    <h3>Un accompagnement 24h\/24 et 7j\/7<\/h3>\n                    <p>Parce qu\u2019un d\u00e9c\u00e8s survient souvent sans pr\u00e9venir, nos collaborateurs restent <strong style=\"font-weight: 700;\">disponibles \u00e0 toute heure du jour et de la nuit<\/strong>. Nous assurons la prise en charge du d\u00e9funt \u00e0 domicile, en maison\n                      de repos ou \u00e0 l\u2019h\u00f4pital, y compris dans les \u00e9tablissements et communes voisines. Notre ma\u00eetre de c\u00e9r\u00e9monie et nos conseillers fun\u00e9raires vous guident \u00e0 chaque \u00e9tape, avec <strong style=\"font-weight: 700;\">\u00e9coute, empathie et professionnalisme<\/strong>.\n                      Nous mettons tout en \u0153uvre pour que chaque famille se sente soutenue, entendue et comprise.<\/p>\n                    <h3>Des valeurs de tol\u00e9rance&nbsp;et de confiance<\/h3>\n                    <p>Depuis plus de trois d\u00e9cennies, Boitsfort Fun\u00e9railles s\u2019attache \u00e0 pr\u00e9server des <strong>valeurs fortes d&#8217;empathie, d\u2019\u00e9coute et de confiance<\/strong>. Nous croyons qu\u2019une assistance fun\u00e9raire doit \u00eatre avant tout <strong>transparente et adapt\u00e9e aux attentes de chacun<\/strong>.\n                      Nos tarifs sont <strong>clairs et sans surprise<\/strong>, pour que les familles puissent traverser cette \u00e9preuve sans tarif suppl\u00e9mentaire tout au cours de l&rsquo;ann\u00e9e. Chaque instant est unique et men\u00e9 avec la m\u00eame d\u00e9licatesse, qu\u2019il\n                      s\u2019agisse d\u2019une c\u00e9r\u00e9monie religieuse modeste ou d\u2019un rite plus \u00e9labor\u00e9.<\/p>\n                  <\/div>\n                <\/div>\n              <\/div>\n            <\/div>\n          <\/div>\n        <\/div>\n      <\/div>\n    <\/div>\n  <\/div>\n  <div data-colibri-component=\"section\" data-colibri-id=\"2112-c9\" id=\"features\" class=\"h-section h-section-global-spacing d-flex align-items-lg-center align-items-md-center align-items-center style-1383 style-local-2112-c9 position-relative\">\n    <!---->\n    <!---->\n    <div class=\"h-section-grid-container h-section-boxed-container\">\n      <!---->\n      <div data-colibri-id=\"2112-c10\" class=\"h-row-container gutters-row-lg-0 gutters-row-md-0 gutters-row-0 gutters-row-v-lg-0 gutters-row-v-md-0 gutters-row-v-0 style-1447 style-local-2112-c10 localisation-faq position-relative\">\n        <!---->\n        <div class=\"h-row justify-content-lg-center justify-content-md-center justify-content-center align-items-lg-stretch align-items-md-stretch align-items-stretch gutters-col-lg-0 gutters-col-md-0 gutters-col-0 gutters-col-v-lg-0 gutters-col-v-md-0 gutters-col-v-0\">\n          <!---->\n          <div class=\"h-column h-column-container d-flex h-col-lg-auto h-col-md-auto h-col-auto style-1430-outer style-local-2112-c11-outer\">\n            <div data-colibri-id=\"2112-c11\" class=\"d-flex h-flex-basis h-column__inner h-px-lg-0 h-px-md-0 h-px-0 v-inner-lg-0 v-inner-md-0 v-inner-0 style-1430 style-local-2112-c11 position-relative\">\n              <!---->\n              <!---->\n              <div class=\"w-100 h-y-container h-column__content h-column__v-align flex-basis-100 align-self-lg-start align-self-md-start align-self-start\">\n                <!---->\n                <div data-colibri-id=\"2112-c12\" class=\"h-global-transition-all h-heading style-1448 style-local-2112-c12 position-relative h-element\">\n                  <!---->\n                  <div class=\"h-heading__outer style-1448 style-local-2112-c12\">\n                    <!---->\n                    <!---->\n                    <h2 class=\"\">FAQ<\/h2>\n                  <\/div>\n                <\/div>\n                <div data-colibri-id=\"2112-c13\" class=\"h-row-container gutters-row-lg-2 gutters-row-md-0 gutters-row-0 gutters-row-v-lg-2 gutters-row-v-md-0 gutters-row-v-0 style-1449 style-local-2112-c13 position-relative\">\n                  <!---->\n                  <div class=\"h-row justify-content-lg-center justify-content-md-center justify-content-center align-items-lg-stretch align-items-md-stretch align-items-stretch gutters-col-lg-2 gutters-col-md-0 gutters-col-0 gutters-col-v-lg-2 gutters-col-v-md-0 gutters-col-v-0\">\n                    <!---->\n                    <div class=\"h-column h-column-container d-flex h-col-lg-auto h-col-md-auto h-col-auto style-1450-outer style-local-2112-c14-outer\">\n                      <div data-colibri-id=\"2112-c14\" class=\"d-flex h-flex-basis h-column__inner h-px-lg-2 h-px-md-0 h-px-2 v-inner-lg-2 v-inner-md-0 v-inner-2 style-1450 style-local-2112-c14 position-relative\">\n                        <!---->\n                        <!---->\n                        <div class=\"w-100 h-y-container h-column__content h-column__v-align flex-basis-100 align-self-lg-start align-self-md-start align-self-start\">\n                          <!---->\n                          <div data-toggle=\"true\" data-is-preview=\"true\" data-colibri-component=\"accordion\" data-colibri-id=\"2112-c15\" class=\"h-accordion style-1451 style-local-2112-c15 position-relative h-element\">\n                            <!---->\n                            <div data-colibri-id=\"2112-c16\" class=\"h-accordion-item h-accordion-item-first-child style-1452 style-local-2112-c16 position-relative h-element\">\n                              <!---->\n                              <a data-open-by-default=\"false\" href=\"#2112-c16\" class=\"h-accordion-item-title d-flex align-items-center h-global-transition\">\n                                <!----><span>Quelles sont les missions de Boitsfort Fun\u00e9railles ?<\/span>\n                                <div class=\"h-accordion-item-title-normal-icon h-accordion-item-title-icon h-accordion-item-title-icon-right\"><span class=\"h-svg-icon\"><!--Icon by Icons8 Line Awesome (https:\/\/icons8.com\/line-awesome)--><svg version=\"1.1\" xmlns=\"http:\/\/www.w3.org\/2000\/svg\" xmlns:xlink=\"http:\/\/www.w3.org\/1999\/xlink\" id=\"arrow-down\" viewBox=\"0 0 512 545.5\"><path d=\"M240 96h32v321l108.5-108.5 23 23-136 136-11.5 11-11.5-11-136-136 23-23L240 417V96z\"><\/path><\/svg><\/span><\/div>\n                                <div class=\"h-accordion-item-title-active-icon h-accordion-item-title-icon h-accordion-item-title-icon-right\"><span class=\"h-svg-icon\"><!--Icon by Icons8 Line Awesome (https:\/\/icons8.com\/line-awesome)--><svg version=\"1.1\" xmlns=\"http:\/\/www.w3.org\/2000\/svg\" xmlns:xlink=\"http:\/\/www.w3.org\/1999\/xlink\" id=\"arrow-up\" viewBox=\"0 0 512 545.5\"><path d=\"M256 97.5l11.5 11 136 136-23 23L272 159v321h-32V159L131.5 267.5l-23-23 136-136z\"><\/path><\/svg><\/span><\/div>\n                              <\/a>\n                              <div id=\"2112-c16\" class=\"h-accordion-item-content__container\">\n                                <div class=\"w-100 h-y-container h-accordion-item-content\">\n                                  <!---->\n                                  <div data-colibri-id=\"2112-c17\" class=\"h-text h-text-component style-1453 style-local-2112-c17 position-relative h-element\">\n                                    <!---->\n                                    <!---->\n                                    <div class=\"\">\n                                      <p>Boitsfort Fun\u00e9railles assure l&rsquo;<span style=\"font-weight: 700;\">enti\u00e8re prise en charge des adieux<\/span>, depuis la pr\u00e9paration jusqu\u2019\u00e0 la coordination des diff\u00e9rents intervenants. Notre approche vise \u00e0 rendre chaque\n                                        instant simple, clair et apais\u00e9, en apportant un <span style=\"font-weight: 700;\">appui concret<\/span> dans un moment souvent difficile. Nous veillons \u00e0 ce que chaque acte soit expliqu\u00e9 avec <span style=\"font-weight: 700;\">clart\u00e9 et transparence<\/span>.<\/p>\n                                      <p>Notre structure met \u00e0 disposition un <span style=\"font-weight: 700;\">professionnel attentif \u00e0 chaque d\u00e9tail<\/span>. Vous pouvez obtenir un devis gratuit et des informations pr\u00e9cises sur les options possibles, les\n                                        d\u00e9marches l\u00e9gales et les tarifs. Tout est pens\u00e9 pour all\u00e9ger les contraintes et offrir un <span style=\"font-weight: 700;\">suivi fluide et respectueux<\/span>.<\/p>\n                                    <\/div>\n                                  <\/div>\n                                <\/div>\n                              <\/div>\n                            <\/div>\n                            <div data-colibri-id=\"2112-c18\" class=\"h-accordion-item style-1454 style-local-2112-c18 position-relative h-element\">\n                              <!---->\n                              <a data-open-by-default=\"false\" href=\"#2112-c18\" class=\"h-accordion-item-title d-flex align-items-center h-global-transition\">\n                                <!----><span>Comment se d\u00e9roule la pr\u00e9paration d\u2019un adieu en r\u00e9gion de Bruxelles-Capitale ?<\/span>\n                                <div class=\"h-accordion-item-title-normal-icon h-accordion-item-title-icon h-accordion-item-title-icon-right\"><span class=\"h-svg-icon\"><!--Icon by Icons8 Line Awesome (https:\/\/icons8.com\/line-awesome)--><svg version=\"1.1\" xmlns=\"http:\/\/www.w3.org\/2000\/svg\" xmlns:xlink=\"http:\/\/www.w3.org\/1999\/xlink\" id=\"arrow-down\" viewBox=\"0 0 512 545.5\"><path d=\"M240 96h32v321l108.5-108.5 23 23-136 136-11.5 11-11.5-11-136-136 23-23L240 417V96z\"><\/path><\/svg><\/span><\/div>\n                                <div class=\"h-accordion-item-title-active-icon h-accordion-item-title-icon h-accordion-item-title-icon-right\"><span class=\"h-svg-icon\"><!--Icon by Icons8 Line Awesome (https:\/\/icons8.com\/line-awesome)--><svg version=\"1.1\" xmlns=\"http:\/\/www.w3.org\/2000\/svg\" xmlns:xlink=\"http:\/\/www.w3.org\/1999\/xlink\" id=\"arrow-up\" viewBox=\"0 0 512 545.5\"><path d=\"M256 97.5l11.5 11 136 136-23 23L272 159v321h-32V159L131.5 267.5l-23-23 136-136z\"><\/path><\/svg><\/span><\/div>\n                              <\/a>\n                              <div id=\"2112-c18\" class=\"h-accordion-item-content__container\">\n                                <div class=\"w-100 h-y-container h-accordion-item-content\">\n                                  <!---->\n                                  <div data-colibri-id=\"2112-c19\" class=\"h-text h-text-component style-1455 style-local-2112-c19 position-relative h-element\">\n                                    <!---->\n                                    <!---->\n                                    <div class=\"\">\n                                      <p>La pr\u00e9paration d\u2019un adieu en r\u00e9gion bruxelloise demande un suivi rigoureux. <span style=\"font-weight: 700;\">Nous g\u00e9rons le processus dans son ensemble<\/span> : coordination avec les autorit\u00e9s, choix logistiques, planification\n                                        du transfert et \u00e9changes avec l\u2019administration. Chaque d\u00e9cision est expliqu\u00e9e avec clart\u00e9 pour que tout se d\u00e9roule sans stress.<\/p>\n                                      <p>Notre objectif est d\u2019<span style=\"font-weight: 700;\">assurer un d\u00e9roulement harmonieux<\/span>, conforme aux lois belges. Gr\u00e2ce \u00e0 une exp\u00e9rience reconnue en Belgique, nous simplifions les formalit\u00e9s parfois nombreuses\n                                        et apportons des <span style=\"font-weight: 700;\">r\u00e9ponses concr\u00e8tes \u00e0 toutes les interrogations<\/span>, du premier contact jusqu\u2019\u00e0 la fin de la semaine suivant la c\u00e9r\u00e9monie.<\/p>\n                                    <\/div>\n                                  <\/div>\n                                <\/div>\n                              <\/div>\n                            <\/div>\n                            <div data-colibri-id=\"2112-c20\" class=\"h-accordion-item style-1456 style-local-2112-c20 position-relative h-element\">\n                              <!---->\n                              <a data-open-by-default=\"false\" href=\"#2112-c20\" class=\"h-accordion-item-title d-flex align-items-center h-global-transition\">\n                                <!----><span>Quelles formalit\u00e9s l\u00e9gales sont g\u00e9r\u00e9es par Boitsfort Fun\u00e9railles ?<\/span>\n                                <div class=\"h-accordion-item-title-normal-icon h-accordion-item-title-icon h-accordion-item-title-icon-right\"><span class=\"h-svg-icon\"><!--Icon by Icons8 Line Awesome (https:\/\/icons8.com\/line-awesome)--><svg version=\"1.1\" xmlns=\"http:\/\/www.w3.org\/2000\/svg\" xmlns:xlink=\"http:\/\/www.w3.org\/1999\/xlink\" id=\"arrow-down\" viewBox=\"0 0 512 545.5\"><path d=\"M240 96h32v321l108.5-108.5 23 23-136 136-11.5 11-11.5-11-136-136 23-23L240 417V96z\"><\/path><\/svg><\/span><\/div>\n                                <div class=\"h-accordion-item-title-active-icon h-accordion-item-title-icon h-accordion-item-title-icon-right\"><span class=\"h-svg-icon\"><!--Icon by Icons8 Line Awesome (https:\/\/icons8.com\/line-awesome)--><svg version=\"1.1\" xmlns=\"http:\/\/www.w3.org\/2000\/svg\" xmlns:xlink=\"http:\/\/www.w3.org\/1999\/xlink\" id=\"arrow-up\" viewBox=\"0 0 512 545.5\"><path d=\"M256 97.5l11.5 11 136 136-23 23L272 159v321h-32V159L131.5 267.5l-23-23 136-136z\"><\/path><\/svg><\/span><\/div>\n                              <\/a>\n                              <div id=\"2112-c20\" class=\"h-accordion-item-content__container\">\n                                <div class=\"w-100 h-y-container h-accordion-item-content\">\n                                  <!---->\n                                  <div data-colibri-id=\"2112-c21\" class=\"h-text h-text-component style-1457 style-local-2112-c21 position-relative h-element\">\n                                    <!---->\n                                    <!---->\n                                    <div class=\"\">\n                                      <p>Nos conseillers prennent en main l\u2019ensemble des op\u00e9rations en rapport \u00e0 l\u2019\u00e9tat civil, aux certificats et aux autorisations n\u00e9cessaires. Cela comprend les communications avec les <span style=\"font-weight: 700;\">offices communaux<\/span>,\n                                        la <span style=\"font-weight: 700;\">coordination avec les h\u00f4pitaux<\/span> et les demandes aupr\u00e8s des <span style=\"font-weight: 700;\">autorit\u00e9s nationales<\/span>.<\/p>\n                                      <p>Chaque article de la loi est appliqu\u00e9 scrupuleusement afin d\u2019\u00e9viter tout contretemps. Nous nous assurons que tous les documents sont transmis dans les d\u00e9lais, permettant ainsi une <span style=\"font-weight: 700;\">gestion fluide et conforme \u00e0 la l\u00e9gislation belge<\/span>                                        en vigueur.<\/p>\n                                    <\/div>\n                                  <\/div>\n                                <\/div>\n                              <\/div>\n                            <\/div>\n                            <div data-colibri-id=\"2112-c22\" class=\"h-accordion-item style-1458 style-local-2112-c22 position-relative h-element\">\n                              <!---->\n                              <a data-open-by-default=\"false\" href=\"#2112-c22\" class=\"h-accordion-item-title d-flex align-items-center h-global-transition\">\n                                <!----><span>Est-il possible de personnaliser la c\u00e9r\u00e9monie selon les souhaits du disparu ?<\/span>\n                                <div class=\"h-accordion-item-title-normal-icon h-accordion-item-title-icon h-accordion-item-title-icon-right\"><span class=\"h-svg-icon\"><!--Icon by Icons8 Line Awesome (https:\/\/icons8.com\/line-awesome)--><svg version=\"1.1\" xmlns=\"http:\/\/www.w3.org\/2000\/svg\" xmlns:xlink=\"http:\/\/www.w3.org\/1999\/xlink\" id=\"arrow-down\" viewBox=\"0 0 512 545.5\"><path d=\"M240 96h32v321l108.5-108.5 23 23-136 136-11.5 11-11.5-11-136-136 23-23L240 417V96z\"><\/path><\/svg><\/span><\/div>\n                                <div class=\"h-accordion-item-title-active-icon h-accordion-item-title-icon h-accordion-item-title-icon-right\"><span class=\"h-svg-icon\"><!--Icon by Icons8 Line Awesome (https:\/\/icons8.com\/line-awesome)--><svg version=\"1.1\" xmlns=\"http:\/\/www.w3.org\/2000\/svg\" xmlns:xlink=\"http:\/\/www.w3.org\/1999\/xlink\" id=\"arrow-up\" viewBox=\"0 0 512 545.5\"><path d=\"M256 97.5l11.5 11 136 136-23 23L272 159v321h-32V159L131.5 267.5l-23-23 136-136z\"><\/path><\/svg><\/span><\/div>\n                              <\/a>\n                              <div id=\"2112-c22\" class=\"h-accordion-item-content__container\">\n                                <div class=\"w-100 h-y-container h-accordion-item-content\">\n                                  <!---->\n                                  <div data-colibri-id=\"2112-c23\" class=\"h-text h-text-component style-1459 style-local-2112-c23 position-relative h-element\">\n                                    <!---->\n                                    <!---->\n                                    <div class=\"\">\n                                      <p>Oui, Boitsfort Fun\u00e9railles accorde une <span style=\"font-weight: 700;\">grande importance \u00e0 la singularit\u00e9 de chaque vie<\/span>. Les adieux peuvent \u00eatre con\u00e7us selon les go\u00fbts, les croyances ou les passions du disparu\n                                        : musique, textes choisis, symboles ou citations litt\u00e9raires comme un extrait de Moli\u00e8re. Ces \u00e9l\u00e9ments permettent d\u2019exprimer une <span style=\"font-weight: 700;\">\u00e9motion sinc\u00e8re et authentique<\/span>.<\/p>\n                                      <p>Nous proposons \u00e9galement des <span style=\"font-weight: 700;\">am\u00e9nagements sur mesure<\/span>, du choix des \u00e9l\u00e9ments d\u00e9coratifs jusqu\u2019au d\u00e9roul\u00e9 de la comm\u00e9moration. Notre r\u00f4le est de transformer ce moment en une\n                                        <span\n                                          style=\"font-weight: 700;\">r\u00e9ponse juste \u00e0 la m\u00e9moire du disparu<\/span>, tout en pr\u00e9servant calme et harmonie.<\/p>\n                                    <\/div>\n                                  <\/div>\n                                <\/div>\n                              <\/div>\n                            <\/div>\n                          <\/div>\n                        <\/div>\n                      <\/div>\n                    <\/div>\n                    <div class=\"h-column h-column-container d-flex h-col-lg-auto h-col-md-auto h-col-auto style-1450-outer style-local-2112-c24-outer\">\n                      <div data-colibri-id=\"2112-c24\" class=\"d-flex h-flex-basis h-column__inner h-px-lg-2 h-px-md-0 h-px-2 v-inner-lg-2 v-inner-md-0 v-inner-2 style-1450 style-local-2112-c24 position-relative\">\n                        <!---->\n                        <!---->\n                        <div class=\"w-100 h-y-container h-column__content h-column__v-align flex-basis-100 align-self-lg-start align-self-md-start align-self-start\">\n                          <!---->\n                          <div data-toggle=\"true\" data-is-preview=\"true\" data-colibri-component=\"accordion\" data-colibri-id=\"2112-c25\" class=\"h-accordion style-1462 style-local-2112-c25 position-relative h-element\">\n                            <!---->\n                            <div data-colibri-id=\"2112-c26\" class=\"h-accordion-item h-accordion-item-first-child style-1463 style-local-2112-c26 position-relative h-element\">\n                              <!---->\n                              <a data-open-by-default=\"false\" href=\"#2112-c26\" class=\"h-accordion-item-title d-flex align-items-center h-global-transition\">\n                                <!----><span>Disposez-vous d\u2019un espace pour le recueillement et la r\u00e9flexion ?<\/span>\n                                <div class=\"h-accordion-item-title-normal-icon h-accordion-item-title-icon h-accordion-item-title-icon-right\"><span class=\"h-svg-icon\"><!--Icon by Icons8 Line Awesome (https:\/\/icons8.com\/line-awesome)--><svg version=\"1.1\" xmlns=\"http:\/\/www.w3.org\/2000\/svg\" xmlns:xlink=\"http:\/\/www.w3.org\/1999\/xlink\" id=\"arrow-down\" viewBox=\"0 0 512 545.5\"><path d=\"M240 96h32v321l108.5-108.5 23 23-136 136-11.5 11-11.5-11-136-136 23-23L240 417V96z\"><\/path><\/svg><\/span><\/div>\n                                <div class=\"h-accordion-item-title-active-icon h-accordion-item-title-icon h-accordion-item-title-icon-right\"><span class=\"h-svg-icon\"><!--Icon by Icons8 Line Awesome (https:\/\/icons8.com\/line-awesome)--><svg version=\"1.1\" xmlns=\"http:\/\/www.w3.org\/2000\/svg\" xmlns:xlink=\"http:\/\/www.w3.org\/1999\/xlink\" id=\"arrow-up\" viewBox=\"0 0 512 545.5\"><path d=\"M256 97.5l11.5 11 136 136-23 23L272 159v321h-32V159L131.5 267.5l-23-23 136-136z\"><\/path><\/svg><\/span><\/div>\n                              <\/a>\n                              <div id=\"2112-c26\" class=\"h-accordion-item-content__container\">\n                                <div class=\"w-100 h-y-container h-accordion-item-content\">\n                                  <!---->\n                                  <div data-colibri-id=\"2112-c27\" class=\"h-text h-text-component style-1453 style-local-2112-c27 position-relative h-element\">\n                                    <!---->\n                                    <!---->\n                                    <div class=\"\">\n                                      <p>Oui, notre \u00e9tablissement dispose de <span style=\"font-weight: 700;\">plusieurs salons lumineux<\/span>, con\u00e7us pour accueillir les proches dans un environnement serein. Chaque espace est am\u00e9nag\u00e9 avec go\u00fbt, <span style=\"font-weight: 700;\">propice au silence<\/span>                                        et au recueillement. L\u2019atmosph\u00e8re invite \u00e0 la r\u00e9flexion et au souvenir, dans un cadre naturel et apaisant.<\/p>\n                                      <p>Il est possible d\u2019y voir le proche une derni\u00e8re fois, dans une <span style=\"font-weight: 700;\">ambiance douce et respectueuse<\/span>. Des fleurs, des photos ou des objets symboliques peuvent \u00eatre dispos\u00e9s selon les\n                                        pr\u00e9f\u00e9rences, pour recr\u00e9er une <span style=\"font-weight: 700;\">atmosph\u00e8re intime et chaleureuse<\/span>.<\/p>\n                                    <\/div>\n                                  <\/div>\n                                <\/div>\n                              <\/div>\n                            <\/div>\n                            <div data-colibri-id=\"2112-c28\" class=\"h-accordion-item style-1464 style-local-2112-c28 position-relative h-element\">\n                              <!---->\n                              <a data-open-by-default=\"false\" href=\"#2112-c28\" class=\"h-accordion-item-title d-flex align-items-center h-global-transition\">\n                                <!----><span>Peut-on partager un moment apr\u00e8s la c\u00e9r\u00e9monie dans votre \u00e9tablissement ?<\/span>\n                                <div class=\"h-accordion-item-title-normal-icon h-accordion-item-title-icon h-accordion-item-title-icon-right\"><span class=\"h-svg-icon\"><!--Icon by Icons8 Line Awesome (https:\/\/icons8.com\/line-awesome)--><svg version=\"1.1\" xmlns=\"http:\/\/www.w3.org\/2000\/svg\" xmlns:xlink=\"http:\/\/www.w3.org\/1999\/xlink\" id=\"arrow-down\" viewBox=\"0 0 512 545.5\"><path d=\"M240 96h32v321l108.5-108.5 23 23-136 136-11.5 11-11.5-11-136-136 23-23L240 417V96z\"><\/path><\/svg><\/span><\/div>\n                                <div class=\"h-accordion-item-title-active-icon h-accordion-item-title-icon h-accordion-item-title-icon-right\"><span class=\"h-svg-icon\"><!--Icon by Icons8 Line Awesome (https:\/\/icons8.com\/line-awesome)--><svg version=\"1.1\" xmlns=\"http:\/\/www.w3.org\/2000\/svg\" xmlns:xlink=\"http:\/\/www.w3.org\/1999\/xlink\" id=\"arrow-up\" viewBox=\"0 0 512 545.5\"><path d=\"M256 97.5l11.5 11 136 136-23 23L272 159v321h-32V159L131.5 267.5l-23-23 136-136z\"><\/path><\/svg><\/span><\/div>\n                              <\/a>\n                              <div id=\"2112-c28\" class=\"h-accordion-item-content__container\">\n                                <div class=\"w-100 h-y-container h-accordion-item-content\">\n                                  <!---->\n                                  <div data-colibri-id=\"2112-c29\" class=\"h-text h-text-component style-1455 style-local-2112-c29 position-relative h-element\">\n                                    <!---->\n                                    <!---->\n                                    <div class=\"\">\n                                      <p>Oui, il est possible d\u2019organiser un <span style=\"font-weight: 700;\">moment convivial<\/span> apr\u00e8s les adieux. Une salle d\u00e9di\u00e9e permet d\u2019accueillir les proches autour d\u2019un verre ou d\u2019une collation. Ce moment de partage\n                                        contribue \u00e0 <span style=\"font-weight: 700;\">prolonger la vie du souvenir<\/span> et \u00e0 <span style=\"font-weight: 700;\">renouer avec la s\u00e9r\u00e9nit\u00e9<\/span>. <\/p>\n                                      <p>Ce moment de rencontre constitue souvent la fin du parcours symbolique, un moyen de <span style=\"font-weight: 700;\">se retrouver dans la bienveillance et la simplicit\u00e9<\/span>. Nous assurons la gestion logistique et\n                                        veillons \u00e0 ce que tout se d\u00e9roule dans un climat apaisant et discret.<\/p>\n                                    <\/div>\n                                  <\/div>\n                                <\/div>\n                              <\/div>\n                            <\/div>\n                            <div data-colibri-id=\"2112-c30\" class=\"h-accordion-item style-1465 style-local-2112-c30 position-relative h-element\">\n                              <!---->\n                              <a data-open-by-default=\"false\" href=\"#2112-c30\" class=\"h-accordion-item-title d-flex align-items-center h-global-transition\">\n                                <!----><span>Quels types d\u2019adieux proposez-vous ?<\/span>\n                                <div class=\"h-accordion-item-title-normal-icon h-accordion-item-title-icon h-accordion-item-title-icon-right\"><span class=\"h-svg-icon\"><!--Icon by Icons8 Line Awesome (https:\/\/icons8.com\/line-awesome)--><svg version=\"1.1\" xmlns=\"http:\/\/www.w3.org\/2000\/svg\" xmlns:xlink=\"http:\/\/www.w3.org\/1999\/xlink\" id=\"arrow-down\" viewBox=\"0 0 512 545.5\"><path d=\"M240 96h32v321l108.5-108.5 23 23-136 136-11.5 11-11.5-11-136-136 23-23L240 417V96z\"><\/path><\/svg><\/span><\/div>\n                                <div class=\"h-accordion-item-title-active-icon h-accordion-item-title-icon h-accordion-item-title-icon-right\"><span class=\"h-svg-icon\"><!--Icon by Icons8 Line Awesome (https:\/\/icons8.com\/line-awesome)--><svg version=\"1.1\" xmlns=\"http:\/\/www.w3.org\/2000\/svg\" xmlns:xlink=\"http:\/\/www.w3.org\/1999\/xlink\" id=\"arrow-up\" viewBox=\"0 0 512 545.5\"><path d=\"M256 97.5l11.5 11 136 136-23 23L272 159v321h-32V159L131.5 267.5l-23-23 136-136z\"><\/path><\/svg><\/span><\/div>\n                              <\/a>\n                              <div id=\"2112-c30\" class=\"h-accordion-item-content__container\">\n                                <div class=\"w-100 h-y-container h-accordion-item-content\">\n                                  <!---->\n                                  <div data-colibri-id=\"2112-c31\" class=\"h-text h-text-component style-1466 style-local-2112-c31 position-relative h-element\">\n                                    <!---->\n                                    <!---->\n                                    <div class=\"\">\n                                      <p>Nous accompagnons <span style=\"font-weight: 700;\">tous types de rites et de traditions<\/span>, qu\u2019ils soient culturels, la\u00efques ou li\u00e9s \u00e0 une pratique sp\u00e9cifique. Certains optent pour une exhumation, d\u2019autres pour\n                                        un transfert vers un autre pays. <span style=\"font-weight: 700;\">Chaque possibilit\u00e9 est \u00e9tudi\u00e9e en d\u00e9tail<\/span>, selon les souhaits exprim\u00e9s et les obligations locales.<\/p>\n                                      <p>Nos conseillers guident les proches \u00e0 travers une <span style=\"font-weight: 700;\">liste d\u2019options claires<\/span>, en tenant compte des <span style=\"font-weight: 700;\">contraintes l\u00e9gales et des d\u00e9lais. <\/span>Que\n                                        la comm\u00e9moration soit modeste ou plus \u00e9tendue, nous veillons \u00e0 ce qu\u2019elle soit men\u00e9e avec justesse et d\u00e9licatesse.<\/p>\n                                    <\/div>\n                                  <\/div>\n                                <\/div>\n                              <\/div>\n                            <\/div>\n                            <div data-colibri-id=\"2112-c32\" class=\"h-accordion-item style-1467 style-local-2112-c32 position-relative h-element\">\n                              <!---->\n                              <a data-open-by-default=\"false\" href=\"#2112-c32\" class=\"h-accordion-item-title d-flex align-items-center h-global-transition\">\n                                <!----><span>Quel suivi proposez-vous apr\u00e8s la c\u00e9r\u00e9monie pour les proches ?<\/span>\n                                <div class=\"h-accordion-item-title-normal-icon h-accordion-item-title-icon h-accordion-item-title-icon-right\"><span class=\"h-svg-icon\"><!--Icon by Icons8 Line Awesome (https:\/\/icons8.com\/line-awesome)--><svg version=\"1.1\" xmlns=\"http:\/\/www.w3.org\/2000\/svg\" xmlns:xlink=\"http:\/\/www.w3.org\/1999\/xlink\" id=\"arrow-down\" viewBox=\"0 0 512 545.5\"><path d=\"M240 96h32v321l108.5-108.5 23 23-136 136-11.5 11-11.5-11-136-136 23-23L240 417V96z\"><\/path><\/svg><\/span><\/div>\n                                <div class=\"h-accordion-item-title-active-icon h-accordion-item-title-icon h-accordion-item-title-icon-right\"><span class=\"h-svg-icon\"><!--Icon by Icons8 Line Awesome (https:\/\/icons8.com\/line-awesome)--><svg version=\"1.1\" xmlns=\"http:\/\/www.w3.org\/2000\/svg\" xmlns:xlink=\"http:\/\/www.w3.org\/1999\/xlink\" id=\"arrow-up\" viewBox=\"0 0 512 545.5\"><path d=\"M256 97.5l11.5 11 136 136-23 23L272 159v321h-32V159L131.5 267.5l-23-23 136-136z\"><\/path><\/svg><\/span><\/div>\n                              <\/a>\n                              <div id=\"2112-c32\" class=\"h-accordion-item-content__container\">\n                                <div class=\"w-100 h-y-container h-accordion-item-content\">\n                                  <!---->\n                                  <div data-colibri-id=\"2112-c33\" class=\"h-text h-text-component style-1459 style-local-2112-c33 position-relative h-element\">\n                                    <!---->\n                                    <!---->\n                                    <div class=\"\">\n                                      <p>Apr\u00e8s les adieux, Boitsfort Fun\u00e9railles reste pr\u00e9sent pour offrir des i<span style=\"font-weight: 700;\">nformations pratiques<\/span> et un appui dans les <span style=\"font-weight: 700;\">formalit\u00e9s post\u00e9rieures<\/span>                                        : certificats, assurances, documents li\u00e9s \u00e0 l\u2019\u00e9tat civil ou aux obligations aupr\u00e8s des institutions belges. Nous veillons \u00e0 ce que chaque famille re\u00e7oive l\u2019<span style=\"font-weight: 700;\">aide n\u00e9cessaire<\/span>                                        pour finaliser ce processus en toute tranquillit\u00e9.<\/p>\n                                      <p>Nous savons que le deuil ne se limite pas au jour des adieux. C\u2019est pourquoi <span style=\"font-weight: 700;\">nous restons joignables pour toute information compl\u00e9mentaire<\/span>, qu\u2019il s\u2019agisse d\u2019une demande de suivi,\n                                        d\u2019un transport en voiture, ou d\u2019un conseil sur les aspects juridiques et nationaux. L\u2019objectif est d\u2019offrir un <span style=\"font-weight: 700;\">appui durable et attentionn\u00e9<\/span>.<\/p>\n                                    <\/div>\n                                  <\/div>\n                                <\/div>\n                              <\/div>\n                            <\/div>\n                          <\/div>\n                        <\/div>\n                      <\/div>\n                    <\/div>\n                  <\/div>\n                <\/div>\n              <\/div>\n            <\/div>\n          <\/div>\n        <\/div>\n      <\/div>\n    <\/div>\n  <\/div>\n<\/div>","protected":false},"excerpt":{"rendered":"<p>Un accompagnement depuis Watermael-Boitsfort Situ\u00e9e \u00e0 Watermael-Boitsfort, notre entreprise familiale de pompes fun\u00e8bres met son savoir-faire au service des familles de&nbsp;Uccle et de tout Bruxelles. Depuis plus de trente ans, nous vous accompagnons dans la pr\u00e9paration de fun\u00e9railles respectueuses et personnalis\u00e9es, en veillant \u00e0 la dignit\u00e9 du d\u00e9funt et au r\u00e9confort de ses proches. Nous [&hellip;]<\/p>\n","protected":false},"author":2,"featured_media":2193,"parent":0,"menu_order":0,"comment_status":"closed","ping_status":"closed","template":"page-templates\/homepage.php","meta":{"inline_featured_image":false,"_monsterinsights_skip_tracking":false,"_monsterinsights_sitenote_active":false,"_monsterinsights_sitenote_note":"","_monsterinsights_sitenote_category":0,"footnotes":""},"class_list":["post-2112","page","type-page","status-publish","has-post-thumbnail","hentry"],"aioseo_notices":[],"_links":{"self":[{"href":"https:\/\/boitsfortfunerailles.be\/index.php\/wp-json\/wp\/v2\/pages\/2112","targetHints":{"allow":["GET"]}}],"collection":[{"href":"https:\/\/boitsfortfunerailles.be\/index.php\/wp-json\/wp\/v2\/pages"}],"about":[{"href":"https:\/\/boitsfortfunerailles.be\/index.php\/wp-json\/wp\/v2\/types\/page"}],"author":[{"embeddable":true,"href":"https:\/\/boitsfortfunerailles.be\/index.php\/wp-json\/wp\/v2\/users\/2"}],"replies":[{"embeddable":true,"href":"https:\/\/boitsfortfunerailles.be\/index.php\/wp-json\/wp\/v2\/comments?post=2112"}],"version-history":[{"count":16,"href":"https:\/\/boitsfortfunerailles.be\/index.php\/wp-json\/wp\/v2\/pages\/2112\/revisions"}],"predecessor-version":[{"id":2623,"href":"https:\/\/boitsfortfunerailles.be\/index.php\/wp-json\/wp\/v2\/pages\/2112\/revisions\/2623"}],"wp:featuredmedia":[{"embeddable":true,"href":"https:\/\/boitsfortfunerailles.be\/index.php\/wp-json\/wp\/v2\/media\/2193"}],"wp:attachment":[{"href":"https:\/\/boitsfortfunerailles.be\/index.php\/wp-json\/wp\/v2\/media?parent=2112"}],"curies":[{"name":"wp","href":"https:\/\/api.w.org\/{rel}","templated":true}]}}