{"id":2189,"date":"2025-11-12T12:01:12","date_gmt":"2025-11-12T11:01:12","guid":{"rendered":"https:\/\/boitsfortfunerailles.be\/?page_id=2189"},"modified":"2026-01-20T11:47:54","modified_gmt":"2026-01-20T10:47:54","slug":"pompes-funebres-bruxelles","status":"publish","type":"page","link":"https:\/\/boitsfortfunerailles.be\/index.php\/pompes-funebres-bruxelles\/","title":{"rendered":"Pompes Fun\u00e8bres Bruxelles"},"content":{"rendered":"<div data-colibri-id=\"2189-c1\" class=\"style-1483 style-local-2189-c1 position-relative\">\n  <!---->\n  <div data-colibri-component=\"section\" data-colibri-id=\"2189-c2\" id=\"histoire\" class=\"h-section h-section-global-spacing d-flex align-items-lg-center align-items-md-center align-items-center style-1484 style-local-2189-c2 position-relative\">\n    <!---->\n    <!---->\n    <div class=\"h-section-grid-container h-section-boxed-container\">\n      <!---->\n      <div data-colibri-id=\"2189-c3\" class=\"h-row-container gutters-row-lg-0 gutters-row-md-0 gutters-row-0 gutters-row-v-lg-0 gutters-row-v-md-0 gutters-row-v-0 style-1485 style-local-2189-c3 localisation-text position-relative\">\n        <!---->\n        <div class=\"h-row justify-content-lg-center justify-content-md-center justify-content-center align-items-lg-stretch align-items-md-stretch align-items-stretch gutters-col-lg-0 gutters-col-md-0 gutters-col-0 gutters-col-v-lg-0 gutters-col-v-md-0 gutters-col-v-0\">\n          <!---->\n          <div class=\"h-column h-column-container d-flex h-col-lg-auto h-col-md-auto h-col-auto style-1486-outer style-local-2189-c4-outer\">\n            <div data-colibri-id=\"2189-c4\" class=\"d-flex h-flex-basis h-column__inner h-px-lg-0 h-px-md-0 h-px-0 v-inner-lg-0 v-inner-md-0 v-inner-0 style-1486 style-local-2189-c4 position-relative\">\n              <!---->\n              <!---->\n              <div class=\"w-100 h-y-container h-column__content h-column__v-align flex-basis-100 align-self-lg-center align-self-md-center align-self-center\">\n                <!---->\n                <div data-colibri-id=\"2189-c5\" class=\"h-row-container gutters-row-lg-0 gutters-row-md-0 gutters-row-0 gutters-row-v-lg-0 gutters-row-v-md-0 gutters-row-v-0 style-1487 style-local-2189-c5 position-relative\">\n                  <!---->\n                  <div class=\"h-row justify-content-lg-center justify-content-md-center justify-content-center align-items-lg-stretch align-items-md-stretch align-items-stretch gutters-col-lg-0 gutters-col-md-0 gutters-col-0 gutters-col-v-lg-0 gutters-col-v-md-0 gutters-col-v-0\">\n                    <!---->\n                    <div class=\"h-column h-column-container d-flex h-col-lg-auto h-col-md-auto h-col-auto style-1488-outer style-local-2189-c6-outer\">\n                      <div data-colibri-id=\"2189-c6\" class=\"d-flex h-flex-basis h-column__inner h-px-lg-0 h-px-md-0 h-px-0 v-inner-lg-0 v-inner-md-0 v-inner-0 style-1488 style-local-2189-c6 position-relative\">\n                        <!---->\n                        <!---->\n                        <div class=\"w-100 h-y-container h-column__content h-column__v-align flex-basis-100 align-self-lg-start align-self-md-start align-self-start\">\n                          <!---->\n                          <div data-colibri-id=\"2189-c7\" class=\"h-global-transition-all h-heading style-1489 style-local-2189-c7 position-relative h-element\">\n                            <!---->\n                            <div class=\"h-heading__outer style-1489 style-local-2189-c7\">\n                              <!---->\n                              <!---->\n                              <h2 class=\"\">Une pr\u00e9sence bienveillante au service des familles<\/h2>\n                            <\/div>\n                          <\/div>\n                        <\/div>\n                      <\/div>\n                    <\/div>\n                  <\/div>\n                <\/div>\n                <div data-colibri-id=\"2189-c8\" class=\"h-text h-text-component style-1490 style-local-2189-c8 position-relative h-element\">\n                  <!---->\n                  <!---->\n                  <div class=\"\">\n                    <p>Implant\u00e9e au c\u0153ur de la r\u00e9gion bruxelloise, notre <strong style=\"font-weight: 700;\">entreprise familiale de pompes fun\u00e8bres<\/strong> accompagne les familles depuis plusieurs d\u00e9cennies avec humanit\u00e9 et professionnalisme. Situ\u00e9e \u00e0\n                      <strong\n                        style=\"font-weight: 700;\">Watermael-Boitsfort<\/strong>, \u00e0 proximit\u00e9 d\u2019\n                        <a href=\"https:\/\/boitsfortfunerailles.be\/index.php\/pompes-funebres-uccle\" target=\"_blank\">Uccle <\/a>et des communes voisines, notre maison fun\u00e9raire <strong style=\"font-weight: 700;\">Boitsfort Fun\u00e9railles<\/strong>&nbsp;propose son savoir-faire aupr\u00e8s de celles et ceux qui traversent un moment de deuil. Notre mission\n                        : offrir un <strong style=\"font-weight: 700;\">accompagnement discret et humain <\/strong><strong style=\"font-weight: 400;\">respectant<\/strong>&nbsp;les volont\u00e9s de chacun. Chaque fun\u00e9railles est organis\u00e9e avec soin et sinc\u00e9rit\u00e9,\n                        pour permettre aux proches de se recueillir et d\u2019honorer la m\u00e9moire du d\u00e9funt dans un <strong style=\"font-weight: 700;\">cadre apaisant<\/strong>.<\/p>\n                    <h2><span style=\"font-family: &quot;Playfair Display&quot;;\">Des <\/span><strong style=\"font-family: &quot;Playfair Display&quot;; font-weight: 400;\">pompes<\/strong><span style=\"font-family: &quot;Playfair Display&quot;;\">&nbsp;fun\u00e8bres au&nbsp;c\u0153ur de Bruxelles, au calme, en bordure de for\u00eat<\/span><\/h2>\n                    <p>Notre entreprise de pompes fun\u00e8bres se situe en lisi\u00e8re de for\u00eat de Soignes. Il y fait calme et reposant.<\/p>\n                    <p>Chaque c\u00e9r\u00e9monie est organis\u00e9e selon les souhaits de la famille qu&rsquo;elle soit&nbsp;<strong style=\"font-weight: 700;\">simple, religieuse ou la\u00efque, intime ou avec du monde<\/strong>. Nos conseillers s\u2019engagent \u00e0 accompagner chaque famille\n                      avec <strong style=\"font-weight: 700;\">douceur et transparence<\/strong>, pour que ce moment reste un&nbsp;<strong style=\"font-weight: 700;\">hommage sinc\u00e8re et fid\u00e8le<\/strong> aux valeurs de la personne d\u00e9funte.<\/p>\n                    <h3>Traiter les formalit\u00e9s : simplicit\u00e9 et clart\u00e9 avant tout<\/h3>\n                    <p>Faire face \u00e0 un d\u00e9c\u00e8s entra\u00eene souvent des formalit\u00e9s complexes. Nous supervisons l\u2019<strong style=\"font-weight: 700;\">ensemble des d\u00e9marches administratives<\/strong>, depuis la d\u00e9claration de d\u00e9c\u00e8s \u00e0 l\u2019\u00e9tat civil jusqu\u2019\u00e0 la\n                      <strong\n                        style=\"font-weight: 700;\">planification compl\u00e8te des obs\u00e8ques<\/strong>. Notre \u00e9quipe g\u00e8re chaque aspect: certificats, autorisations, coordination avec les lieux de culte ou de c\u00e9r\u00e9monie. Gr\u00e2ce \u00e0 cet encadrement global, le cercle familial peut <strong style=\"font-weight: 700;\">se concentrer sur l\u2019essentiel<\/strong>                        : le recueillement et la m\u00e9moire du disparu.<\/p>\n                    <h3>C\u00e9l\u00e9brer un <strong style=\"font-weight: 400;\">nom<\/strong> et une histoire avec s\u00e9r\u00e9nit\u00e9<\/h3>\n                    <p>Chaque c\u00e9r\u00e9monie fun\u00e9raire refl\u00e8te la personnalit\u00e9 du d\u00e9funt. Qu\u2019il s\u2019agisse d\u2019une c\u00e9l\u00e9bration civile, d\u2019un office religieux ou d\u2019une c\u00e9r\u00e9monie civile, nous veillons \u00e0 <strong style=\"font-weight: 700;\">respecter les convictions et traditions familiales<\/strong>.<\/p>\n                    <p>Nos bureaux, situ\u00e9s \u00e0 deux pas de la place Wiener \u00e0 Watermael-Boitsfort, accueillent les familles pour <strong style=\"font-weight: 700;\">d\u00e9finir ensemble les options pour les fun\u00e9railles<\/strong>&nbsp;: inhumation, incin\u00e9ration, c\u00e9r\u00e9monie\n                      civile ou religieuse.<\/p>\n                    <h3>Un <strong style=\"font-weight: 400;\">lieu apaisant<\/strong> pour se recueillir en toute intimit\u00e9<\/h3>\n                    <p>Notre fun\u00e9rarium offre un <strong>cadre apaisant<\/strong> pour se recueillir et partager un moment de m\u00e9moire. Nos salons spacieux et reposants permettent d\u2019accueillir la famille et les amis <strong>dans la plus stricte intimit\u00e9<\/strong>.<\/p>\n                    <p>Photos,\n                      <a href=\"https:\/\/boitsfortfunerailles.be\/index.php\/boutique\" target=\"_blank\">fleurs<\/a>, musiques ou objets symboliques peuvent y \u00eatre dispos\u00e9s pour <strong style=\"font-weight: 700;\">personnaliser l\u2019espace<\/strong> et rendre m\u00e9moire \u00e0 la personne d\u00e9funte. Situ\u00e9 en bordure de for\u00eat, notre <strong>maison fun\u00e9raire \u00e0 Bruxelles<\/strong>                      invite au calme, \u00e0 la r\u00e9flexion et au souvenir.<\/p>\n                    <h3>Des soins d\u00e9licats, pour la dignit\u00e9 de chacun<\/h3>\n                    <p>Nos professionnels qualifi\u00e9s assurent les soins de pr\u00e9sentation du corps avec <strong>dignit\u00e9 et d\u00e9licatesse<\/strong>. Chaque mise en bi\u00e8re est r\u00e9alis\u00e9e dans la <strong>tradition souhait\u00e9e<\/strong>, avec une attention particuli\u00e8re\n                      port\u00e9e aux remarques de la famille.<\/p>\n                    <h3><span style=\"font-weight: 400;\">Faire-part, carte souvenir, remerciement<\/span><\/h3>\n                    <p>Nous proposons la r\u00e9daction et l\u2019impression de <strong>faire-part, cartes de remerciement<\/strong> et <strong>avis de d\u00e9c\u00e8s<\/strong>. Chaque texte est r\u00e9dig\u00e9 avec soin pour <strong>refl\u00e9ter la personnalit\u00e9 de l&rsquo;\u00eatre disparu<\/strong>                      et transmettre le message souhait\u00e9.<\/p>\n                    <p>Sur demande, nous assurons aussi la <strong>diffusion&nbsp;dans la presse<\/strong> ou sur nos supports num\u00e9riques, ainsi que la publication de condol\u00e9ances. Notre \u00e9quipe veille \u00e0 chaque d\u00e9tail, pour que la communication autour de la\n                      c\u00e9r\u00e9monie soit <strong>fluide, humaine et sans contrainte<\/strong>.<\/p>\n                    <h3>Pr\u00e9voir \u00e0 l\u2019avance : une <strong style=\"font-weight: 700;\">option <\/strong>de tranquillit\u00e9 et de confiance<\/h3>\n                    <p>Pr\u00e9voir ses fun\u00e9railles anticipativement permet de soulager ses proches. Gr\u00e2ce \u00e0 notre <strong style=\"font-weight: 700;\">contrat personnalisable<\/strong>, il est possible de planifier les <strong style=\"font-weight: 700;\">prestations essentielles<\/strong>,\n                      d\u2019en fixer le co\u00fbt et d\u2019assurer que chaque souhait sera respect\u00e9 le jour venu. Nous prenons le temps d\u2019expliquer chaque option, que ce soit pour une inhumation, une <strong style=\"font-weight: 700;\">cr\u00e9mation&nbsp;<\/strong>au c\u00e9r\u00e9monie\n                      civile ou religieuse. Nous pouvons \u00e9galement vous donner des explications sur le&nbsp;&nbsp;<strong style=\"font-weight: 700;\">rapatriement depuis l\u2019\u00e9tranger<\/strong>.<\/p>\n                    <p>Notre mission : apporter <strong style=\"font-weight: 700;\">aide, disponibilit\u00e9 et transparence<\/strong>, pour que cette p\u00e9riode soit v\u00e9cue avec s\u00e9r\u00e9nit\u00e9.<\/p>\n                    <h2><span style=\"font-family: &quot;Playfair Display&quot;;\">\u00c0 propos de nous<\/span><\/h2>\n                    <h3>Une maison de confiance \u00e0 Bruxelles en pleine nature<\/h3>\n                    <p>Notre maison aux portes de <strong>Bruxelles<\/strong>, dispose d\u2019espaces chaleureux et accessibles. <strong>Deux salles de c\u00e9r\u00e9monie<\/strong>, un <strong>espace de r\u00e9ception<\/strong> et plusieurs <strong>chambres fun\u00e9raires<\/strong>                      permettant d\u2019organiser un <strong>hommage sur mesure<\/strong>, dans un environnement empreint de s\u00e9r\u00e9nit\u00e9.<\/p>\n                    <p>Chaque d\u00e9tail du lieu a \u00e9t\u00e9 pens\u00e9 pour garantir <strong>calme, intimit\u00e9 et r\u00e9confort<\/strong>. Nous accueillons l&rsquo;entourage avec empathie et disponibilit\u00e9, dans le respect des croyances et des convictions de chacun.<\/p>\n                    <h3>Une disponibilit\u00e9 totale, de jour comme de nuit<\/h3>\n                    <p>Parce qu\u2019un d\u00e9c\u00e8s ne pr\u00e9vient jamais, notre \u00e9quipe reste <strong>disponible jour et nuit<\/strong>. Nous assurons la <strong>prise en charge du corps<\/strong> \u00e0 domicile, en maison de repos, \u00e0 l\u2019h\u00f4pital ou dans tout \u00e9tablissement de\n                      la r\u00e9gion bruxelloise.<\/p>\n                    <p>Nos <strong>conseillers fun\u00e9raires<\/strong> et <strong>ma\u00eetres de c\u00e9r\u00e9monie<\/strong> accompagnent chaque phase, depuis le <strong>transport<\/strong> jusqu\u2019\u00e0 la <strong>c\u00e9r\u00e9monie<\/strong>, avec une attention constante et une <strong>\u00e9coute bienveillante<\/strong>.\n                      Notre priorit\u00e9 : <strong>soutenir chaque famille<\/strong> dans ce moment d\u00e9licat, avec humanit\u00e9 et professionnalisme.<\/p>\n                    <h3>Nos valeurs humaines : transparence, proximit\u00e9 et <strong style=\"font-weight: 400;\">qualit\u00e9<\/strong><\/h3>\n                    <p>Depuis plus de trente ans, notre m\u00e9tier repose sur des <strong>valeurs fortes<\/strong> : bienveillance, respect, humanit\u00e9 ainsi que la transparence.<\/p>\n                    <p>Nos prix sont <strong>\u00e9tablis en toute transparence<\/strong>, sans frais cach\u00e9s ni surprises. Chaque prestation est <strong>adapt\u00e9e aux besoins r\u00e9els<\/strong> des \u00eatres chers, qu\u2019il s\u2019agisse d\u2019un <strong>enterrement modeste<\/strong>                      ou d\u2019une <strong>c\u00e9r\u00e9monie plus \u00e9labor\u00e9e<\/strong>. Avec le temps, nous avons b\u00e2ti une <strong>relation durable<\/strong> avec les habitants de Bruxelles et des alentours, fond\u00e9e sur la proximit\u00e9 et la sinc\u00e9rit\u00e9.<\/p>\n                    <h2><strong style=\"font-family: &quot;Playfair Display&quot;; font-weight: 400;\">Contact<\/strong><span style=\"font-family: &quot;Playfair Display&quot;;\"> et informations: une \u00e9coute bienveillante, \u00e0 tout moment<\/span><\/h2>\n                    <p>Pour toute information ou demande de devis nous sommes joignable pendant les heures de bureau du lundi au vendredi de 8h30 \u00e0 17h00 par\n                      <a href=\"tel:+3226605999\">t\u00e9l\u00e9phone<\/a> ou via notre\n                      <a href=\"https:\/\/boitsfortfunerailles.be\/index.php\/contact-us\" target=\"_blank\">formulaire <\/a>\n                    <\/p>\n                  <\/div>\n                <\/div>\n              <\/div>\n            <\/div>\n          <\/div>\n        <\/div>\n      <\/div>\n    <\/div>\n  <\/div>\n  <div data-colibri-component=\"section\" data-colibri-id=\"2189-c9\" id=\"features\" class=\"h-section h-section-global-spacing d-flex align-items-lg-center align-items-md-center align-items-center style-1484 style-local-2189-c9 position-relative\">\n    <!---->\n    <!---->\n    <div class=\"h-section-grid-container h-section-boxed-container\">\n      <!---->\n      <div data-colibri-id=\"2189-c10\" class=\"h-row-container gutters-row-lg-0 gutters-row-md-0 gutters-row-0 gutters-row-v-lg-0 gutters-row-v-md-0 gutters-row-v-0 style-1491 style-local-2189-c10 localisation-faq position-relative\">\n        <!---->\n        <div class=\"h-row justify-content-lg-center justify-content-md-center justify-content-center align-items-lg-stretch align-items-md-stretch align-items-stretch gutters-col-lg-0 gutters-col-md-0 gutters-col-0 gutters-col-v-lg-0 gutters-col-v-md-0 gutters-col-v-0\">\n          <!---->\n          <div class=\"h-column h-column-container d-flex h-col-lg-auto h-col-md-auto h-col-auto style-1492-outer style-local-2189-c11-outer\">\n            <div data-colibri-id=\"2189-c11\" class=\"d-flex h-flex-basis h-column__inner h-px-lg-0 h-px-md-0 h-px-0 v-inner-lg-0 v-inner-md-0 v-inner-0 style-1492 style-local-2189-c11 position-relative\">\n              <!---->\n              <!---->\n              <div class=\"w-100 h-y-container h-column__content h-column__v-align flex-basis-100 align-self-lg-start align-self-md-start align-self-start\">\n                <!---->\n                <div data-colibri-id=\"2189-c12\" class=\"h-global-transition-all h-heading style-1493 style-local-2189-c12 position-relative h-element\">\n                  <!---->\n                  <div class=\"h-heading__outer style-1493 style-local-2189-c12\">\n                    <!---->\n                    <!---->\n                    <h2 class=\"\">FAQ<\/h2>\n                  <\/div>\n                <\/div>\n                <div data-colibri-id=\"2189-c13\" class=\"h-row-container gutters-row-lg-2 gutters-row-md-0 gutters-row-0 gutters-row-v-lg-2 gutters-row-v-md-0 gutters-row-v-0 style-1494 style-local-2189-c13 position-relative\">\n                  <!---->\n                  <div class=\"h-row justify-content-lg-center justify-content-md-center justify-content-center align-items-lg-stretch align-items-md-stretch align-items-stretch gutters-col-lg-2 gutters-col-md-0 gutters-col-0 gutters-col-v-lg-2 gutters-col-v-md-0 gutters-col-v-0\">\n                    <!---->\n                    <div class=\"h-column h-column-container d-flex h-col-lg-auto h-col-md-auto h-col-auto style-1495-outer style-local-2189-c14-outer\">\n                      <div data-colibri-id=\"2189-c14\" class=\"d-flex h-flex-basis h-column__inner h-px-lg-2 h-px-md-0 h-px-2 v-inner-lg-2 v-inner-md-0 v-inner-2 style-1495 style-local-2189-c14 position-relative\">\n                        <!---->\n                        <!---->\n                        <div class=\"w-100 h-y-container h-column__content h-column__v-align flex-basis-100 align-self-lg-start align-self-md-start align-self-start\">\n                          <!---->\n                          <div data-toggle=\"true\" data-is-preview=\"true\" data-colibri-component=\"accordion\" data-colibri-id=\"2189-c15\" class=\"h-accordion style-1496 style-local-2189-c15 position-relative h-element\">\n                            <!---->\n                            <div data-colibri-id=\"2189-c16\" class=\"h-accordion-item h-accordion-item-first-child style-1497 style-local-2189-c16 position-relative h-element\">\n                              <!---->\n                              <a data-open-by-default=\"false\" href=\"#2189-c16\" class=\"h-accordion-item-title d-flex align-items-center h-global-transition\">\n                                <!----><span>En quoi consiste l\u2019assistance propos\u00e9e par Boitsfort Fun\u00e9railles ?<\/span>\n                                <div class=\"h-accordion-item-title-normal-icon h-accordion-item-title-icon h-accordion-item-title-icon-right\"><span class=\"h-svg-icon\"><!--Icon by Icons8 Line Awesome (https:\/\/icons8.com\/line-awesome)--><svg version=\"1.1\" xmlns=\"http:\/\/www.w3.org\/2000\/svg\" xmlns:xlink=\"http:\/\/www.w3.org\/1999\/xlink\" id=\"arrow-down\" viewBox=\"0 0 512 545.5\"><path d=\"M240 96h32v321l108.5-108.5 23 23-136 136-11.5 11-11.5-11-136-136 23-23L240 417V96z\"><\/path><\/svg><\/span><\/div>\n                                <div class=\"h-accordion-item-title-active-icon h-accordion-item-title-icon h-accordion-item-title-icon-right\"><span class=\"h-svg-icon\"><!--Icon by Icons8 Line Awesome (https:\/\/icons8.com\/line-awesome)--><svg version=\"1.1\" xmlns=\"http:\/\/www.w3.org\/2000\/svg\" xmlns:xlink=\"http:\/\/www.w3.org\/1999\/xlink\" id=\"arrow-up\" viewBox=\"0 0 512 545.5\"><path d=\"M256 97.5l11.5 11 136 136-23 23L272 159v321h-32V159L131.5 267.5l-23-23 136-136z\"><\/path><\/svg><\/span><\/div>\n                              <\/a>\n                              <div id=\"2189-c16\" class=\"h-accordion-item-content__container\">\n                                <div class=\"w-100 h-y-container h-accordion-item-content\">\n                                  <!---->\n                                  <div data-colibri-id=\"2189-c17\" class=\"h-text h-text-component style-1498 style-local-2189-c17 position-relative h-element\">\n                                    <!---->\n                                    <!---->\n                                    <div class=\"\">\n                                      <p>L\u2019accompagnement d\u00e9bute d\u00e8s le premier contact. Nos agents prennent le temps d\u2019\u00e9couter chaque situation pour proposer des <strong>solutions adapt\u00e9es et apaisantes<\/strong>. Leur mission est d\u2019aider chaque famille\n                                        \u00e0 traverser cette p\u00e9riode difficile en toute s\u00e9r\u00e9nit\u00e9.<\/p>\n                                      <p>Chaque c\u00e9r\u00e9monial est pens\u00e9 avec une grande attention, pour que tout soit conforme aux volont\u00e9s exprim\u00e9es. L\u2019objectif est d\u2019apporter une <strong>pr\u00e9sence humaine<\/strong>, dans un <strong>cadre empreint de bienveillance<\/strong>.<\/p>\n                                    <\/div>\n                                  <\/div>\n                                <\/div>\n                              <\/div>\n                            <\/div>\n                            <div data-colibri-id=\"2189-c18\" class=\"h-accordion-item style-1499 style-local-2189-c18 position-relative h-element\">\n                              <!---->\n                              <a data-open-by-default=\"false\" href=\"#2189-c18\" class=\"h-accordion-item-title d-flex align-items-center h-global-transition\">\n                                <!----><span>Comment pr\u00e9parer un tel \u00e9v\u00e9nement \u00e0 Bruxelles et dans les alentours ?<\/span>\n                                <div class=\"h-accordion-item-title-normal-icon h-accordion-item-title-icon h-accordion-item-title-icon-right\"><span class=\"h-svg-icon\"><!--Icon by Icons8 Line Awesome (https:\/\/icons8.com\/line-awesome)--><svg version=\"1.1\" xmlns=\"http:\/\/www.w3.org\/2000\/svg\" xmlns:xlink=\"http:\/\/www.w3.org\/1999\/xlink\" id=\"arrow-down\" viewBox=\"0 0 512 545.5\"><path d=\"M240 96h32v321l108.5-108.5 23 23-136 136-11.5 11-11.5-11-136-136 23-23L240 417V96z\"><\/path><\/svg><\/span><\/div>\n                                <div class=\"h-accordion-item-title-active-icon h-accordion-item-title-icon h-accordion-item-title-icon-right\"><span class=\"h-svg-icon\"><!--Icon by Icons8 Line Awesome (https:\/\/icons8.com\/line-awesome)--><svg version=\"1.1\" xmlns=\"http:\/\/www.w3.org\/2000\/svg\" xmlns:xlink=\"http:\/\/www.w3.org\/1999\/xlink\" id=\"arrow-up\" viewBox=\"0 0 512 545.5\"><path d=\"M256 97.5l11.5 11 136 136-23 23L272 159v321h-32V159L131.5 267.5l-23-23 136-136z\"><\/path><\/svg><\/span><\/div>\n                              <\/a>\n                              <div id=\"2189-c18\" class=\"h-accordion-item-content__container\">\n                                <div class=\"w-100 h-y-container h-accordion-item-content\">\n                                  <!---->\n                                  <div data-colibri-id=\"2189-c19\" class=\"h-text h-text-component style-1500 style-local-2189-c19 position-relative h-element\">\n                                    <!---->\n                                    <!---->\n                                    <div class=\"\">\n                                      <p>Cela n\u00e9cessite une <strong>approche claire et humaine<\/strong>. Notre soci\u00e9t\u00e9 bruxelloise est disponible pour vous accompagner, que ce soit \u00e0 domicile, en maison de repos ou dans un centre hospitalier. Le but est\n                                        d\u2019<strong>all\u00e9ger les formalit\u00e9s<\/strong> et de simplifier les d\u00e9cisions \u00e0 prendre.<\/p>\n                                      <p>L\u2019<strong>\u00e9coute <\/strong>et l&rsquo;<strong>\u00e9change <\/strong>restent le socle de notre communication. Tout est mis en place pour que la famille puisse se concentrer sur l\u2019essentiel, avec des <strong>conseils adapt\u00e9s \u00e0 la situation<\/strong>                                        et aux options qui conviennent le mieux.<\/p>\n                                    <\/div>\n                                  <\/div>\n                                <\/div>\n                              <\/div>\n                            <\/div>\n                            <div data-colibri-id=\"2189-c20\" class=\"h-accordion-item style-1501 style-local-2189-c20 position-relative h-element\">\n                              <!---->\n                              <a data-open-by-default=\"false\" href=\"#2189-c20\" class=\"h-accordion-item-title d-flex align-items-center h-global-transition\">\n                                <!----><span>Qui s\u2019occupe des formalit\u00e9s n\u00e9cessaires \u00e0 Bruxelles ?<\/span>\n                                <div class=\"h-accordion-item-title-normal-icon h-accordion-item-title-icon h-accordion-item-title-icon-right\"><span class=\"h-svg-icon\"><!--Icon by Icons8 Line Awesome (https:\/\/icons8.com\/line-awesome)--><svg version=\"1.1\" xmlns=\"http:\/\/www.w3.org\/2000\/svg\" xmlns:xlink=\"http:\/\/www.w3.org\/1999\/xlink\" id=\"arrow-down\" viewBox=\"0 0 512 545.5\"><path d=\"M240 96h32v321l108.5-108.5 23 23-136 136-11.5 11-11.5-11-136-136 23-23L240 417V96z\"><\/path><\/svg><\/span><\/div>\n                                <div class=\"h-accordion-item-title-active-icon h-accordion-item-title-icon h-accordion-item-title-icon-right\"><span class=\"h-svg-icon\"><!--Icon by Icons8 Line Awesome (https:\/\/icons8.com\/line-awesome)--><svg version=\"1.1\" xmlns=\"http:\/\/www.w3.org\/2000\/svg\" xmlns:xlink=\"http:\/\/www.w3.org\/1999\/xlink\" id=\"arrow-up\" viewBox=\"0 0 512 545.5\"><path d=\"M256 97.5l11.5 11 136 136-23 23L272 159v321h-32V159L131.5 267.5l-23-23 136-136z\"><\/path><\/svg><\/span><\/div>\n                              <\/a>\n                              <div id=\"2189-c20\" class=\"h-accordion-item-content__container\">\n                                <div class=\"w-100 h-y-container h-accordion-item-content\">\n                                  <!---->\n                                  <div data-colibri-id=\"2189-c21\" class=\"h-text h-text-component style-1502 style-local-2189-c21 position-relative h-element\">\n                                    <!---->\n                                    <!---->\n                                    <div class=\"\">\n                                      <p>Toutes les formalit\u00e9s administratives sont g\u00e9r\u00e9es avec soin par notre soci\u00e9t\u00e9 : d\u00e9claration, v\u00e9rifications des permis, autorisations l\u00e9gales <\/p>\n                                      <p>Cette assistance permet d&rsquo;y voir plus clair et d\u2019\u00e9viter le stress li\u00e9 aux proc\u00e9dures. Chaque \u00e9tape est&nbsp;valid\u00e9e avec clart\u00e9, pour <strong>avancer dans les meilleures conditions et sans impr\u00e9vu<\/strong>.<\/p>\n                                    <\/div>\n                                  <\/div>\n                                <\/div>\n                              <\/div>\n                            <\/div>\n                            <div data-colibri-id=\"2189-c22\" class=\"h-accordion-item style-1503 style-local-2189-c22 position-relative h-element\">\n                              <!---->\n                              <a data-open-by-default=\"false\" href=\"#2189-c22\" class=\"h-accordion-item-title d-flex align-items-center h-global-transition\">\n                                <!----><span>Est-il possible de personnaliser l\u2019adieu selon les valeurs de chacun ?<\/span>\n                                <div class=\"h-accordion-item-title-normal-icon h-accordion-item-title-icon h-accordion-item-title-icon-right\"><span class=\"h-svg-icon\"><!--Icon by Icons8 Line Awesome (https:\/\/icons8.com\/line-awesome)--><svg version=\"1.1\" xmlns=\"http:\/\/www.w3.org\/2000\/svg\" xmlns:xlink=\"http:\/\/www.w3.org\/1999\/xlink\" id=\"arrow-down\" viewBox=\"0 0 512 545.5\"><path d=\"M240 96h32v321l108.5-108.5 23 23-136 136-11.5 11-11.5-11-136-136 23-23L240 417V96z\"><\/path><\/svg><\/span><\/div>\n                                <div class=\"h-accordion-item-title-active-icon h-accordion-item-title-icon h-accordion-item-title-icon-right\"><span class=\"h-svg-icon\"><!--Icon by Icons8 Line Awesome (https:\/\/icons8.com\/line-awesome)--><svg version=\"1.1\" xmlns=\"http:\/\/www.w3.org\/2000\/svg\" xmlns:xlink=\"http:\/\/www.w3.org\/1999\/xlink\" id=\"arrow-up\" viewBox=\"0 0 512 545.5\"><path d=\"M256 97.5l11.5 11 136 136-23 23L272 159v321h-32V159L131.5 267.5l-23-23 136-136z\"><\/path><\/svg><\/span><\/div>\n                              <\/a>\n                              <div id=\"2189-c22\" class=\"h-accordion-item-content__container\">\n                                <div class=\"w-100 h-y-container h-accordion-item-content\">\n                                  <!---->\n                                  <div data-colibri-id=\"2189-c23\" class=\"h-text h-text-component style-1504 style-local-2189-c23 position-relative h-element\">\n                                    <!---->\n                                    <!---->\n                                    <div class=\"\">\n                                      <p>Oui, chaque adieu peut \u00eatre fa\u00e7onn\u00e9 \u00e0 votre image. Nous mettons un point d\u2019honneur \u00e0 <strong>respecter les croyances, les traditions et la religion<\/strong> de chaque famille. Qu\u2019il s\u2019agisse d\u2019un adieu intime ou d\u2019une\n                                        rencontre plus ouverte, tout est con\u00e7u dans un <strong>esprit d\u2019\u00e9coute et de consid\u00e9ration<\/strong>.<\/p>\n                                      <p>Les choix d\u00e9coratifs, les musiques et les options disponibles permettent d\u2019<strong>apporter une touche unique<\/strong>. Chaque c\u00e9r\u00e9monial devient ainsi un moment sinc\u00e8re, pens\u00e9 avec pr\u00e9caution.<\/p>\n                                    <\/div>\n                                  <\/div>\n                                <\/div>\n                              <\/div>\n                            <\/div>\n                          <\/div>\n                        <\/div>\n                      <\/div>\n                    <\/div>\n                    <div class=\"h-column h-column-container d-flex h-col-lg-auto h-col-md-auto h-col-auto style-1495-outer style-local-2189-c24-outer\">\n                      <div data-colibri-id=\"2189-c24\" class=\"d-flex h-flex-basis h-column__inner h-px-lg-2 h-px-md-0 h-px-2 v-inner-lg-2 v-inner-md-0 v-inner-2 style-1495 style-local-2189-c24 position-relative\">\n                        <!---->\n                        <!---->\n                        <div class=\"w-100 h-y-container h-column__content h-column__v-align flex-basis-100 align-self-lg-start align-self-md-start align-self-start\">\n                          <!---->\n                          <div data-toggle=\"true\" data-is-preview=\"true\" data-colibri-component=\"accordion\" data-colibri-id=\"2189-c25\" class=\"h-accordion style-1505 style-local-2189-c25 position-relative h-element\">\n                            <!---->\n                            <div data-colibri-id=\"2189-c26\" class=\"h-accordion-item h-accordion-item-first-child style-1506 style-local-2189-c26 position-relative h-element\">\n                              <!---->\n                              <a data-open-by-default=\"false\" href=\"#2189-c26\" class=\"h-accordion-item-title d-flex align-items-center h-global-transition\">\n                                <!----><span>Disposez-vous d\u2019un espace r\u00e9serv\u00e9 au recueillement ?<\/span>\n                                <div class=\"h-accordion-item-title-normal-icon h-accordion-item-title-icon h-accordion-item-title-icon-right\"><span class=\"h-svg-icon\"><!--Icon by Icons8 Line Awesome (https:\/\/icons8.com\/line-awesome)--><svg version=\"1.1\" xmlns=\"http:\/\/www.w3.org\/2000\/svg\" xmlns:xlink=\"http:\/\/www.w3.org\/1999\/xlink\" id=\"arrow-down\" viewBox=\"0 0 512 545.5\"><path d=\"M240 96h32v321l108.5-108.5 23 23-136 136-11.5 11-11.5-11-136-136 23-23L240 417V96z\"><\/path><\/svg><\/span><\/div>\n                                <div class=\"h-accordion-item-title-active-icon h-accordion-item-title-icon h-accordion-item-title-icon-right\"><span class=\"h-svg-icon\"><!--Icon by Icons8 Line Awesome (https:\/\/icons8.com\/line-awesome)--><svg version=\"1.1\" xmlns=\"http:\/\/www.w3.org\/2000\/svg\" xmlns:xlink=\"http:\/\/www.w3.org\/1999\/xlink\" id=\"arrow-up\" viewBox=\"0 0 512 545.5\"><path d=\"M256 97.5l11.5 11 136 136-23 23L272 159v321h-32V159L131.5 267.5l-23-23 136-136z\"><\/path><\/svg><\/span><\/div>\n                              <\/a>\n                              <div id=\"2189-c26\" class=\"h-accordion-item-content__container\">\n                                <div class=\"w-100 h-y-container h-accordion-item-content\">\n                                  <!---->\n                                  <div data-colibri-id=\"2189-c27\" class=\"h-text h-text-component style-1498 style-local-2189-c27 position-relative h-element\">\n                                    <!---->\n                                    <!---->\n                                    <div class=\"\">\n                                      <p>Notre maison bruxelloise dispose d\u2019<strong>espaces calmes et lumineux<\/strong>, con\u00e7us pour offrir un cadre apaisant. Ils permettent aux amis, parents et enfants de venir se recueillir, seul ou en petit comit\u00e9, dans\n                                        une <strong>atmosph\u00e8re empreinte de douceur<\/strong>.<\/p>\n                                      <p>Chaque salon a \u00e9t\u00e9 am\u00e9nag\u00e9 pour cr\u00e9er un <strong>environnement chaleureux, propice \u00e0 la r\u00e9flexion et au partage<\/strong>. Les visiteurs peuvent y d\u00e9poser des fleurs ou des symboles personnels pour voir la m\u00e9moire\n                                        du disparu se prolonger dans un endroit serein.<\/p>\n                                    <\/div>\n                                  <\/div>\n                                <\/div>\n                              <\/div>\n                            <\/div>\n                            <div data-colibri-id=\"2189-c28\" class=\"h-accordion-item style-1507 style-local-2189-c28 position-relative h-element\">\n                              <!---->\n                              <a data-open-by-default=\"false\" href=\"#2189-c28\" class=\"h-accordion-item-title d-flex align-items-center h-global-transition\">\n                                <!----><span>Est-il possible de consacrer un moment apr\u00e8s la c\u00e9r\u00e9monie sur place ?<\/span>\n                                <div class=\"h-accordion-item-title-normal-icon h-accordion-item-title-icon h-accordion-item-title-icon-right\"><span class=\"h-svg-icon\"><!--Icon by Icons8 Line Awesome (https:\/\/icons8.com\/line-awesome)--><svg version=\"1.1\" xmlns=\"http:\/\/www.w3.org\/2000\/svg\" xmlns:xlink=\"http:\/\/www.w3.org\/1999\/xlink\" id=\"arrow-down\" viewBox=\"0 0 512 545.5\"><path d=\"M240 96h32v321l108.5-108.5 23 23-136 136-11.5 11-11.5-11-136-136 23-23L240 417V96z\"><\/path><\/svg><\/span><\/div>\n                                <div class=\"h-accordion-item-title-active-icon h-accordion-item-title-icon h-accordion-item-title-icon-right\"><span class=\"h-svg-icon\"><!--Icon by Icons8 Line Awesome (https:\/\/icons8.com\/line-awesome)--><svg version=\"1.1\" xmlns=\"http:\/\/www.w3.org\/2000\/svg\" xmlns:xlink=\"http:\/\/www.w3.org\/1999\/xlink\" id=\"arrow-up\" viewBox=\"0 0 512 545.5\"><path d=\"M256 97.5l11.5 11 136 136-23 23L272 159v321h-32V159L131.5 267.5l-23-23 136-136z\"><\/path><\/svg><\/span><\/div>\n                              <\/a>\n                              <div id=\"2189-c28\" class=\"h-accordion-item-content__container\">\n                                <div class=\"w-100 h-y-container h-accordion-item-content\">\n                                  <!---->\n                                  <div data-colibri-id=\"2189-c29\" class=\"h-text h-text-component style-1500 style-local-2189-c29 position-relative h-element\">\n                                    <!---->\n                                    <!---->\n                                    <div class=\"\">\n                                      <p>Oui, un <strong>espace d\u00e9di\u00e9<\/strong> permet aux cercles familiaux de prolonger l\u2019instant ensemble, autour d\u2019un caf\u00e9 ou d\u2019un moment plus intime. Celui-ci a \u00e9t\u00e9 imagin\u00e9 pour que chacun puisse \u00e9changer, se rem\u00e9morer\n                                        et <strong>exprimer sa propre \u00e9motion \u00e0 son rythme<\/strong>.<\/p>\n                                      <p>Ces instants partag\u00e9s aident souvent \u00e0 mieux traverser la perte. Dans un <strong>cadre calme et discret<\/strong>, tout est pr\u00e9vu pour accueillir petits et grands dans les <strong>meilleures conditions possibles<\/strong>.<\/p>\n                                    <\/div>\n                                  <\/div>\n                                <\/div>\n                              <\/div>\n                            <\/div>\n                            <div data-colibri-id=\"2189-c30\" class=\"h-accordion-item style-1508 style-local-2189-c30 position-relative h-element\">\n                              <!---->\n                              <a data-open-by-default=\"false\" href=\"#2189-c30\" class=\"h-accordion-item-title d-flex align-items-center h-global-transition\">\n                                <!----><span>Quelles possibilit\u00e9s existent pour organiser un adieu selon ses pr\u00e9f\u00e9rences ?<\/span>\n                                <div class=\"h-accordion-item-title-normal-icon h-accordion-item-title-icon h-accordion-item-title-icon-right\"><span class=\"h-svg-icon\"><!--Icon by Icons8 Line Awesome (https:\/\/icons8.com\/line-awesome)--><svg version=\"1.1\" xmlns=\"http:\/\/www.w3.org\/2000\/svg\" xmlns:xlink=\"http:\/\/www.w3.org\/1999\/xlink\" id=\"arrow-down\" viewBox=\"0 0 512 545.5\"><path d=\"M240 96h32v321l108.5-108.5 23 23-136 136-11.5 11-11.5-11-136-136 23-23L240 417V96z\"><\/path><\/svg><\/span><\/div>\n                                <div class=\"h-accordion-item-title-active-icon h-accordion-item-title-icon h-accordion-item-title-icon-right\"><span class=\"h-svg-icon\"><!--Icon by Icons8 Line Awesome (https:\/\/icons8.com\/line-awesome)--><svg version=\"1.1\" xmlns=\"http:\/\/www.w3.org\/2000\/svg\" xmlns:xlink=\"http:\/\/www.w3.org\/1999\/xlink\" id=\"arrow-up\" viewBox=\"0 0 512 545.5\"><path d=\"M256 97.5l11.5 11 136 136-23 23L272 159v321h-32V159L131.5 267.5l-23-23 136-136z\"><\/path><\/svg><\/span><\/div>\n                              <\/a>\n                              <div id=\"2189-c30\" class=\"h-accordion-item-content__container\">\n                                <div class=\"w-100 h-y-container h-accordion-item-content\">\n                                  <!---->\n                                  <div data-colibri-id=\"2189-c31\" class=\"h-text h-text-component style-1509 style-local-2189-c31 position-relative h-element\">\n                                    <!---->\n                                    <!---->\n                                    <div class=\"\">\n                                      <p>Chaque situation est diff\u00e9rente, et chaque option existe pour combler les envies et les valeurs de chacun. L\u2019organisation peut se d\u00e9rouler en huis clos, ou en&nbsp;un <strong>espace religieux ou la\u00efque<\/strong>, selon\n                                        ce qui convient le mieux \u00e0 la famille.<\/p>\n                                      <p>L\u2019objectif est de choisir une solution qui allie \u00e0 la fois la <strong>qualit\u00e9 du moment<\/strong> et les <strong>attentes personnelles<\/strong>. Tout est pens\u00e9 pour que ce dernier adieu se d\u00e9roule avec <strong>s\u00e9r\u00e9nit\u00e9 et sens<\/strong>.<\/p>\n                                    <\/div>\n                                  <\/div>\n                                <\/div>\n                              <\/div>\n                            <\/div>\n                            <div data-colibri-id=\"2189-c32\" class=\"h-accordion-item style-1510 style-local-2189-c32 position-relative h-element\">\n                              <!---->\n                              <a data-open-by-default=\"false\" href=\"#2189-c32\" class=\"h-accordion-item-title d-flex align-items-center h-global-transition\">\n                                <!----><span>Proposez-vous un suivi apr\u00e8s la c\u00e9r\u00e9monie ?<\/span>\n                                <div class=\"h-accordion-item-title-normal-icon h-accordion-item-title-icon h-accordion-item-title-icon-right\"><span class=\"h-svg-icon\"><!--Icon by Icons8 Line Awesome (https:\/\/icons8.com\/line-awesome)--><svg version=\"1.1\" xmlns=\"http:\/\/www.w3.org\/2000\/svg\" xmlns:xlink=\"http:\/\/www.w3.org\/1999\/xlink\" id=\"arrow-down\" viewBox=\"0 0 512 545.5\"><path d=\"M240 96h32v321l108.5-108.5 23 23-136 136-11.5 11-11.5-11-136-136 23-23L240 417V96z\"><\/path><\/svg><\/span><\/div>\n                                <div class=\"h-accordion-item-title-active-icon h-accordion-item-title-icon h-accordion-item-title-icon-right\"><span class=\"h-svg-icon\"><!--Icon by Icons8 Line Awesome (https:\/\/icons8.com\/line-awesome)--><svg version=\"1.1\" xmlns=\"http:\/\/www.w3.org\/2000\/svg\" xmlns:xlink=\"http:\/\/www.w3.org\/1999\/xlink\" id=\"arrow-up\" viewBox=\"0 0 512 545.5\"><path d=\"M256 97.5l11.5 11 136 136-23 23L272 159v321h-32V159L131.5 267.5l-23-23 136-136z\"><\/path><\/svg><\/span><\/div>\n                              <\/a>\n                              <div id=\"2189-c32\" class=\"h-accordion-item-content__container\">\n                                <div class=\"w-100 h-y-container h-accordion-item-content\">\n                                  <!---->\n                                  <div data-colibri-id=\"2189-c33\" class=\"h-text h-text-component style-1504 style-local-2189-c33 position-relative h-element\">\n                                    <!---->\n                                    <!---->\n                                    <div class=\"\">\n                                      <p>Oui, le suivi ne s\u2019arr\u00eate pas \u00e0 la fin de la journ\u00e9e. Apr\u00e8s l\u2019\u00e9v\u00e9nement, notre \u00e9quipe reste disponible pour <strong>r\u00e9pondre aux attentes pratiques ou \u00e9motionnelles<\/strong> qui peuvent survenir. Une oreille attentive,\n                                        c\u2019est parfois ce qu\u2019il faut pour retrouver un peu de calme.<\/p>\n                                      <p>\n                                        <br>\n                                      <\/p>\n                                    <\/div>\n                                  <\/div>\n                                <\/div>\n                              <\/div>\n                            <\/div>\n                          <\/div>\n                        <\/div>\n                      <\/div>\n                    <\/div>\n                  <\/div>\n                <\/div>\n              <\/div>\n            <\/div>\n          <\/div>\n        <\/div>\n      <\/div>\n    <\/div>\n  <\/div>\n<\/div>","protected":false},"excerpt":{"rendered":"<p>Une pr\u00e9sence bienveillante au service des familles Implant\u00e9e au c\u0153ur de la r\u00e9gion bruxelloise, notre entreprise familiale de pompes fun\u00e8bres accompagne les familles depuis plusieurs d\u00e9cennies avec humanit\u00e9 et professionnalisme. Situ\u00e9e \u00e0 Watermael-Boitsfort, \u00e0 proximit\u00e9 d\u2019 Uccle et des communes voisines, notre maison fun\u00e9raire Boitsfort Fun\u00e9railles&nbsp;propose son savoir-faire aupr\u00e8s de celles et ceux qui traversent [&hellip;]<\/p>\n","protected":false},"author":2,"featured_media":2194,"parent":0,"menu_order":0,"comment_status":"closed","ping_status":"closed","template":"page-templates\/homepage.php","meta":{"inline_featured_image":false,"_monsterinsights_skip_tracking":false,"_monsterinsights_sitenote_active":false,"_monsterinsights_sitenote_note":"","_monsterinsights_sitenote_category":0,"footnotes":""},"class_list":["post-2189","page","type-page","status-publish","has-post-thumbnail","hentry"],"aioseo_notices":[],"_links":{"self":[{"href":"https:\/\/boitsfortfunerailles.be\/index.php\/wp-json\/wp\/v2\/pages\/2189","targetHints":{"allow":["GET"]}}],"collection":[{"href":"https:\/\/boitsfortfunerailles.be\/index.php\/wp-json\/wp\/v2\/pages"}],"about":[{"href":"https:\/\/boitsfortfunerailles.be\/index.php\/wp-json\/wp\/v2\/types\/page"}],"author":[{"embeddable":true,"href":"https:\/\/boitsfortfunerailles.be\/index.php\/wp-json\/wp\/v2\/users\/2"}],"replies":[{"embeddable":true,"href":"https:\/\/boitsfortfunerailles.be\/index.php\/wp-json\/wp\/v2\/comments?post=2189"}],"version-history":[{"count":6,"href":"https:\/\/boitsfortfunerailles.be\/index.php\/wp-json\/wp\/v2\/pages\/2189\/revisions"}],"predecessor-version":[{"id":2497,"href":"https:\/\/boitsfortfunerailles.be\/index.php\/wp-json\/wp\/v2\/pages\/2189\/revisions\/2497"}],"wp:featuredmedia":[{"embeddable":true,"href":"https:\/\/boitsfortfunerailles.be\/index.php\/wp-json\/wp\/v2\/media\/2194"}],"wp:attachment":[{"href":"https:\/\/boitsfortfunerailles.be\/index.php\/wp-json\/wp\/v2\/media?parent=2189"}],"curies":[{"name":"wp","href":"https:\/\/api.w.org\/{rel}","templated":true}]}}