{"id":2235,"date":"2025-11-12T13:54:06","date_gmt":"2025-11-12T12:54:06","guid":{"rendered":"https:\/\/boitsfortfunerailles.be\/?page_id=2235"},"modified":"2026-01-20T15:40:22","modified_gmt":"2026-01-20T14:40:22","slug":"pompes-funebres-woluwe-saint-lambert","status":"publish","type":"page","link":"https:\/\/boitsfortfunerailles.be\/index.php\/pompes-funebres-woluwe-saint-lambert\/","title":{"rendered":"Pompes Fun\u00e8bres Woluwe-Saint-Lambert"},"content":{"rendered":"<div data-colibri-id=\"2235-c1\" class=\"style-1539 style-local-2235-c1 position-relative\">\n  <!---->\n  <div data-colibri-component=\"section\" data-colibri-id=\"2235-c2\" id=\"histoire\" class=\"h-section h-section-global-spacing d-flex align-items-lg-center align-items-md-center align-items-center style-1540 style-local-2235-c2 position-relative\">\n    <!---->\n    <!---->\n    <div class=\"h-section-grid-container h-section-boxed-container\">\n      <!---->\n      <div data-colibri-id=\"2235-c3\" class=\"h-row-container gutters-row-lg-0 gutters-row-md-0 gutters-row-0 gutters-row-v-lg-0 gutters-row-v-md-0 gutters-row-v-0 style-1541 style-local-2235-c3 localisation-text position-relative\">\n        <!---->\n        <div class=\"h-row justify-content-lg-center justify-content-md-center justify-content-center align-items-lg-stretch align-items-md-stretch align-items-stretch gutters-col-lg-0 gutters-col-md-0 gutters-col-0 gutters-col-v-lg-0 gutters-col-v-md-0 gutters-col-v-0\">\n          <!---->\n          <div class=\"h-column h-column-container d-flex h-col-lg-auto h-col-md-auto h-col-auto style-1542-outer style-local-2235-c4-outer\">\n            <div data-colibri-id=\"2235-c4\" class=\"d-flex h-flex-basis h-column__inner h-px-lg-0 h-px-md-0 h-px-0 v-inner-lg-0 v-inner-md-0 v-inner-0 style-1542 style-local-2235-c4 position-relative\">\n              <!---->\n              <!---->\n              <div class=\"w-100 h-y-container h-column__content h-column__v-align flex-basis-100 align-self-lg-center align-self-md-center align-self-center\">\n                <!---->\n                <div data-colibri-id=\"2235-c5\" class=\"h-row-container gutters-row-lg-0 gutters-row-md-0 gutters-row-0 gutters-row-v-lg-0 gutters-row-v-md-0 gutters-row-v-0 style-1543 style-local-2235-c5 position-relative\">\n                  <!---->\n                  <div class=\"h-row justify-content-lg-center justify-content-md-center justify-content-center align-items-lg-stretch align-items-md-stretch align-items-stretch gutters-col-lg-0 gutters-col-md-0 gutters-col-0 gutters-col-v-lg-0 gutters-col-v-md-0 gutters-col-v-0\">\n                    <!---->\n                    <div class=\"h-column h-column-container d-flex h-col-lg-auto h-col-md-auto h-col-auto style-1544-outer style-local-2235-c6-outer\">\n                      <div data-colibri-id=\"2235-c6\" class=\"d-flex h-flex-basis h-column__inner h-px-lg-0 h-px-md-0 h-px-0 v-inner-lg-0 v-inner-md-0 v-inner-0 style-1544 style-local-2235-c6 position-relative\">\n                        <!---->\n                        <!---->\n                        <div class=\"w-100 h-y-container h-column__content h-column__v-align flex-basis-100 align-self-lg-start align-self-md-start align-self-start\">\n                          <!---->\n                          <div data-colibri-id=\"2235-c7\" class=\"h-global-transition-all h-heading style-1545 style-local-2235-c7 position-relative h-element\">\n                            <!---->\n                            <div class=\"h-heading__outer style-1545 style-local-2235-c7\">\n                              <!---->\n                              <!---->\n                              <h2 class=\"\">\u00c0 vos c\u00f4t\u00e9s pour un recueillement sinc\u00e8re et apais\u00e9<\/h2>\n                            <\/div>\n                          <\/div>\n                        <\/div>\n                      <\/div>\n                    <\/div>\n                  <\/div>\n                <\/div>\n                <div data-colibri-id=\"2235-c8\" class=\"h-text h-text-component style-1546 style-local-2235-c8 position-relative h-element\">\n                  <!---->\n                  <!---->\n                  <div class=\"\">\n                    <p>Install\u00e9e \u00e0 <strong>Watermael-Boitsfort<\/strong>, notre <strong>entreprise familiale de pompes fun\u00e8bres<\/strong> met son exp\u00e9rience au service des habitants de <strong>Woluwe-Saint-Lambert<\/strong> et de toute la r\u00e9gion de <strong>Bruxelles-Capitale<\/strong>.\n                      Depuis plus de trente ans, nous accompagnons les familles endeuill\u00e9es avec bienveillance et professionnalisme, en veillant \u00e0 offrir un <strong>hommage sinc\u00e8re et respectueux<\/strong> \u00e0 chaque d\u00e9funt.<\/p>\n                    <p>Proches des familles, nous intervenons rapidement dans les quartiers de <strong>Saint-Lambert<\/strong>, <strong>Roodebeek<\/strong>, <strong>Tomberg<\/strong> ou <strong>Georges Henri<\/strong>, pour assurer une <strong>organisation fun\u00e9raire compl\u00e8te<\/strong>,\n                      empreinte d\u2019\u00e9coute et d\u2019humanit\u00e9.<\/p>\n                    <h2><span style=\"font-family: &quot;Playfair Display&quot;;\">Une prise en charge compl\u00e8te et attentive \u00e0 chaque souhait<\/span><\/h2>\n                    <p>Nos services fun\u00e9raires couvrent l\u2019<strong>ensemble des d\u00e9marches<\/strong> li\u00e9es aux obs\u00e8ques : soins au d\u00e9funt, coordination avec les administration, choix du cercueil, r\u00e9alisation et impression de faire-part ou encore organisation\n                      de la c\u00e9r\u00e9monie. Chaque \u00e9l\u00e9ment est pens\u00e9 sur mesure, selon les <strong>volont\u00e9s exprim\u00e9es<\/strong> par la personne disparue ou son entourage.<\/p>\n                    <p>Nous savons combien cette p\u00e9riode peut \u00eatre difficile. C\u2019est pourquoi notre \u00e9quipe met un point d\u2019honneur \u00e0 offrir un <strong>accompagnement clair et rassurant<\/strong>, pour que chaque famille puisse traverser cette \u00e9tape avec s\u00e9r\u00e9nit\u00e9\n                      et confiance.<\/p>\n                    <h3>D\u00e9marches administratives et planification&nbsp;des obs\u00e8ques<\/h3>\n                    <p>Face \u00e0 la complexit\u00e9 des <strong>formalit\u00e9s administratives<\/strong>, nous prenons tout en charge : d\u00e9claration de d\u00e9c\u00e8s, autorisations de transport, coordination avec le <strong>cr\u00e9matorium<\/strong> ou le <strong>cimeti\u00e8re<\/strong>                      de votre choix. Chaque dossier est suivi avec rigueur pour garantir le respect des d\u00e9lais et des volont\u00e9s.<\/p>\n                    <p>Nous intervenons \u00e9galement pour les <strong>rapatriements en Belgique ou \u00e0 l\u2019\u00e9tranger<\/strong>, avec la m\u00eame exigence de transparence et de respect. Nos&nbsp;conseillers vous accompagnent pas \u00e0 pas, du premier contact jusqu\u2019\u00e0 la c\u00e9r\u00e9monie\n                      d\u2019adieu.<\/p>\n                    <h3>C\u00e9r\u00e9monies personnalis\u00e9es, civiles ou religieuses<\/h3>\n                    <p>Chaque vie a droit \u00e0 un <strong>hommage unique<\/strong>. Que vous souhaitiez une <strong>c\u00e9r\u00e9monie civile, la\u00efque<\/strong>&nbsp;ou un <strong>service religieux<\/strong>, nous adaptons chaque d\u00e9tail selon vos aspirations et les convictions\n                      du d\u00e9funt.<\/p>\n                    <p>Nos bureaux de <strong>Boitsfort<\/strong>, \u00e0 proximit\u00e9 de Woluwe, vous accueillent pour d\u00e9finir ensemble le d\u00e9roulement des fun\u00e9railles : <strong>inhumation<\/strong>, <strong>cr\u00e9mation<\/strong>, <strong>dispersion des cendres<\/strong>                      ou&nbsp;<strong style=\"font-weight: 700;\">conservation d\u2019urne<\/strong>. \u00c0 chaque \u00e9tape, nous vous guidons avec clart\u00e9.<\/p>\n                    <h3>Un fun\u00e9rarium apaisant aux portes de Bruxelles<\/h3>\n                    <p>Notre maison, situ\u00e9e aux portes de Bruxelles, offre un <strong style=\"font-weight: 700;\">cadre calme<\/strong> et apaisant. Chaque salon permet de se recueillir dans l\u2019intimit\u00e9 et de partager un moment de m\u00e9moire avec les personnes\n                      qui comptent. Des <strong style=\"font-weight: 700;\">photos<\/strong>, des <strong style=\"font-weight: 700;\">fleurs <\/strong>ou des <strong style=\"font-weight: 700;\">objets symboliques<\/strong> peuvent y \u00eatre dispos\u00e9s. En bordure de\n                      for\u00eat, l\u2019atmosph\u00e8re se veut douce et naturelle.<\/p>\n                    <h3>Soins du d\u00e9funt et respect des volont\u00e9s<\/h3>\n                    <p>Nos <strong>soins de pr\u00e9sentation<\/strong> sont r\u00e9alis\u00e9s avec d\u00e9licatesse, dans le respect absolu de la <strong>dignit\u00e9 humaine<\/strong>. Chaque geste est empreint de respect, afin d\u2019offrir \u00e0 la famille une image apais\u00e9e de l\u2019\u00eatre\n                      cher.<\/p>\n                    <p>Nous proposons chaque type de <strong>cercueils<\/strong>, <strong>urnes<\/strong> et \u00e9l\u00e9ments d\u00e9coratifs, dans des mat\u00e9riaux <strong>\u00e9cologiques ou traditionnels<\/strong>, selon vos valeurs et votre budget. Nos\n                      <u>&nbsp;conseillers<\/u> vous orientent avec tact pour faire les <strong>choix les plus justes<\/strong>.<\/p>\n                    <h3>Faire-part, avis et suivi&nbsp;apr\u00e8s la c\u00e9r\u00e9monie<\/h3>\n                    <p>Notre r\u00e9daction vous accompagne \u00e9galement dans la <strong>communication des avis de d\u00e9c\u00e8s<\/strong> et la <strong>r\u00e9daction des faire-part<\/strong>. Nos \u00e9quipes assurent la mise en page, l\u2019impression et la publication d&rsquo;articles&nbsp;dans\n                      la presse ou en ligne.<\/p>\n                    <p>Apr\u00e8s les fun\u00e9railles, nous restons \u00e0 l&rsquo;\u00e9coute pour vous aider dans les <strong>d\u00e9marches compl\u00e9mentaires<\/strong>, la <strong>r\u00e9daction des remerciements<\/strong> ou la mise en \u0153uvre d\u2019un moment de partage. Parce que notre pr\u00e9sence\n                      ne s\u2019arr\u00eate pas apr\u00e8s de la c\u00e9r\u00e9monie.<\/p>\n                    <h3>Anticiper avec s\u00e9r\u00e9nit\u00e9 gr\u00e2ce \u00e0 la pr\u00e9voyance fun\u00e9raire<\/h3>\n                    <p>Pr\u00e9parer \u00e0 l\u2019avance ses fun\u00e9railles est un acte de pr\u00e9voyance et de tranquillit\u00e9 d\u2019esprit. Notre <strong>contrat de pr\u00e9voyance<\/strong> vous permet de d\u00e9terminer les modalit\u00e9s selon vos pr\u00e9f\u00e9rences et de <strong>ma\u00eetriser le co\u00fbt des obs\u00e8ques<\/strong>.<\/p>\n                    <h2><span style=\"font-family: &quot;Playfair Display&quot;;\">Qui sommes-nous ?<\/span><\/h2>\n                    <h3>Un mot sur nos pompes fun\u00e8bres<\/h3>\n                    <p>Notre maison de Boitsfort propose des espaces calmes et lumineux pens\u00e9s pour accueillir les proches dans la tranquillit\u00e9. Les salons, con\u00e7us pour pr\u00e9server l\u2019intimit\u00e9, permettent \u00e0 chacun de se retrouver dans un <strong>cadre apais\u00e9 et chaleureux<\/strong>.<\/p>\n                    <p><strong>Deux espaces principaux<\/strong> sont pr\u00e9vus pour les moments de recueillement et de rassemblement, ainsi qu\u2019une pi\u00e8ce conviviale o\u00f9 il est possible de partager un caf\u00e9 ou quelques mots apr\u00e8s la c\u00e9r\u00e9monie. Chaque d\u00e9tail du\n                      lieu a \u00e9t\u00e9 imagin\u00e9 pour <strong>inspirer la s\u00e9r\u00e9nit\u00e9 et le confort<\/strong>, en accord avec les valeurs qui nous animent.<\/p>\n                    <h3>Une pr\u00e9sence constante, \u00e0 chaque instant<\/h3>\n                    <p>Depuis sa cr\u00e9ation, Boitsfort Fun\u00e9railles place la <strong>disponibilit\u00e9 au c\u0153ur de son engagement<\/strong>. En cas de d\u00e9c\u00e8s, \u00e0 tout moment, de jour comme de nuit, nos \u00e9quipes r\u00e9pondent avec \u00e9coute et attention pour offrir un cadre\n                      rassurant et une <strong>aide imm\u00e9diate<\/strong>. Chaque appel re\u00e7oit une <strong>r\u00e9ponse personnalis\u00e9e<\/strong>, dans un esprit d\u2019empathie et de clart\u00e9.<\/p>\n                    <p>Notre pr\u00e9sence ne conna\u00eet pas d\u2019interruption : nous intervenons rapidement, quel que soit le lieu ou l\u2019heure. Cette proximit\u00e9 constante refl\u00e8te notre conviction profonde : \u00eatre l\u00e0 quand il le faut vraiment, avec simplicit\u00e9, tact et\n                      humanit\u00e9.<\/p>\n                    <h3><strong style=\"font-weight: 400;\">Une philosophie fond\u00e9e sur l\u2019\u00e9coute et la clart\u00e9<\/strong><\/h3>\n                    <p>Depuis plus de trente ans, Boitsfort Fun\u00e9railles cultive une <strong>approche profond\u00e9ment humaine<\/strong> fond\u00e9e sur l\u2019\u00e9coute, la sinc\u00e9rit\u00e9 et la transparence. Chaque rencontre est abord\u00e9e avec d\u00e9licatesse et ouverture, afin d\u2019offrir\n                      un cadre clair et apaisant. Nos \u00e9quipes veillent \u00e0 cr\u00e9er un <strong>climat de confiance<\/strong>, o\u00f9 chacun peut trouver des rep\u00e8res simples et une pr\u00e9sence attentive.<\/p>\n                    <p>Dans cet esprit, nous privil\u00e9gions la <strong>clart\u00e9 des informations<\/strong> et la <strong>justesse des tarifs<\/strong>, sans frais cach\u00e9s ni formules impos\u00e9es. Chaque \u00e9tape du parcours est men\u00e9e avec tact, dans un <strong>souci constant de justesse et d\u2019\u00e9quit\u00e9<\/strong>.\n                      Nous croyons que la s\u00e9r\u00e9nit\u00e9 na\u00eet avant tout de la simplicit\u00e9 et du respect des valeurs humaines qui nous rassemblent.<\/p>\n                    <h2><span style=\"font-family: &quot;Playfair Display&quot;;\">Contact et assistance imm\u00e9diate<\/span><\/h2>\n                    <p>En cas de d\u00e9c\u00e8s, vous pouvez nous joindre 7j\/7j et 24H\/24H.<\/p>\n                    <p>Pour toute demande de devis gratuit, vous pouvez nous joindre pendant les heures de bureau (8h30 \u00e0 17h00). Notre \u00e9quipe vous accompagne \u00e0\n                      <a href=\"https:\/\/boitsfortfunerailles.be\/index.php\/pompes-funebres-watermael-boitsfort\" target=\"_blank\">Watermael-Boitsfort<\/a>&nbsp;pour vous rencontrer et <strong>d\u00e9finir les modalit\u00e9s souhait\u00e9es<\/strong>. Il est possible de nous contacter par\n                      <a href=\"tel:+3226605999\">t\u00e9l\u00e9phone<\/a>&nbsp;ou via notre\n                      <a href=\"https:\/\/boitsfortfunerailles.be\/index.php\/contact-us\" target=\"_blank\">page contact<\/a>.<\/p>\n                    <p>Chez <strong>Boitsfort Fun\u00e9railles<\/strong>, nous vous aidons \u00e0 <strong>rendre hommage avec humanit\u00e9<\/strong> et \u00e0 respecter des convictions et des souhaits de chacun.&nbsp;<\/p>\n                  <\/div>\n                <\/div>\n              <\/div>\n            <\/div>\n          <\/div>\n        <\/div>\n      <\/div>\n    <\/div>\n  <\/div>\n  <div data-colibri-component=\"section\" data-colibri-id=\"2235-c9\" id=\"features\" class=\"h-section h-section-global-spacing d-flex align-items-lg-center align-items-md-center align-items-center style-1540 style-local-2235-c9 position-relative\">\n    <!---->\n    <!---->\n    <div class=\"h-section-grid-container h-section-boxed-container\">\n      <!---->\n      <div data-colibri-id=\"2235-c10\" class=\"h-row-container gutters-row-lg-0 gutters-row-md-0 gutters-row-0 gutters-row-v-lg-0 gutters-row-v-md-0 gutters-row-v-0 style-1547 style-local-2235-c10 localisation-faq position-relative\">\n        <!---->\n        <div class=\"h-row justify-content-lg-center justify-content-md-center justify-content-center align-items-lg-stretch align-items-md-stretch align-items-stretch gutters-col-lg-0 gutters-col-md-0 gutters-col-0 gutters-col-v-lg-0 gutters-col-v-md-0 gutters-col-v-0\">\n          <!---->\n          <div class=\"h-column h-column-container d-flex h-col-lg-auto h-col-md-auto h-col-auto style-1548-outer style-local-2235-c11-outer\">\n            <div data-colibri-id=\"2235-c11\" class=\"d-flex h-flex-basis h-column__inner h-px-lg-0 h-px-md-0 h-px-0 v-inner-lg-0 v-inner-md-0 v-inner-0 style-1548 style-local-2235-c11 position-relative\">\n              <!---->\n              <!---->\n              <div class=\"w-100 h-y-container h-column__content h-column__v-align flex-basis-100 align-self-lg-start align-self-md-start align-self-start\">\n                <!---->\n                <div data-colibri-id=\"2235-c12\" class=\"h-global-transition-all h-heading style-1549 style-local-2235-c12 position-relative h-element\">\n                  <!---->\n                  <div class=\"h-heading__outer style-1549 style-local-2235-c12\">\n                    <!---->\n                    <!---->\n                    <h2 class=\"\">FAQ<\/h2>\n                  <\/div>\n                <\/div>\n                <div data-colibri-id=\"2235-c13\" class=\"h-row-container gutters-row-lg-2 gutters-row-md-0 gutters-row-0 gutters-row-v-lg-2 gutters-row-v-md-0 gutters-row-v-0 style-1550 style-local-2235-c13 position-relative\">\n                  <!---->\n                  <div class=\"h-row justify-content-lg-center justify-content-md-center justify-content-center align-items-lg-stretch align-items-md-stretch align-items-stretch gutters-col-lg-2 gutters-col-md-0 gutters-col-0 gutters-col-v-lg-2 gutters-col-v-md-0 gutters-col-v-0\">\n                    <!---->\n                    <div class=\"h-column h-column-container d-flex h-col-lg-auto h-col-md-auto h-col-auto style-1551-outer style-local-2235-c14-outer\">\n                      <div data-colibri-id=\"2235-c14\" class=\"d-flex h-flex-basis h-column__inner h-px-lg-2 h-px-md-0 h-px-2 v-inner-lg-2 v-inner-md-0 v-inner-2 style-1551 style-local-2235-c14 position-relative\">\n                        <!---->\n                        <!---->\n                        <div class=\"w-100 h-y-container h-column__content h-column__v-align flex-basis-100 align-self-lg-start align-self-md-start align-self-start\">\n                          <!---->\n                          <div data-toggle=\"true\" data-is-preview=\"true\" data-colibri-component=\"accordion\" data-colibri-id=\"2235-c15\" class=\"h-accordion style-1552 style-local-2235-c15 position-relative h-element\">\n                            <!---->\n                            <div data-colibri-id=\"2235-c16\" class=\"h-accordion-item h-accordion-item-first-child style-1553 style-local-2235-c16 position-relative h-element\">\n                              <!---->\n                              <a data-open-by-default=\"false\" href=\"#2235-c16\" class=\"h-accordion-item-title d-flex align-items-center h-global-transition\">\n                                <!----><span>Que propose Boitsfort Fun\u00e9railles pour accompagner les familles ?<\/span>\n                                <div class=\"h-accordion-item-title-normal-icon h-accordion-item-title-icon h-accordion-item-title-icon-right\"><span class=\"h-svg-icon\"><!--Icon by Icons8 Line Awesome (https:\/\/icons8.com\/line-awesome)--><svg version=\"1.1\" xmlns=\"http:\/\/www.w3.org\/2000\/svg\" xmlns:xlink=\"http:\/\/www.w3.org\/1999\/xlink\" id=\"arrow-down\" viewBox=\"0 0 512 545.5\"><path d=\"M240 96h32v321l108.5-108.5 23 23-136 136-11.5 11-11.5-11-136-136 23-23L240 417V96z\"><\/path><\/svg><\/span><\/div>\n                                <div class=\"h-accordion-item-title-active-icon h-accordion-item-title-icon h-accordion-item-title-icon-right\"><span class=\"h-svg-icon\"><!--Icon by Icons8 Line Awesome (https:\/\/icons8.com\/line-awesome)--><svg version=\"1.1\" xmlns=\"http:\/\/www.w3.org\/2000\/svg\" xmlns:xlink=\"http:\/\/www.w3.org\/1999\/xlink\" id=\"arrow-up\" viewBox=\"0 0 512 545.5\"><path d=\"M256 97.5l11.5 11 136 136-23 23L272 159v321h-32V159L131.5 267.5l-23-23 136-136z\"><\/path><\/svg><\/span><\/div>\n                              <\/a>\n                              <div id=\"2235-c16\" class=\"h-accordion-item-content__container\">\n                                <div class=\"w-100 h-y-container h-accordion-item-content\">\n                                  <!---->\n                                  <div data-colibri-id=\"2235-c17\" class=\"h-text h-text-component style-1554 style-local-2235-c17 position-relative h-element\">\n                                    <!---->\n                                    <!---->\n                                    <div class=\"\">\n                                      <p>Notre entreprise de pompes fun\u00e8bres propose une <strong>aide compl\u00e8te<\/strong>, du premier appel jusqu\u2019au moment de comm\u00e9moration. Nous prenons soin d\u2019\u00e9couter chaque situation, de comprendre les besoins et d\u2019apporter\n                                        des <strong>solutions adapt\u00e9es<\/strong> \u00e0 cette p\u00e9riode d\u00e9licate. Notre priorit\u00e9 est d\u2019offrir un <strong>cadre calme<\/strong> et une <strong>pr\u00e9sence fiable<\/strong> \u00e0 chaque \u00e9tape.<\/p>\n                                    <\/div>\n                                  <\/div>\n                                <\/div>\n                              <\/div>\n                            <\/div>\n                            <div data-colibri-id=\"2235-c18\" class=\"h-accordion-item style-1555 style-local-2235-c18 position-relative h-element\">\n                              <!---->\n                              <a data-open-by-default=\"false\" href=\"#2235-c18\" class=\"h-accordion-item-title d-flex align-items-center h-global-transition\">\n                                <!----><span>Comment pr\u00e9parer sereinement les adieux d\u2019un proche en r\u00e9gion bruxelloise ?<\/span>\n                                <div class=\"h-accordion-item-title-normal-icon h-accordion-item-title-icon h-accordion-item-title-icon-right\"><span class=\"h-svg-icon\"><!--Icon by Icons8 Line Awesome (https:\/\/icons8.com\/line-awesome)--><svg version=\"1.1\" xmlns=\"http:\/\/www.w3.org\/2000\/svg\" xmlns:xlink=\"http:\/\/www.w3.org\/1999\/xlink\" id=\"arrow-down\" viewBox=\"0 0 512 545.5\"><path d=\"M240 96h32v321l108.5-108.5 23 23-136 136-11.5 11-11.5-11-136-136 23-23L240 417V96z\"><\/path><\/svg><\/span><\/div>\n                                <div class=\"h-accordion-item-title-active-icon h-accordion-item-title-icon h-accordion-item-title-icon-right\"><span class=\"h-svg-icon\"><!--Icon by Icons8 Line Awesome (https:\/\/icons8.com\/line-awesome)--><svg version=\"1.1\" xmlns=\"http:\/\/www.w3.org\/2000\/svg\" xmlns:xlink=\"http:\/\/www.w3.org\/1999\/xlink\" id=\"arrow-up\" viewBox=\"0 0 512 545.5\"><path d=\"M256 97.5l11.5 11 136 136-23 23L272 159v321h-32V159L131.5 267.5l-23-23 136-136z\"><\/path><\/svg><\/span><\/div>\n                              <\/a>\n                              <div id=\"2235-c18\" class=\"h-accordion-item-content__container\">\n                                <div class=\"w-100 h-y-container h-accordion-item-content\">\n                                  <!---->\n                                  <div data-colibri-id=\"2235-c19\" class=\"h-text h-text-component style-1556 style-local-2235-c19 position-relative h-element\">\n                                    <!---->\n                                    <!---->\n                                    <div class=\"\">\n                                      <p>Lorsqu\u2019un d\u00e9c\u00e8s survient, il est souvent compliqu\u00e9 de savoir par o\u00f9 commencer. Notre \u00e9quipe est l\u00e0 pour vous <strong>guider<\/strong> pas \u00e0 pas, en expliquant chaque \u00e9tape et en <strong>facilitant le processus global<\/strong>.\n                                        Tout est mis en \u0153uvre pour que les d\u00e9cisions soient prises dans la <strong>clart\u00e9 et la s\u00e9r\u00e9nit\u00e9<\/strong>.<\/p>\n                                      <p>Gr\u00e2ce \u00e0 une <strong>\u00e9coute attentive<\/strong> et des <strong>conseils concrets<\/strong>, nous aidons \u00e0 faire face \u00e0 la perte d\u2019un \u00eatre cher dans les meilleures conditions possibles. Vous pouvez compter sur notre disponibilit\u00e9\n                                        et notre exp\u00e9rience pour que cette transition se d\u00e9roule avec douceur et professionnalisme.<\/p>\n                                    <\/div>\n                                  <\/div>\n                                <\/div>\n                              <\/div>\n                            <\/div>\n                            <div data-colibri-id=\"2235-c20\" class=\"h-accordion-item style-1557 style-local-2235-c20 position-relative h-element\">\n                              <!---->\n                              <a data-open-by-default=\"false\" href=\"#2235-c20\" class=\"h-accordion-item-title d-flex align-items-center h-global-transition\">\n                                <!----><span>Quelles formalit\u00e9s sont prises en main par Boitsfort Fun\u00e9railles ?<\/span>\n                                <div class=\"h-accordion-item-title-normal-icon h-accordion-item-title-icon h-accordion-item-title-icon-right\"><span class=\"h-svg-icon\"><!--Icon by Icons8 Line Awesome (https:\/\/icons8.com\/line-awesome)--><svg version=\"1.1\" xmlns=\"http:\/\/www.w3.org\/2000\/svg\" xmlns:xlink=\"http:\/\/www.w3.org\/1999\/xlink\" id=\"arrow-down\" viewBox=\"0 0 512 545.5\"><path d=\"M240 96h32v321l108.5-108.5 23 23-136 136-11.5 11-11.5-11-136-136 23-23L240 417V96z\"><\/path><\/svg><\/span><\/div>\n                                <div class=\"h-accordion-item-title-active-icon h-accordion-item-title-icon h-accordion-item-title-icon-right\"><span class=\"h-svg-icon\"><!--Icon by Icons8 Line Awesome (https:\/\/icons8.com\/line-awesome)--><svg version=\"1.1\" xmlns=\"http:\/\/www.w3.org\/2000\/svg\" xmlns:xlink=\"http:\/\/www.w3.org\/1999\/xlink\" id=\"arrow-up\" viewBox=\"0 0 512 545.5\"><path d=\"M256 97.5l11.5 11 136 136-23 23L272 159v321h-32V159L131.5 267.5l-23-23 136-136z\"><\/path><\/svg><\/span><\/div>\n                              <\/a>\n                              <div id=\"2235-c20\" class=\"h-accordion-item-content__container\">\n                                <div class=\"w-100 h-y-container h-accordion-item-content\">\n                                  <!---->\n                                  <div data-colibri-id=\"2235-c21\" class=\"h-text h-text-component style-1558 style-local-2235-c21 position-relative h-element\">\n                                    <!---->\n                                    <!---->\n                                    <div class=\"\">\n                                      <p>Notre \u00e9quipe intervient dans l\u2019<strong>ensemble des formalit\u00e9s n\u00e9cessaires<\/strong> : avis officiels, coordination avec les autorit\u00e9s locales ou les lieux concern\u00e9s, pr\u00e9paration logistique. Cette assistance permet\n                                        d\u2019\u00e9viter les impr\u00e9vus et d\u2019<strong>all\u00e9ger la p\u00e9riode de deuil<\/strong>.<\/p>\n                                      <p>Chaque action est r\u00e9alis\u00e9e avec <strong>m\u00e9thode et pr\u00e9cision<\/strong>, pour que tout se d\u00e9roule sans stress suppl\u00e9mentaire. Vous restez libre de vous concentrer sur l\u2019essentiel, tandis que nous nous occupons des <strong>d\u00e9tails pratiques<\/strong>                                        avec <strong>rigueur et respect des obligations l\u00e9gales<\/strong>.<\/p>\n                                    <\/div>\n                                  <\/div>\n                                <\/div>\n                              <\/div>\n                            <\/div>\n                            <div data-colibri-id=\"2235-c22\" class=\"h-accordion-item style-1559 style-local-2235-c22 position-relative h-element\">\n                              <!---->\n                              <a data-open-by-default=\"false\" href=\"#2235-c22\" class=\"h-accordion-item-title d-flex align-items-center h-global-transition\">\n                                <!----><span>Offrez-vous des adieux personnalis\u00e9s selon les convictions ou la vie du disparu ?<\/span>\n                                <div class=\"h-accordion-item-title-normal-icon h-accordion-item-title-icon h-accordion-item-title-icon-right\"><span class=\"h-svg-icon\"><!--Icon by Icons8 Line Awesome (https:\/\/icons8.com\/line-awesome)--><svg version=\"1.1\" xmlns=\"http:\/\/www.w3.org\/2000\/svg\" xmlns:xlink=\"http:\/\/www.w3.org\/1999\/xlink\" id=\"arrow-down\" viewBox=\"0 0 512 545.5\"><path d=\"M240 96h32v321l108.5-108.5 23 23-136 136-11.5 11-11.5-11-136-136 23-23L240 417V96z\"><\/path><\/svg><\/span><\/div>\n                                <div class=\"h-accordion-item-title-active-icon h-accordion-item-title-icon h-accordion-item-title-icon-right\"><span class=\"h-svg-icon\"><!--Icon by Icons8 Line Awesome (https:\/\/icons8.com\/line-awesome)--><svg version=\"1.1\" xmlns=\"http:\/\/www.w3.org\/2000\/svg\" xmlns:xlink=\"http:\/\/www.w3.org\/1999\/xlink\" id=\"arrow-up\" viewBox=\"0 0 512 545.5\"><path d=\"M256 97.5l11.5 11 136 136-23 23L272 159v321h-32V159L131.5 267.5l-23-23 136-136z\"><\/path><\/svg><\/span><\/div>\n                              <\/a>\n                              <div id=\"2235-c22\" class=\"h-accordion-item-content__container\">\n                                <div class=\"w-100 h-y-container h-accordion-item-content\">\n                                  <!---->\n                                  <div data-colibri-id=\"2235-c23\" class=\"h-text h-text-component style-1560 style-local-2235-c23 position-relative h-element\">\n                                    <!---->\n                                    <!---->\n                                    <div class=\"\">\n                                      <p>Oui, nous veillons \u00e0 ce que chaque adieu refl\u00e8te la <strong>personnalit\u00e9 <\/strong>et le <strong>parcours <\/strong>de la personne disparue. Musiques, textes, symboles ou atmosph\u00e8re : tout peut \u00eatre ajust\u00e9 pour cr\u00e9er\n                                        une c\u00e9r\u00e9monie&nbsp;<strong>pleine de sens<\/strong>.<\/p>\n                                      <p>Notre r\u00f4le est de vous aider \u00e0 exprimer ce qui compte, \u00e0 votre mani\u00e8re. Ces moments uniques permettent souvent d\u2019apaiser les \u00e9motions et d\u2019<strong>honorer les souvenirs<\/strong> de fa\u00e7on sinc\u00e8re et r\u00e9confortante.<\/p>\n                                    <\/div>\n                                  <\/div>\n                                <\/div>\n                              <\/div>\n                            <\/div>\n                          <\/div>\n                        <\/div>\n                      <\/div>\n                    <\/div>\n                    <div class=\"h-column h-column-container d-flex h-col-lg-auto h-col-md-auto h-col-auto style-1551-outer style-local-2235-c24-outer\">\n                      <div data-colibri-id=\"2235-c24\" class=\"d-flex h-flex-basis h-column__inner h-px-lg-2 h-px-md-0 h-px-2 v-inner-lg-2 v-inner-md-0 v-inner-2 style-1551 style-local-2235-c24 position-relative\">\n                        <!---->\n                        <!---->\n                        <div class=\"w-100 h-y-container h-column__content h-column__v-align flex-basis-100 align-self-lg-start align-self-md-start align-self-start\">\n                          <!---->\n                          <div data-toggle=\"true\" data-is-preview=\"true\" data-colibri-component=\"accordion\" data-colibri-id=\"2235-c25\" class=\"h-accordion style-1561 style-local-2235-c25 position-relative h-element\">\n                            <!---->\n                            <div data-colibri-id=\"2235-c26\" class=\"h-accordion-item h-accordion-item-first-child style-1562 style-local-2235-c26 position-relative h-element\">\n                              <!---->\n                              <a data-open-by-default=\"false\" href=\"#2235-c26\" class=\"h-accordion-item-title d-flex align-items-center h-global-transition\">\n                                <!----><span>Disposez-vous d\u2019un lieu pour se recueillir avant la mise en bi\u00e8re ?<\/span>\n                                <div class=\"h-accordion-item-title-normal-icon h-accordion-item-title-icon h-accordion-item-title-icon-right\"><span class=\"h-svg-icon\"><!--Icon by Icons8 Line Awesome (https:\/\/icons8.com\/line-awesome)--><svg version=\"1.1\" xmlns=\"http:\/\/www.w3.org\/2000\/svg\" xmlns:xlink=\"http:\/\/www.w3.org\/1999\/xlink\" id=\"arrow-down\" viewBox=\"0 0 512 545.5\"><path d=\"M240 96h32v321l108.5-108.5 23 23-136 136-11.5 11-11.5-11-136-136 23-23L240 417V96z\"><\/path><\/svg><\/span><\/div>\n                                <div class=\"h-accordion-item-title-active-icon h-accordion-item-title-icon h-accordion-item-title-icon-right\"><span class=\"h-svg-icon\"><!--Icon by Icons8 Line Awesome (https:\/\/icons8.com\/line-awesome)--><svg version=\"1.1\" xmlns=\"http:\/\/www.w3.org\/2000\/svg\" xmlns:xlink=\"http:\/\/www.w3.org\/1999\/xlink\" id=\"arrow-up\" viewBox=\"0 0 512 545.5\"><path d=\"M256 97.5l11.5 11 136 136-23 23L272 159v321h-32V159L131.5 267.5l-23-23 136-136z\"><\/path><\/svg><\/span><\/div>\n                              <\/a>\n                              <div id=\"2235-c26\" class=\"h-accordion-item-content__container\">\n                                <div class=\"w-100 h-y-container h-accordion-item-content\">\n                                  <!---->\n                                  <div data-colibri-id=\"2235-c27\" class=\"h-text h-text-component style-1554 style-local-2235-c27 position-relative h-element\">\n                                    <!---->\n                                    <!---->\n                                    <div class=\"\">\n                                      <p>Notre \u00e9tablissement situ\u00e9 \u00e0 Watermael-Boitsfort comprend plusieurs <strong>espaces de recueillement<\/strong> o\u00f9 les proches peuvent venir se retrouver. Ces lieux ont \u00e9t\u00e9 pens\u00e9s pour <strong>favoriser le calme et le respect<\/strong>                                        du temps de chacun.<\/p>\n                                    <\/div>\n                                  <\/div>\n                                <\/div>\n                              <\/div>\n                            <\/div>\n                            <div data-colibri-id=\"2235-c28\" class=\"h-accordion-item style-1563 style-local-2235-c28 position-relative h-element\">\n                              <!---->\n                              <a data-open-by-default=\"false\" href=\"#2235-c28\" class=\"h-accordion-item-title d-flex align-items-center h-global-transition\">\n                                <!----><span>Est-il possible d\u2019organiser un moment de partage apr\u00e8s la c\u00e9r\u00e9monie ?<\/span>\n                                <div class=\"h-accordion-item-title-normal-icon h-accordion-item-title-icon h-accordion-item-title-icon-right\"><span class=\"h-svg-icon\"><!--Icon by Icons8 Line Awesome (https:\/\/icons8.com\/line-awesome)--><svg version=\"1.1\" xmlns=\"http:\/\/www.w3.org\/2000\/svg\" xmlns:xlink=\"http:\/\/www.w3.org\/1999\/xlink\" id=\"arrow-down\" viewBox=\"0 0 512 545.5\"><path d=\"M240 96h32v321l108.5-108.5 23 23-136 136-11.5 11-11.5-11-136-136 23-23L240 417V96z\"><\/path><\/svg><\/span><\/div>\n                                <div class=\"h-accordion-item-title-active-icon h-accordion-item-title-icon h-accordion-item-title-icon-right\"><span class=\"h-svg-icon\"><!--Icon by Icons8 Line Awesome (https:\/\/icons8.com\/line-awesome)--><svg version=\"1.1\" xmlns=\"http:\/\/www.w3.org\/2000\/svg\" xmlns:xlink=\"http:\/\/www.w3.org\/1999\/xlink\" id=\"arrow-up\" viewBox=\"0 0 512 545.5\"><path d=\"M256 97.5l11.5 11 136 136-23 23L272 159v321h-32V159L131.5 267.5l-23-23 136-136z\"><\/path><\/svg><\/span><\/div>\n                              <\/a>\n                              <div id=\"2235-c28\" class=\"h-accordion-item-content__container\">\n                                <div class=\"w-100 h-y-container h-accordion-item-content\">\n                                  <!---->\n                                  <div data-colibri-id=\"2235-c29\" class=\"h-text h-text-component style-1556 style-local-2235-c29 position-relative h-element\">\n                                    <!---->\n                                    <!---->\n                                    <div class=\"\">\n                                      <p>Oui, il est tout \u00e0 fait possible de prolonger cette journ\u00e9e par un <strong>moment de partage convivial<\/strong>. Une salle d\u00e9di\u00e9e peut accueillir les proches autour d\u2019un caf\u00e9 ou d\u2019une collation, afin d\u2019\u00e9changer souvenirs\n                                        et t\u00e9moignages dans un <strong>climat d\u2019\u00e9coute et de respect<\/strong>.<\/p>\n                                    <\/div>\n                                  <\/div>\n                                <\/div>\n                              <\/div>\n                            <\/div>\n                            <div data-colibri-id=\"2235-c30\" class=\"h-accordion-item style-1564 style-local-2235-c30 position-relative h-element\">\n                              <!---->\n                              <a data-open-by-default=\"false\" href=\"#2235-c30\" class=\"h-accordion-item-title d-flex align-items-center h-global-transition\">\n                                <!----><span>Quelles prestations mettez-vous \u00e0 disposition ?<\/span>\n                                <div class=\"h-accordion-item-title-normal-icon h-accordion-item-title-icon h-accordion-item-title-icon-right\"><span class=\"h-svg-icon\"><!--Icon by Icons8 Line Awesome (https:\/\/icons8.com\/line-awesome)--><svg version=\"1.1\" xmlns=\"http:\/\/www.w3.org\/2000\/svg\" xmlns:xlink=\"http:\/\/www.w3.org\/1999\/xlink\" id=\"arrow-down\" viewBox=\"0 0 512 545.5\"><path d=\"M240 96h32v321l108.5-108.5 23 23-136 136-11.5 11-11.5-11-136-136 23-23L240 417V96z\"><\/path><\/svg><\/span><\/div>\n                                <div class=\"h-accordion-item-title-active-icon h-accordion-item-title-icon h-accordion-item-title-icon-right\"><span class=\"h-svg-icon\"><!--Icon by Icons8 Line Awesome (https:\/\/icons8.com\/line-awesome)--><svg version=\"1.1\" xmlns=\"http:\/\/www.w3.org\/2000\/svg\" xmlns:xlink=\"http:\/\/www.w3.org\/1999\/xlink\" id=\"arrow-up\" viewBox=\"0 0 512 545.5\"><path d=\"M256 97.5l11.5 11 136 136-23 23L272 159v321h-32V159L131.5 267.5l-23-23 136-136z\"><\/path><\/svg><\/span><\/div>\n                              <\/a>\n                              <div id=\"2235-c30\" class=\"h-accordion-item-content__container\">\n                                <div class=\"w-100 h-y-container h-accordion-item-content\">\n                                  <!---->\n                                  <div data-colibri-id=\"2235-c31\" class=\"h-text h-text-component style-1565 style-local-2235-c31 position-relative h-element\">\n                                    <!---->\n                                    <!---->\n                                    <div class=\"\">\n                                      <p>Nos prestations varient selon les attentes et la nature du d\u00e9part envisag\u00e9, le transport du d\u00e9funt, la <strong>mise en bi\u00e8re<\/strong>, la <strong>pr\u00e9paration du corps<\/strong>, les <span style=\"font-weight: 700;\">r\u00e9servations des diff\u00e9rents lieux<\/span>,\n                                        la <span style=\"font-weight: 700;\">r\u00e9daction et le suivi d&rsquo;annonce dans la presse<\/span>, ou encore la <strong>gestion des documents officiels<\/strong>. Chaque formule est con\u00e7ue pour r\u00e9pondre \u00e0 vos besoins avec\n                                        souplesse et qualit\u00e9.<\/p>\n                                      <p>Nos assistants pr\u00e9sentent toujours les <strong>tarifs en toute transparence<\/strong>, afin que vous puissiez choisir sereinement les prestations essentielles, sans pression ni surprise. L\u2019objectif : que tout soit\n                                        simple, juste et respectueux de vos priorit\u00e9s.<\/p>\n                                    <\/div>\n                                  <\/div>\n                                <\/div>\n                              <\/div>\n                            <\/div>\n                            <div data-colibri-id=\"2235-c32\" class=\"h-accordion-item style-1566 style-local-2235-c32 position-relative h-element\">\n                              <!---->\n                              <a data-open-by-default=\"false\" href=\"#2235-c32\" class=\"h-accordion-item-title d-flex align-items-center h-global-transition\">\n                                <!----><span>Accompagnez-vous les proches apr\u00e8s la c\u00e9r\u00e9monie ?<\/span>\n                                <div class=\"h-accordion-item-title-normal-icon h-accordion-item-title-icon h-accordion-item-title-icon-right\"><span class=\"h-svg-icon\"><!--Icon by Icons8 Line Awesome (https:\/\/icons8.com\/line-awesome)--><svg version=\"1.1\" xmlns=\"http:\/\/www.w3.org\/2000\/svg\" xmlns:xlink=\"http:\/\/www.w3.org\/1999\/xlink\" id=\"arrow-down\" viewBox=\"0 0 512 545.5\"><path d=\"M240 96h32v321l108.5-108.5 23 23-136 136-11.5 11-11.5-11-136-136 23-23L240 417V96z\"><\/path><\/svg><\/span><\/div>\n                                <div class=\"h-accordion-item-title-active-icon h-accordion-item-title-icon h-accordion-item-title-icon-right\"><span class=\"h-svg-icon\"><!--Icon by Icons8 Line Awesome (https:\/\/icons8.com\/line-awesome)--><svg version=\"1.1\" xmlns=\"http:\/\/www.w3.org\/2000\/svg\" xmlns:xlink=\"http:\/\/www.w3.org\/1999\/xlink\" id=\"arrow-up\" viewBox=\"0 0 512 545.5\"><path d=\"M256 97.5l11.5 11 136 136-23 23L272 159v321h-32V159L131.5 267.5l-23-23 136-136z\"><\/path><\/svg><\/span><\/div>\n                              <\/a>\n                              <div id=\"2235-c32\" class=\"h-accordion-item-content__container\">\n                                <div class=\"w-100 h-y-container h-accordion-item-content\">\n                                  <!---->\n                                  <div data-colibri-id=\"2235-c33\" class=\"h-text h-text-component style-1560 style-local-2235-c33 position-relative h-element\">\n                                    <!---->\n                                    <!---->\n                                    <div class=\"\">\n                                      <p>Nous savons qu\u2019apr\u00e8s le d\u00e9part d\u2019un proche, le <strong>besoin d\u2019\u00e9coute et de soutien<\/strong> demeure. C\u2019est pourquoi nous restons joignables pour toute question ou aide compl\u00e9mentaire. Notre engagement vous accompagne\n                                        au-del\u00e0 de l\u2019\u00e9v\u00e9nement, avec simplicit\u00e9 et humanit\u00e9.<\/p>\n                                    <\/div>\n                                  <\/div>\n                                <\/div>\n                              <\/div>\n                            <\/div>\n                          <\/div>\n                        <\/div>\n                      <\/div>\n                    <\/div>\n                  <\/div>\n                <\/div>\n              <\/div>\n            <\/div>\n          <\/div>\n        <\/div>\n      <\/div>\n    <\/div>\n  <\/div>\n<\/div>","protected":false},"excerpt":{"rendered":"<p>\u00c0 vos c\u00f4t\u00e9s pour un recueillement sinc\u00e8re et apais\u00e9 Install\u00e9e \u00e0 Watermael-Boitsfort, notre entreprise familiale de pompes fun\u00e8bres met son exp\u00e9rience au service des habitants de Woluwe-Saint-Lambert et de toute la r\u00e9gion de Bruxelles-Capitale. Depuis plus de trente ans, nous accompagnons les familles endeuill\u00e9es avec bienveillance et professionnalisme, en veillant \u00e0 offrir un hommage sinc\u00e8re [&hellip;]<\/p>\n","protected":false},"author":2,"featured_media":2236,"parent":0,"menu_order":0,"comment_status":"closed","ping_status":"closed","template":"page-templates\/homepage.php","meta":{"inline_featured_image":false,"_monsterinsights_skip_tracking":false,"_monsterinsights_sitenote_active":false,"_monsterinsights_sitenote_note":"","_monsterinsights_sitenote_category":0,"footnotes":""},"class_list":["post-2235","page","type-page","status-publish","has-post-thumbnail","hentry"],"aioseo_notices":[],"_links":{"self":[{"href":"https:\/\/boitsfortfunerailles.be\/index.php\/wp-json\/wp\/v2\/pages\/2235","targetHints":{"allow":["GET"]}}],"collection":[{"href":"https:\/\/boitsfortfunerailles.be\/index.php\/wp-json\/wp\/v2\/pages"}],"about":[{"href":"https:\/\/boitsfortfunerailles.be\/index.php\/wp-json\/wp\/v2\/types\/page"}],"author":[{"embeddable":true,"href":"https:\/\/boitsfortfunerailles.be\/index.php\/wp-json\/wp\/v2\/users\/2"}],"replies":[{"embeddable":true,"href":"https:\/\/boitsfortfunerailles.be\/index.php\/wp-json\/wp\/v2\/comments?post=2235"}],"version-history":[{"count":9,"href":"https:\/\/boitsfortfunerailles.be\/index.php\/wp-json\/wp\/v2\/pages\/2235\/revisions"}],"predecessor-version":[{"id":2546,"href":"https:\/\/boitsfortfunerailles.be\/index.php\/wp-json\/wp\/v2\/pages\/2235\/revisions\/2546"}],"wp:featuredmedia":[{"embeddable":true,"href":"https:\/\/boitsfortfunerailles.be\/index.php\/wp-json\/wp\/v2\/media\/2236"}],"wp:attachment":[{"href":"https:\/\/boitsfortfunerailles.be\/index.php\/wp-json\/wp\/v2\/media?parent=2235"}],"curies":[{"name":"wp","href":"https:\/\/api.w.org\/{rel}","templated":true}]}}