{"id":2253,"date":"2025-11-12T14:26:55","date_gmt":"2025-11-12T13:26:55","guid":{"rendered":"https:\/\/boitsfortfunerailles.be\/?page_id=2253"},"modified":"2026-01-20T14:32:39","modified_gmt":"2026-01-20T13:32:39","slug":"pompes-funebres-ixelles","status":"publish","type":"page","link":"https:\/\/boitsfortfunerailles.be\/index.php\/pompes-funebres-ixelles\/","title":{"rendered":"Pompes Fun\u00e8bres Ixelles"},"content":{"rendered":"<div data-colibri-id=\"2253-c1\" class=\"style-1567 style-local-2253-c1 position-relative\">\n  <!---->\n  <div data-colibri-component=\"section\" data-colibri-id=\"2253-c2\" id=\"histoire\" class=\"h-section h-section-global-spacing d-flex align-items-lg-center align-items-md-center align-items-center style-1568 style-local-2253-c2 position-relative\">\n    <!---->\n    <!---->\n    <div class=\"h-section-grid-container h-section-boxed-container\">\n      <!---->\n      <div data-colibri-id=\"2253-c3\" class=\"h-row-container gutters-row-lg-0 gutters-row-md-0 gutters-row-0 gutters-row-v-lg-0 gutters-row-v-md-0 gutters-row-v-0 style-1569 style-local-2253-c3 localisation-text position-relative\">\n        <!---->\n        <div class=\"h-row justify-content-lg-center justify-content-md-center justify-content-center align-items-lg-stretch align-items-md-stretch align-items-stretch gutters-col-lg-0 gutters-col-md-0 gutters-col-0 gutters-col-v-lg-0 gutters-col-v-md-0 gutters-col-v-0\">\n          <!---->\n          <div class=\"h-column h-column-container d-flex h-col-lg-auto h-col-md-auto h-col-auto style-1570-outer style-local-2253-c4-outer\">\n            <div data-colibri-id=\"2253-c4\" class=\"d-flex h-flex-basis h-column__inner h-px-lg-0 h-px-md-0 h-px-0 v-inner-lg-0 v-inner-md-0 v-inner-0 style-1570 style-local-2253-c4 position-relative\">\n              <!---->\n              <!---->\n              <div class=\"w-100 h-y-container h-column__content h-column__v-align flex-basis-100 align-self-lg-center align-self-md-center align-self-center\">\n                <!---->\n                <div data-colibri-id=\"2253-c5\" class=\"h-row-container gutters-row-lg-0 gutters-row-md-0 gutters-row-0 gutters-row-v-lg-0 gutters-row-v-md-0 gutters-row-v-0 style-1571 style-local-2253-c5 position-relative\">\n                  <!---->\n                  <div class=\"h-row justify-content-lg-center justify-content-md-center justify-content-center align-items-lg-stretch align-items-md-stretch align-items-stretch gutters-col-lg-0 gutters-col-md-0 gutters-col-0 gutters-col-v-lg-0 gutters-col-v-md-0 gutters-col-v-0\">\n                    <!---->\n                    <div class=\"h-column h-column-container d-flex h-col-lg-auto h-col-md-auto h-col-auto style-1572-outer style-local-2253-c6-outer\">\n                      <div data-colibri-id=\"2253-c6\" class=\"d-flex h-flex-basis h-column__inner h-px-lg-0 h-px-md-0 h-px-0 v-inner-lg-0 v-inner-md-0 v-inner-0 style-1572 style-local-2253-c6 position-relative\">\n                        <!---->\n                        <!---->\n                        <div class=\"w-100 h-y-container h-column__content h-column__v-align flex-basis-100 align-self-lg-start align-self-md-start align-self-start\">\n                          <!---->\n                          <div data-colibri-id=\"2253-c7\" class=\"h-global-transition-all h-heading style-1573 style-local-2253-c7 position-relative h-element\">\n                            <!---->\n                            <div class=\"h-heading__outer style-1573 style-local-2253-c7\">\n                              <!---->\n                              <!---->\n                              <h2 class=\"\">L\u2019\u00e9coute d\u2019une maison familiale&nbsp;<\/h2>\n                            <\/div>\n                          <\/div>\n                        <\/div>\n                      <\/div>\n                    <\/div>\n                  <\/div>\n                <\/div>\n                <div data-colibri-id=\"2253-c8\" class=\"h-text h-text-component style-1574 style-local-2253-c8 position-relative h-element\">\n                  <!---->\n                  <!---->\n                  <div class=\"\">\n                    <p>Bas\u00e9e \u00e0 <strong>Watermael-Boitsfort<\/strong>, notre entreprise familiale de pompes fun\u00e8bres met son savoir-faire au service des habitants d\u2019<strong>Ixelles<\/strong> et de la <strong>R\u00e9gion bruxelloise<\/strong>. Depuis de nombreuses\n                      ann\u00e9es, notre <strong>agence fun\u00e9raire<\/strong> accompagne chaque famille dans la mise en place d\u2019obs\u00e8ques empreintes de <strong>respect<\/strong> et de <strong>dignit\u00e9<\/strong>.<\/p>\n                    <p>Situ\u00e9e \u00e0 proximit\u00e9 imm\u00e9diate d\u2019Ixelles, notre ligne t\u00e9l\u00e9phonique, en cas de d\u00e9c\u00e8s reste <strong>disponible jour et nuit <\/strong>pour toute prise en charge. Nous intervenons avec <strong>humanit\u00e9<\/strong> et <strong>empathie<\/strong>,\n                      en proposant un <strong>accompagnement personnalis\u00e9<\/strong> adapt\u00e9 \u00e0 chaque besoin.<\/p>\n                    <h2><span style=\"font-family: &quot;Playfair Display&quot;;\">Des prestations fun\u00e9raires compl\u00e8tes.<\/span><\/h2>\n                    <p>Notre entreprise fun\u00e9raire propose un <strong>large \u00e9ventail de services fun\u00e9raires<\/strong> afin d\u2019aider les familles \u00e0 organiser cette \u00e9tape difficile. Qu\u2019il s\u2019agisse d\u2019une inhumation traditionnelle, d\u2019une cr\u00e9mation, chaque organisation\n                      de fun\u00e9railles est pens\u00e9e dans un <strong>esprit respectueux et efficace<\/strong>.<\/p>\n                    <p>Nous assurons la <strong>coordination compl\u00e8te<\/strong> : choix du cercueil, de l\u2019urne, des fleurs et du monument fun\u00e9raire, avec un <strong>souci constant du d\u00e9tail et de la qualit\u00e9<\/strong>. Chaque service est con\u00e7u pour rendre un\n                      dernier hommage \u00e0 votre proche \u00e0 la hauteur de ses valeurs et des souhaits exprim\u00e9s.<\/p>\n                    <h3>Des d\u00e9marches administratives facilit\u00e9es<\/h3>\n                    <p>Perdre un proche est une \u00e9preuve, les d\u00e9marches administratives sont complexes. <strong>Notre \u00e9quipe d\u00e9vou\u00e9e intervient dans chaque \u00e9tape<\/strong> : d\u00e9claration \u00e0 l&rsquo;\u00e9tat civil, obtention des documents n\u00e9cessaires, coordination avec\n                      la commune et le cimeti\u00e8re.<\/p>\n                    <p>Ce service permet aux familles de traverser cette p\u00e9riode avec <strong>plus de s\u00e9r\u00e9nit\u00e9<\/strong>, tout en b\u00e9n\u00e9ficiant d\u2019un <strong>conseil humain<\/strong> et d\u2019un <strong>soutien constant<\/strong>. Nous veillons \u00e0 ce que chaque information\n                      soit transmise avec transparence, pour faciliter vos d\u00e9cisions.<\/p>\n                    <h3>C\u00e9r\u00e9monie sur mesure et accompagnement attentif<\/h3>\n                    <p>Chaque c\u00e9r\u00e9monie est pens\u00e9e comme un <strong>moment unique<\/strong>, fid\u00e8le aux traditions et aux volont\u00e9s de la personne disparue. Notre ma\u00eetre de c\u00e9r\u00e9monie veille \u00e0 la <strong>bonne organisation des rituels civils ou religieux<\/strong>,\n                      dans le respect des rites et des convictions de chacun.<\/p>\n                    <p>Que la c\u00e9r\u00e9monie ait lieu au fun\u00e9rarium, dans une \u00e9glise ou au cr\u00e9matorium, nous garantissons un <strong>cadre digne, harmonieux et empreint de sinc\u00e9rit\u00e9<\/strong>.<\/p>\n                    <h3>Un fun\u00e9rarium apaisant pr\u00e8s d\u2019Ixelles<\/h3>\n                    <p>Notre fun\u00e9rarium de Boitsfort offre un <strong>espace de recueillement<\/strong> chaleureux et discret. Chaque <strong>chambre fun\u00e9raire<\/strong> a \u00e9t\u00e9 pens\u00e9e pour accueillir les familles dans la <strong>paix<\/strong> et l\u2019<strong>intimit\u00e9<\/strong>.<\/p>\n                    <p>Les locaux sont <strong>calmes<\/strong>, propice au recueillement. Des <strong>salons accueillants<\/strong> permettent de cr\u00e9er un hommage \u00e0 l\u2019image du d\u00e9funt : photos, musique, objets symboliques\u2026<\/p>\n                    <h3>Soins, pr\u00e9sentation et choix du cercueil<\/h3>\n                    <p>Les soins de pr\u00e9sentation sont r\u00e9alis\u00e9s avec le <strong>plus grand professionnalisme<\/strong>. Chaque d\u00e9funt est pr\u00e9par\u00e9 dans le respect et la <strong>dignit\u00e9 humaine<\/strong>, pour offrir \u00e0 la famille un souvenir apais\u00e9.<\/p>\n                    <p>Le choix du cercueil est guid\u00e9 par nos conseillers selon le budget, les pr\u00e9f\u00e9rences \u00e9cologiques ou les dispositions familiales. Nous proposons \u00e9galement des <strong>options \u00e9cologiques<\/strong>, afin d\u2019allier tradition et <strong>conscience environnementale<\/strong>.<\/p>\n                    <h3>Communication et hommage \u00e0 la m\u00e9moire<\/h3>\n                    <p>Nous pouvons cr\u00e9er vos <strong>faire-part<\/strong>,\n                      <a href=\"https:\/\/boitsfortfunerailles.be\/index.php\/avis-de-deces\" target=\"_blank\">avis de d\u00e9c\u00e8s<\/a>, cartes de remerciement ou textes de t\u00e9moignage \u00e0 publier sur des sites web d\u00e9di\u00e9s, page \u00ab\u00a0condol\u00e9ances\u00a0\u00bb.\n                      <br>\n                    <\/p>\n                    <p>Gr\u00e2ce \u00e0 notre exp\u00e9rience, nous vous guidons dans la <strong style=\"font-weight: 700;\">r\u00e9daction&nbsp;<\/strong><strong style=\"font-weight: 400;\">et<\/strong><strong style=\"font-weight: 700;\">&nbsp;<\/strong>la <strong>diffusion de ces annonces<\/strong>                      dans la presse ou en ligne.<\/p>\n                    <h3>Pr\u00e9voir pour soulager ses proches<\/h3>\n                    <p>Penser \u00e0 l\u2019avenir, c\u2019est aussi pr\u00e9parer son dernier voyage. Notre contrat de pr\u00e9voyance vous permet d\u2019anticiper vos fun\u00e9railles dans les moindres d\u00e9tails, de <strong>fixer un prix clair<\/strong> et de <strong>garantir un d\u00e9roulement conforme<\/strong>                      \u00e0 vos attentes.<\/p>\n                    <p>Cette initiative, encadr\u00e9e par une entreprise v\u00e9rifi\u00e9e, offre <strong>confiance et s\u00e9curit\u00e9<\/strong> \u00e0 vos proches. Chaque devis est \u00e9tabli avec transparence, sans frais cach\u00e9s, afin d\u2019assurer la <strong>meilleure prise de d\u00e9cision<\/strong>                      selon votre budget.<\/p>\n                    <h2><strong style=\"font-family: &quot;Playfair Display&quot;; font-weight: 400;\">Notre parcours, entre humanit\u00e9 et clart\u00e9<\/strong><\/h2>\n                    <h3>Un lieu de qui\u00e9tude au c\u0153ur de Boitsfort<\/h3>\n                    <p>\u00c0 Boitsfort, tout pr\u00e8s d\u2019Ixelles et de&nbsp;\n                      <a href=\"https:\/\/boitsfortfunerailles.be\/index.php\/pompes-funebres-uccle\" target=\"_blank\">Uccle<\/a>, notre espace d\u2019accueil a \u00e9t\u00e9 imagin\u00e9 comme un <strong>havre de paix<\/strong>. La lumi\u00e8re naturelle, les <strong>teintes douces<\/strong> et le <strong>silence des environs&nbsp;<\/strong>invitent \u00e0 la s\u00e9r\u00e9nit\u00e9. Les salons,\n                      spacieux et intimistes, permettent de se retrouver calmement, entour\u00e9s d\u2019une atmosph\u00e8re empreinte de chaleur.<\/p>\n                    <p><strong>Deux espaces distincts<\/strong> accueillent les moments de recueillement, tandis qu\u2019une pi\u00e8ce conviviale est ouverte \u00e0 ceux qui souhaitent prolonger l\u2019instant autour d\u2019un caf\u00e9 ou d\u2019un mot r\u00e9confortant. Ce lieu a \u00e9t\u00e9 con\u00e7u pour\n                      offrir <strong>calme et douceur<\/strong>, dans un cadre \u00e0 la fois <strong>discret et profond\u00e9ment humain<\/strong>.<\/p>\n                    <h3>Nos priorit\u00e9s: respect, s\u00e9r\u00e9nit\u00e9 et professionnalisme<\/h3>\n                    <p>Depuis plus de trente ans, notre maison fun\u00e9raire accompagne les familles avec une <strong>exigence constante de rigueur<\/strong>, de <strong>discr\u00e9tion <\/strong>et de <strong>sinc\u00e9rit\u00e9<\/strong>. Nous croyons qu\u2019un dernier adieu doit\n                      avant tout \u00eatre <strong>empreint de valeur humaine<\/strong>. Notre r\u00e9putation repose sur la <strong>confiance <\/strong>et la <strong>disponibilit\u00e9 <\/strong>: chaque jour, nous mettons tout en \u0153uvre pour que chaque \u00e9v\u00e9nement soit\n                      organis\u00e9 avec sinc\u00e9rit\u00e9 et d\u00e9vouement.<\/p>\n                    <h2><span style=\"font-family: &quot;Playfair Display&quot;;\">Nous contacter \u00e0 tout moment<\/span><\/h2>\n                    <p>Situ\u00e9e \u00e0\n                      <a href=\"https:\/\/boitsfortfunerailles.be\/index.php\/pompes-funebres-watermael-boitsfort\" target=\"_blank\">Watermael-Boitsfort<\/a>, notre adresse se trouve \u00e0 proximit\u00e9 imm\u00e9diate d\u2019Ixelles, pr\u00e8s de la rue Jean Paquot et du cimeti\u00e8re d&rsquo;Ixelles. En cas de d\u00e9c\u00e8s, nous sommes joignable&nbsp;<strong>24 h\/24<\/strong>.<\/p>\n                    <p>Pour toute information sur nos services fun\u00e9raires, un devis, ou simplement pour contacter un conseiller, n\u2019h\u00e9sitez pas \u00e0 nous appeler par\n                      <a href=\"tel:+3226605999\">t\u00e9l\u00e9phone <\/a>ou via notre\n                      <a href=\"https:\/\/boitsfortfunerailles.be\/index.php\/contact-us\" target=\"_blank\">page de contact<\/a>&nbsp;du lundi au vendredi de 8h30 \u00e0 17h00.<\/p>\n                  <\/div>\n                <\/div>\n              <\/div>\n            <\/div>\n          <\/div>\n        <\/div>\n      <\/div>\n    <\/div>\n  <\/div>\n  <div data-colibri-component=\"section\" data-colibri-id=\"2253-c9\" id=\"features\" class=\"h-section h-section-global-spacing d-flex align-items-lg-center align-items-md-center align-items-center style-1568 style-local-2253-c9 position-relative\">\n    <!---->\n    <!---->\n    <div class=\"h-section-grid-container h-section-boxed-container\">\n      <!---->\n      <div data-colibri-id=\"2253-c10\" class=\"h-row-container gutters-row-lg-0 gutters-row-md-0 gutters-row-0 gutters-row-v-lg-0 gutters-row-v-md-0 gutters-row-v-0 style-1575 style-local-2253-c10 localisation-faq position-relative\">\n        <!---->\n        <div class=\"h-row justify-content-lg-center justify-content-md-center justify-content-center align-items-lg-stretch align-items-md-stretch align-items-stretch gutters-col-lg-0 gutters-col-md-0 gutters-col-0 gutters-col-v-lg-0 gutters-col-v-md-0 gutters-col-v-0\">\n          <!---->\n          <div class=\"h-column h-column-container d-flex h-col-lg-auto h-col-md-auto h-col-auto style-1576-outer style-local-2253-c11-outer\">\n            <div data-colibri-id=\"2253-c11\" class=\"d-flex h-flex-basis h-column__inner h-px-lg-0 h-px-md-0 h-px-0 v-inner-lg-0 v-inner-md-0 v-inner-0 style-1576 style-local-2253-c11 position-relative\">\n              <!---->\n              <!---->\n              <div class=\"w-100 h-y-container h-column__content h-column__v-align flex-basis-100 align-self-lg-start align-self-md-start align-self-start\">\n                <!---->\n                <div data-colibri-id=\"2253-c12\" class=\"h-global-transition-all h-heading style-1577 style-local-2253-c12 position-relative h-element\">\n                  <!---->\n                  <div class=\"h-heading__outer style-1577 style-local-2253-c12\">\n                    <!---->\n                    <!---->\n                    <h2 class=\"\">FAQ<\/h2>\n                  <\/div>\n                <\/div>\n                <div data-colibri-id=\"2253-c13\" class=\"h-row-container gutters-row-lg-2 gutters-row-md-0 gutters-row-0 gutters-row-v-lg-2 gutters-row-v-md-0 gutters-row-v-0 style-1578 style-local-2253-c13 position-relative\">\n                  <!---->\n                  <div class=\"h-row justify-content-lg-center justify-content-md-center justify-content-center align-items-lg-stretch align-items-md-stretch align-items-stretch gutters-col-lg-2 gutters-col-md-0 gutters-col-0 gutters-col-v-lg-2 gutters-col-v-md-0 gutters-col-v-0\">\n                    <!---->\n                    <div class=\"h-column h-column-container d-flex h-col-lg-auto h-col-md-auto h-col-auto style-1579-outer style-local-2253-c14-outer\">\n                      <div data-colibri-id=\"2253-c14\" class=\"d-flex h-flex-basis h-column__inner h-px-lg-2 h-px-md-0 h-px-2 v-inner-lg-2 v-inner-md-0 v-inner-2 style-1579 style-local-2253-c14 position-relative\">\n                        <!---->\n                        <!---->\n                        <div class=\"w-100 h-y-container h-column__content h-column__v-align flex-basis-100 align-self-lg-start align-self-md-start align-self-start\">\n                          <!---->\n                          <div data-toggle=\"true\" data-is-preview=\"true\" data-colibri-component=\"accordion\" data-colibri-id=\"2253-c15\" class=\"h-accordion style-1580 style-local-2253-c15 position-relative h-element\">\n                            <!---->\n                            <div data-colibri-id=\"2253-c16\" class=\"h-accordion-item h-accordion-item-first-child style-1581 style-local-2253-c16 position-relative h-element\">\n                              <!---->\n                              <a data-open-by-default=\"false\" href=\"#2253-c16\" class=\"h-accordion-item-title d-flex align-items-center h-global-transition\">\n                                <!----><span>Quelle est la mission de Boitsfort Fun\u00e9railles aupr\u00e8s des familles endeuill\u00e9es ?<\/span>\n                                <div class=\"h-accordion-item-title-normal-icon h-accordion-item-title-icon h-accordion-item-title-icon-right\"><span class=\"h-svg-icon\"><!--Icon by Icons8 Line Awesome (https:\/\/icons8.com\/line-awesome)--><svg version=\"1.1\" xmlns=\"http:\/\/www.w3.org\/2000\/svg\" xmlns:xlink=\"http:\/\/www.w3.org\/1999\/xlink\" id=\"arrow-down\" viewBox=\"0 0 512 545.5\"><path d=\"M240 96h32v321l108.5-108.5 23 23-136 136-11.5 11-11.5-11-136-136 23-23L240 417V96z\"><\/path><\/svg><\/span><\/div>\n                                <div class=\"h-accordion-item-title-active-icon h-accordion-item-title-icon h-accordion-item-title-icon-right\"><span class=\"h-svg-icon\"><!--Icon by Icons8 Line Awesome (https:\/\/icons8.com\/line-awesome)--><svg version=\"1.1\" xmlns=\"http:\/\/www.w3.org\/2000\/svg\" xmlns:xlink=\"http:\/\/www.w3.org\/1999\/xlink\" id=\"arrow-up\" viewBox=\"0 0 512 545.5\"><path d=\"M256 97.5l11.5 11 136 136-23 23L272 159v321h-32V159L131.5 267.5l-23-23 136-136z\"><\/path><\/svg><\/span><\/div>\n                              <\/a>\n                              <div id=\"2253-c16\" class=\"h-accordion-item-content__container\">\n                                <div class=\"w-100 h-y-container h-accordion-item-content\">\n                                  <!---->\n                                  <div data-colibri-id=\"2253-c17\" class=\"h-text h-text-component style-1582 style-local-2253-c17 position-relative h-element\">\n                                    <!---->\n                                    <!---->\n                                    <div class=\"\">\n                                      <p>Notre agence met tout en \u0153uvre pour offrir \u00e0 chaque membre de la famille un <strong>accompagnement complet et humain<\/strong> \u00e0 chaque \u00e9tape des fun\u00e9railles. De la <strong>pr\u00e9paration du cercueil<\/strong>&nbsp;jusqu\u2019\u00e0\n                                        la <strong>cr\u00e9mation<\/strong>, nous assurons la mise en place de chaque \u00e9l\u00e9ment avec attention et respect. Notre objectif est d\u2019all\u00e9ger la charge des proches tout en entretenant l&rsquo;image du d\u00e9funt de mani\u00e8re <strong>digne et personnalis\u00e9e<\/strong>.<\/p>\n                                      <p>Nous proposons diff\u00e9rents types de services, allant de l\u2019inhumation traditionnelle \u00e0 la cr\u00e9mation, en passant par des <strong>solutions \u00e9cologiques ou symboliques<\/strong> selon les souhaits exprim\u00e9s. Gr\u00e2ce \u00e0 une\n                                        <strong>\u00e9quipe attentive<\/strong>, le moindre \u00e9l\u00e9ment est adapt\u00e9 aux besoins, aux convictions et au budget de la famille.<\/p>\n                                    <\/div>\n                                  <\/div>\n                                <\/div>\n                              <\/div>\n                            <\/div>\n                            <div data-colibri-id=\"2253-c18\" class=\"h-accordion-item style-1583 style-local-2253-c18 position-relative h-element\">\n                              <!---->\n                              <a data-open-by-default=\"false\" href=\"#2253-c18\" class=\"h-accordion-item-title d-flex align-items-center h-global-transition\">\n                                <!----><span>Comment pr\u00e9parer sereinement des obs\u00e8ques \u00e0 Bruxelles ?<\/span>\n                                <div class=\"h-accordion-item-title-normal-icon h-accordion-item-title-icon h-accordion-item-title-icon-right\"><span class=\"h-svg-icon\"><!--Icon by Icons8 Line Awesome (https:\/\/icons8.com\/line-awesome)--><svg version=\"1.1\" xmlns=\"http:\/\/www.w3.org\/2000\/svg\" xmlns:xlink=\"http:\/\/www.w3.org\/1999\/xlink\" id=\"arrow-down\" viewBox=\"0 0 512 545.5\"><path d=\"M240 96h32v321l108.5-108.5 23 23-136 136-11.5 11-11.5-11-136-136 23-23L240 417V96z\"><\/path><\/svg><\/span><\/div>\n                                <div class=\"h-accordion-item-title-active-icon h-accordion-item-title-icon h-accordion-item-title-icon-right\"><span class=\"h-svg-icon\"><!--Icon by Icons8 Line Awesome (https:\/\/icons8.com\/line-awesome)--><svg version=\"1.1\" xmlns=\"http:\/\/www.w3.org\/2000\/svg\" xmlns:xlink=\"http:\/\/www.w3.org\/1999\/xlink\" id=\"arrow-up\" viewBox=\"0 0 512 545.5\"><path d=\"M256 97.5l11.5 11 136 136-23 23L272 159v321h-32V159L131.5 267.5l-23-23 136-136z\"><\/path><\/svg><\/span><\/div>\n                              <\/a>\n                              <div id=\"2253-c18\" class=\"h-accordion-item-content__container\">\n                                <div class=\"w-100 h-y-container h-accordion-item-content\">\n                                  <!---->\n                                  <div data-colibri-id=\"2253-c19\" class=\"h-text h-text-component style-1584 style-local-2253-c19 position-relative h-element\">\n                                    <!---->\n                                    <!---->\n                                    <div class=\"\">\n                                      <p>Perdre un \u00eatre cher est une \u00e9preuve difficile, mais il est possible d\u2019aborder cette \u00e9preuve avec s\u00e9r\u00e9nit\u00e9 lorsque l\u2019on est bien accompagn\u00e9. <strong>Nos conseillers vous guident \u00e0 travers le fil des pr\u00e9paratifs<\/strong>,\n                                        qu\u2019il s\u2019agisse du choix du lieu, de la c\u00e9r\u00e9monie ou des d\u00e9marches li\u00e9es \u00e0 la concession. Tout est regroup\u00e9 pour <strong>faciliter le processus<\/strong>, dans un climat de compr\u00e9hension.<\/p>\n                                      <p>Notre maison fun\u00e9raire couvre l&rsquo;ensemble de la R\u00e9gion de Bruxelles-Capitale, y compris Ixelles et dans les communes voisines. Vous pouvez nous contacter pour obtenir un <strong>conseil clair<\/strong> et une <strong>r\u00e9ponse adapt\u00e9e \u00e0 votre situation<\/strong>,\n                                        avec transparence sur les co\u00fbts.<\/p>\n                                    <\/div>\n                                  <\/div>\n                                <\/div>\n                              <\/div>\n                            <\/div>\n                            <div data-colibri-id=\"2253-c20\" class=\"h-accordion-item style-1585 style-local-2253-c20 position-relative h-element\">\n                              <!---->\n                              <a data-open-by-default=\"false\" href=\"#2253-c20\" class=\"h-accordion-item-title d-flex align-items-center h-global-transition\">\n                                <!----><span>Comment Boitsfort Fun\u00e9railles simplifie-t-elle les obligations \u00e0 remplir ?<\/span>\n                                <div class=\"h-accordion-item-title-normal-icon h-accordion-item-title-icon h-accordion-item-title-icon-right\"><span class=\"h-svg-icon\"><!--Icon by Icons8 Line Awesome (https:\/\/icons8.com\/line-awesome)--><svg version=\"1.1\" xmlns=\"http:\/\/www.w3.org\/2000\/svg\" xmlns:xlink=\"http:\/\/www.w3.org\/1999\/xlink\" id=\"arrow-down\" viewBox=\"0 0 512 545.5\"><path d=\"M240 96h32v321l108.5-108.5 23 23-136 136-11.5 11-11.5-11-136-136 23-23L240 417V96z\"><\/path><\/svg><\/span><\/div>\n                                <div class=\"h-accordion-item-title-active-icon h-accordion-item-title-icon h-accordion-item-title-icon-right\"><span class=\"h-svg-icon\"><!--Icon by Icons8 Line Awesome (https:\/\/icons8.com\/line-awesome)--><svg version=\"1.1\" xmlns=\"http:\/\/www.w3.org\/2000\/svg\" xmlns:xlink=\"http:\/\/www.w3.org\/1999\/xlink\" id=\"arrow-up\" viewBox=\"0 0 512 545.5\"><path d=\"M256 97.5l11.5 11 136 136-23 23L272 159v321h-32V159L131.5 267.5l-23-23 136-136z\"><\/path><\/svg><\/span><\/div>\n                              <\/a>\n                              <div id=\"2253-c20\" class=\"h-accordion-item-content__container\">\n                                <div class=\"w-100 h-y-container h-accordion-item-content\">\n                                  <!---->\n                                  <div data-colibri-id=\"2253-c21\" class=\"h-text h-text-component style-1586 style-local-2253-c21 position-relative h-element\">\n                                    <!---->\n                                    <!---->\n                                    <div class=\"\">\n                                      <p>Lorsqu\u2019un d\u00e9c\u00e8s survient, les formalit\u00e9s sont complexes. Nos collaborateurs s&rsquo;occupent de toutes les formalit\u00e9s : <strong>d\u00e9claration aupr\u00e8s des autorit\u00e9s<\/strong>, <strong>obtention des autorisations<\/strong> et\n                                        <strong>coordination <\/strong>avec le cr\u00e9matorium ou le cimeti\u00e8re. Vous pouvez ainsi vous concentrer sur l\u2019essentiel, pendant que nous g\u00e9rons les aspects techniques.<\/p>\n                                      <p>Nous travaillons en <strong>collaboration avec les services communaux<\/strong> et les organismes concern\u00e9s pour que chaque formalit\u00e9 soit prise en main sans retard. Cette mise en \u0153uvre permet de r\u00e9duire le stress\n                                        et d\u2019assurer une <strong>gestion fluide<\/strong>, dans le strict respect des d\u00e9lais et des exigences familiales.<\/p>\n                                    <\/div>\n                                  <\/div>\n                                <\/div>\n                              <\/div>\n                            <\/div>\n                            <div data-colibri-id=\"2253-c22\" class=\"h-accordion-item style-1587 style-local-2253-c22 position-relative h-element\">\n                              <!---->\n                              <a data-open-by-default=\"false\" href=\"#2253-c22\" class=\"h-accordion-item-title d-flex align-items-center h-global-transition\">\n                                <!----><span>Offrez-vous des c\u00e9r\u00e9monies enti\u00e8rement personnalis\u00e9es ?<\/span>\n                                <div class=\"h-accordion-item-title-normal-icon h-accordion-item-title-icon h-accordion-item-title-icon-right\"><span class=\"h-svg-icon\"><!--Icon by Icons8 Line Awesome (https:\/\/icons8.com\/line-awesome)--><svg version=\"1.1\" xmlns=\"http:\/\/www.w3.org\/2000\/svg\" xmlns:xlink=\"http:\/\/www.w3.org\/1999\/xlink\" id=\"arrow-down\" viewBox=\"0 0 512 545.5\"><path d=\"M240 96h32v321l108.5-108.5 23 23-136 136-11.5 11-11.5-11-136-136 23-23L240 417V96z\"><\/path><\/svg><\/span><\/div>\n                                <div class=\"h-accordion-item-title-active-icon h-accordion-item-title-icon h-accordion-item-title-icon-right\"><span class=\"h-svg-icon\"><!--Icon by Icons8 Line Awesome (https:\/\/icons8.com\/line-awesome)--><svg version=\"1.1\" xmlns=\"http:\/\/www.w3.org\/2000\/svg\" xmlns:xlink=\"http:\/\/www.w3.org\/1999\/xlink\" id=\"arrow-up\" viewBox=\"0 0 512 545.5\"><path d=\"M256 97.5l11.5 11 136 136-23 23L272 159v321h-32V159L131.5 267.5l-23-23 136-136z\"><\/path><\/svg><\/span><\/div>\n                              <\/a>\n                              <div id=\"2253-c22\" class=\"h-accordion-item-content__container\">\n                                <div class=\"w-100 h-y-container h-accordion-item-content\">\n                                  <!---->\n                                  <div data-colibri-id=\"2253-c23\" class=\"h-text h-text-component style-1588 style-local-2253-c23 position-relative h-element\">\n                                    <!---->\n                                    <!---->\n                                    <div class=\"\">\n                                      <p>Oui, chaque c\u00e9r\u00e9monie fun\u00e9raire que nous organisons est <strong>personnalis\u00e9e selon la vie, la foi et la personnalit\u00e9 <\/strong>de la personne disparue. Qu\u2019il s\u2019agisse d\u2019un hommage intime, d\u2019un rite religieux ou d\u2019une\n                                        comm\u00e9moration la\u00efque, notre ma\u00eetre de c\u00e9r\u00e9monie veille \u00e0 ce que chaque instant refl\u00e8te l\u2019<strong>histoire du d\u00e9funt <\/strong>et les <strong>derni\u00e8res demandes<\/strong> de ses proches.<\/p>\n                                    <\/div>\n                                  <\/div>\n                                <\/div>\n                              <\/div>\n                            <\/div>\n                          <\/div>\n                        <\/div>\n                      <\/div>\n                    <\/div>\n                    <div class=\"h-column h-column-container d-flex h-col-lg-auto h-col-md-auto h-col-auto style-1579-outer style-local-2253-c24-outer\">\n                      <div data-colibri-id=\"2253-c24\" class=\"d-flex h-flex-basis h-column__inner h-px-lg-2 h-px-md-0 h-px-2 v-inner-lg-2 v-inner-md-0 v-inner-2 style-1579 style-local-2253-c24 position-relative\">\n                        <!---->\n                        <!---->\n                        <div class=\"w-100 h-y-container h-column__content h-column__v-align flex-basis-100 align-self-lg-start align-self-md-start align-self-start\">\n                          <!---->\n                          <div data-toggle=\"true\" data-is-preview=\"true\" data-colibri-component=\"accordion\" data-colibri-id=\"2253-c25\" class=\"h-accordion style-1589 style-local-2253-c25 position-relative h-element\">\n                            <!---->\n                            <div data-colibri-id=\"2253-c26\" class=\"h-accordion-item h-accordion-item-first-child style-1590 style-local-2253-c26 position-relative h-element\">\n                              <!---->\n                              <a data-open-by-default=\"false\" href=\"#2253-c26\" class=\"h-accordion-item-title d-flex align-items-center h-global-transition\">\n                                <!----><span>Votre fun\u00e9rarium permet-il de se recueillir dans un cadre apaisant ?<\/span>\n                                <div class=\"h-accordion-item-title-normal-icon h-accordion-item-title-icon h-accordion-item-title-icon-right\"><span class=\"h-svg-icon\"><!--Icon by Icons8 Line Awesome (https:\/\/icons8.com\/line-awesome)--><svg version=\"1.1\" xmlns=\"http:\/\/www.w3.org\/2000\/svg\" xmlns:xlink=\"http:\/\/www.w3.org\/1999\/xlink\" id=\"arrow-down\" viewBox=\"0 0 512 545.5\"><path d=\"M240 96h32v321l108.5-108.5 23 23-136 136-11.5 11-11.5-11-136-136 23-23L240 417V96z\"><\/path><\/svg><\/span><\/div>\n                                <div class=\"h-accordion-item-title-active-icon h-accordion-item-title-icon h-accordion-item-title-icon-right\"><span class=\"h-svg-icon\"><!--Icon by Icons8 Line Awesome (https:\/\/icons8.com\/line-awesome)--><svg version=\"1.1\" xmlns=\"http:\/\/www.w3.org\/2000\/svg\" xmlns:xlink=\"http:\/\/www.w3.org\/1999\/xlink\" id=\"arrow-up\" viewBox=\"0 0 512 545.5\"><path d=\"M256 97.5l11.5 11 136 136-23 23L272 159v321h-32V159L131.5 267.5l-23-23 136-136z\"><\/path><\/svg><\/span><\/div>\n                              <\/a>\n                              <div id=\"2253-c26\" class=\"h-accordion-item-content__container\">\n                                <div class=\"w-100 h-y-container h-accordion-item-content\">\n                                  <!---->\n                                  <div data-colibri-id=\"2253-c27\" class=\"h-text h-text-component style-1582 style-local-2253-c27 position-relative h-element\">\n                                    <!---->\n                                    <!---->\n                                    <div class=\"\">\n                                      <p>Notre fun\u00e9rarium, situ\u00e9 \u00e0 Watermael-Boitsfort \u00e0 proximit\u00e9 d\u2019Ixelles, offre un <strong>cadre calme et lumineux<\/strong> pour se recueillir. Chaque chambre fun\u00e9raire est con\u00e7ue pour <strong>pr\u00e9server l\u2019intimit\u00e9<\/strong>                                        des familles, dans une <strong>atmosph\u00e8re empreinte de douceur<\/strong> et de respect. C\u2019est un lieu o\u00f9 l\u2019on peut se rassembler, d\u00e9poser une fleur, ou partager un souvenir dans le silence.<\/p>\n                                    <\/div>\n                                  <\/div>\n                                <\/div>\n                              <\/div>\n                            <\/div>\n                            <div data-colibri-id=\"2253-c28\" class=\"h-accordion-item style-1591 style-local-2253-c28 position-relative h-element\">\n                              <!---->\n                              <a data-open-by-default=\"false\" href=\"#2253-c28\" class=\"h-accordion-item-title d-flex align-items-center h-global-transition\">\n                                <!----><span>Peut-on pr\u00e9voir un moment de partage apr\u00e8s la c\u00e9r\u00e9monie ?<\/span>\n                                <div class=\"h-accordion-item-title-normal-icon h-accordion-item-title-icon h-accordion-item-title-icon-right\"><span class=\"h-svg-icon\"><!--Icon by Icons8 Line Awesome (https:\/\/icons8.com\/line-awesome)--><svg version=\"1.1\" xmlns=\"http:\/\/www.w3.org\/2000\/svg\" xmlns:xlink=\"http:\/\/www.w3.org\/1999\/xlink\" id=\"arrow-down\" viewBox=\"0 0 512 545.5\"><path d=\"M240 96h32v321l108.5-108.5 23 23-136 136-11.5 11-11.5-11-136-136 23-23L240 417V96z\"><\/path><\/svg><\/span><\/div>\n                                <div class=\"h-accordion-item-title-active-icon h-accordion-item-title-icon h-accordion-item-title-icon-right\"><span class=\"h-svg-icon\"><!--Icon by Icons8 Line Awesome (https:\/\/icons8.com\/line-awesome)--><svg version=\"1.1\" xmlns=\"http:\/\/www.w3.org\/2000\/svg\" xmlns:xlink=\"http:\/\/www.w3.org\/1999\/xlink\" id=\"arrow-up\" viewBox=\"0 0 512 545.5\"><path d=\"M256 97.5l11.5 11 136 136-23 23L272 159v321h-32V159L131.5 267.5l-23-23 136-136z\"><\/path><\/svg><\/span><\/div>\n                              <\/a>\n                              <div id=\"2253-c28\" class=\"h-accordion-item-content__container\">\n                                <div class=\"w-100 h-y-container h-accordion-item-content\">\n                                  <!---->\n                                  <div data-colibri-id=\"2253-c29\" class=\"h-text h-text-component style-1584 style-local-2253-c29 position-relative h-element\">\n                                    <!---->\n                                    <!---->\n                                    <div class=\"\">\n                                      <p>Oui, nous mettons \u00e0 disposition des <strong>salles de r\u00e9ception<\/strong> pour permettre aux familles et aux amis de partager un moment apr\u00e8s la c\u00e9r\u00e9monie. Ce temps de convivialit\u00e9 favorise les <strong>\u00e9changes<\/strong>,\n                                        les <strong>souvenirs&nbsp;<\/strong>et les <strong>remerciements&nbsp;<\/strong>autour d\u2019un verre ou d\u2019un buffet simple. Nous travaillons avec des partenaires locaux pour offrir un service discret et adapt\u00e9 \u00e0 vos\n                                        attentes.<\/p>\n                                      <p>Ces <strong>moments d\u2019empathie<\/strong> sont essentiels pour traverser le deuil et trouver un peu de r\u00e9confort. Nos professionnels veillent \u00e0 tout organiser dans un esprit respectueux et apaisant, afin que les familles\n                                        puissent se concentrer sur l\u2019essentiel : <strong>honorer la m\u00e9moire<\/strong> de la personne d\u00e9c\u00e9d\u00e9e.<\/p>\n                                    <\/div>\n                                  <\/div>\n                                <\/div>\n                              <\/div>\n                            <\/div>\n                            <div data-colibri-id=\"2253-c30\" class=\"h-accordion-item style-1592 style-local-2253-c30 position-relative h-element\">\n                              <!---->\n                              <a data-open-by-default=\"false\" href=\"#2253-c30\" class=\"h-accordion-item-title d-flex align-items-center h-global-transition\">\n                                <!----><span>Quels sont les types d\u2019offices que vous organisez ?<\/span>\n                                <div class=\"h-accordion-item-title-normal-icon h-accordion-item-title-icon h-accordion-item-title-icon-right\"><span class=\"h-svg-icon\"><!--Icon by Icons8 Line Awesome (https:\/\/icons8.com\/line-awesome)--><svg version=\"1.1\" xmlns=\"http:\/\/www.w3.org\/2000\/svg\" xmlns:xlink=\"http:\/\/www.w3.org\/1999\/xlink\" id=\"arrow-down\" viewBox=\"0 0 512 545.5\"><path d=\"M240 96h32v321l108.5-108.5 23 23-136 136-11.5 11-11.5-11-136-136 23-23L240 417V96z\"><\/path><\/svg><\/span><\/div>\n                                <div class=\"h-accordion-item-title-active-icon h-accordion-item-title-icon h-accordion-item-title-icon-right\"><span class=\"h-svg-icon\"><!--Icon by Icons8 Line Awesome (https:\/\/icons8.com\/line-awesome)--><svg version=\"1.1\" xmlns=\"http:\/\/www.w3.org\/2000\/svg\" xmlns:xlink=\"http:\/\/www.w3.org\/1999\/xlink\" id=\"arrow-up\" viewBox=\"0 0 512 545.5\"><path d=\"M256 97.5l11.5 11 136 136-23 23L272 159v321h-32V159L131.5 267.5l-23-23 136-136z\"><\/path><\/svg><\/span><\/div>\n                              <\/a>\n                              <div id=\"2253-c30\" class=\"h-accordion-item-content__container\">\n                                <div class=\"w-100 h-y-container h-accordion-item-content\">\n                                  <!---->\n                                  <div data-colibri-id=\"2253-c31\" class=\"h-text h-text-component style-1593 style-local-2253-c31 position-relative h-element\">\n                                    <!---->\n                                    <!---->\n                                    <div class=\"\">\n                                      <p>Nous proposons <strong>diff\u00e9rents types de comm\u00e9morations<\/strong> selon les traditions, les croyances ou les pr\u00e9f\u00e9rences familiales. Inhumation, cr\u00e9mation, c\u00e9r\u00e9monie la\u00efque ou religieuse : chaque choix est \u00e9tudi\u00e9\n                                        avec soin et expliqu\u00e9 avec clart\u00e9. <strong>Rien n\u2019est impos\u00e9<\/strong> ; tout est <strong>construit sur mesure<\/strong>, dans le respect des volont\u00e9s exprim\u00e9es.<\/p>\n                                      <p>Notre salon fun\u00e9raire met un point d\u2019honneur \u00e0 rendre chaque hommage <strong>unique et authentique<\/strong>. Du choix du bois du cercueil aux arrangements floraux, chaque \u00e9l\u00e9ment est s\u00e9lectionn\u00e9 pour laisser une <strong>derni\u00e8re image empreinte de beaut\u00e9 et d\u2019\u00e9motion<\/strong>.\n                                        Nos conseillers vous aident \u00e0 trouver la <strong>meilleure formule<\/strong>, en fonction du co\u00fbt et du contexte familial.<\/p>\n                                    <\/div>\n                                  <\/div>\n                                <\/div>\n                              <\/div>\n                            <\/div>\n                            <div data-colibri-id=\"2253-c32\" class=\"h-accordion-item style-1594 style-local-2253-c32 position-relative h-element\">\n                              <!---->\n                              <a data-open-by-default=\"false\" href=\"#2253-c32\" class=\"h-accordion-item-title d-flex align-items-center h-global-transition\">\n                                <!----><span>Comment soutenez-vous les familles apr\u00e8s les fun\u00e9railles ?<\/span>\n                                <div class=\"h-accordion-item-title-normal-icon h-accordion-item-title-icon h-accordion-item-title-icon-right\"><span class=\"h-svg-icon\"><!--Icon by Icons8 Line Awesome (https:\/\/icons8.com\/line-awesome)--><svg version=\"1.1\" xmlns=\"http:\/\/www.w3.org\/2000\/svg\" xmlns:xlink=\"http:\/\/www.w3.org\/1999\/xlink\" id=\"arrow-down\" viewBox=\"0 0 512 545.5\"><path d=\"M240 96h32v321l108.5-108.5 23 23-136 136-11.5 11-11.5-11-136-136 23-23L240 417V96z\"><\/path><\/svg><\/span><\/div>\n                                <div class=\"h-accordion-item-title-active-icon h-accordion-item-title-icon h-accordion-item-title-icon-right\"><span class=\"h-svg-icon\"><!--Icon by Icons8 Line Awesome (https:\/\/icons8.com\/line-awesome)--><svg version=\"1.1\" xmlns=\"http:\/\/www.w3.org\/2000\/svg\" xmlns:xlink=\"http:\/\/www.w3.org\/1999\/xlink\" id=\"arrow-up\" viewBox=\"0 0 512 545.5\"><path d=\"M256 97.5l11.5 11 136 136-23 23L272 159v321h-32V159L131.5 267.5l-23-23 136-136z\"><\/path><\/svg><\/span><\/div>\n                              <\/a>\n                              <div id=\"2253-c32\" class=\"h-accordion-item-content__container\">\n                                <div class=\"w-100 h-y-container h-accordion-item-content\">\n                                  <!---->\n                                  <div data-colibri-id=\"2253-c33\" class=\"h-text h-text-component style-1588 style-local-2253-c33 position-relative h-element\">\n                                    <!---->\n                                    <!---->\n                                    <div class=\"\">\n                                      <p>Notre mission ne s\u2019arr\u00eate pas \u00e0 la c\u00e9r\u00e9monie. Apr\u00e8s les fun\u00e9railles, <strong>nous restons disponibles<\/strong> pour accompagner les familles dans leurs <strong>d\u00e9marches ult\u00e9rieures<\/strong> : cl\u00f4ture administrative\n                                        ou cr\u00e9ation d\u2019un monument fun\u00e9raire en pierre dans les semaines qui suivent. <strong>Cette continuit\u00e9 est essentielle<\/strong> pour traverser le deuil sans se sentir seul.<\/p>\n                                      <p>De nombreux proches nous adressent un grand merci pour ce suivi attentif, preuve de notre engagement sinc\u00e8re. Au-del\u00e0 du service, c\u2019est un <strong>v\u00e9ritable lien humain<\/strong> que nous cultivons : aide, conseil\n                                        et pr\u00e9sence bienveillante.<\/p>\n                                    <\/div>\n                                  <\/div>\n                                <\/div>\n                              <\/div>\n                            <\/div>\n                          <\/div>\n                        <\/div>\n                      <\/div>\n                    <\/div>\n                  <\/div>\n                <\/div>\n              <\/div>\n            <\/div>\n          <\/div>\n        <\/div>\n      <\/div>\n    <\/div>\n  <\/div>\n<\/div>","protected":false},"excerpt":{"rendered":"<p>L\u2019\u00e9coute d\u2019une maison familiale&nbsp; Bas\u00e9e \u00e0 Watermael-Boitsfort, notre entreprise familiale de pompes fun\u00e8bres met son savoir-faire au service des habitants d\u2019Ixelles et de la R\u00e9gion bruxelloise. Depuis de nombreuses ann\u00e9es, notre agence fun\u00e9raire accompagne chaque famille dans la mise en place d\u2019obs\u00e8ques empreintes de respect et de dignit\u00e9. Situ\u00e9e \u00e0 proximit\u00e9 imm\u00e9diate d\u2019Ixelles, notre ligne [&hellip;]<\/p>\n","protected":false},"author":2,"featured_media":2254,"parent":0,"menu_order":0,"comment_status":"closed","ping_status":"closed","template":"page-templates\/homepage.php","meta":{"inline_featured_image":false,"_monsterinsights_skip_tracking":false,"_monsterinsights_sitenote_active":false,"_monsterinsights_sitenote_note":"","_monsterinsights_sitenote_category":0,"footnotes":""},"class_list":["post-2253","page","type-page","status-publish","has-post-thumbnail","hentry"],"aioseo_notices":[],"_links":{"self":[{"href":"https:\/\/boitsfortfunerailles.be\/index.php\/wp-json\/wp\/v2\/pages\/2253","targetHints":{"allow":["GET"]}}],"collection":[{"href":"https:\/\/boitsfortfunerailles.be\/index.php\/wp-json\/wp\/v2\/pages"}],"about":[{"href":"https:\/\/boitsfortfunerailles.be\/index.php\/wp-json\/wp\/v2\/types\/page"}],"author":[{"embeddable":true,"href":"https:\/\/boitsfortfunerailles.be\/index.php\/wp-json\/wp\/v2\/users\/2"}],"replies":[{"embeddable":true,"href":"https:\/\/boitsfortfunerailles.be\/index.php\/wp-json\/wp\/v2\/comments?post=2253"}],"version-history":[{"count":8,"href":"https:\/\/boitsfortfunerailles.be\/index.php\/wp-json\/wp\/v2\/pages\/2253\/revisions"}],"predecessor-version":[{"id":2518,"href":"https:\/\/boitsfortfunerailles.be\/index.php\/wp-json\/wp\/v2\/pages\/2253\/revisions\/2518"}],"wp:featuredmedia":[{"embeddable":true,"href":"https:\/\/boitsfortfunerailles.be\/index.php\/wp-json\/wp\/v2\/media\/2254"}],"wp:attachment":[{"href":"https:\/\/boitsfortfunerailles.be\/index.php\/wp-json\/wp\/v2\/media?parent=2253"}],"curies":[{"name":"wp","href":"https:\/\/api.w.org\/{rel}","templated":true}]}}