{"id":2313,"date":"2025-11-12T15:32:41","date_gmt":"2025-11-12T14:32:41","guid":{"rendered":"https:\/\/boitsfortfunerailles.be\/?page_id=2313"},"modified":"2026-01-09T09:46:15","modified_gmt":"2026-01-09T08:46:15","slug":"pompes-funebres-etterbeek","status":"publish","type":"page","link":"https:\/\/boitsfortfunerailles.be\/index.php\/pompes-funebres-etterbeek\/","title":{"rendered":"Pompes Fun\u00e8bres Etterbeek"},"content":{"rendered":"<div data-colibri-id=\"2313-c1\" class=\"style-1595 style-local-2313-c1 position-relative\">\n  <!---->\n  <div data-colibri-component=\"section\" data-colibri-id=\"2313-c2\" id=\"histoire\" class=\"h-section h-section-global-spacing d-flex align-items-lg-center align-items-md-center align-items-center style-1596 style-local-2313-c2 position-relative\">\n    <!---->\n    <!---->\n    <div class=\"h-section-grid-container h-section-boxed-container\">\n      <!---->\n      <div data-colibri-id=\"2313-c3\" class=\"h-row-container gutters-row-lg-0 gutters-row-md-0 gutters-row-0 gutters-row-v-lg-0 gutters-row-v-md-0 gutters-row-v-0 style-1597 style-local-2313-c3 localisation-text position-relative\">\n        <!---->\n        <div class=\"h-row justify-content-lg-center justify-content-md-center justify-content-center align-items-lg-stretch align-items-md-stretch align-items-stretch gutters-col-lg-0 gutters-col-md-0 gutters-col-0 gutters-col-v-lg-0 gutters-col-v-md-0 gutters-col-v-0\">\n          <!---->\n          <div class=\"h-column h-column-container d-flex h-col-lg-auto h-col-md-auto h-col-auto style-1598-outer style-local-2313-c4-outer\">\n            <div data-colibri-id=\"2313-c4\" class=\"d-flex h-flex-basis h-column__inner h-px-lg-0 h-px-md-0 h-px-0 v-inner-lg-0 v-inner-md-0 v-inner-0 style-1598 style-local-2313-c4 position-relative\">\n              <!---->\n              <!---->\n              <div class=\"w-100 h-y-container h-column__content h-column__v-align flex-basis-100 align-self-lg-center align-self-md-center align-self-center\">\n                <!---->\n                <div data-colibri-id=\"2313-c5\" class=\"h-row-container gutters-row-lg-0 gutters-row-md-0 gutters-row-0 gutters-row-v-lg-0 gutters-row-v-md-0 gutters-row-v-0 style-1599 style-local-2313-c5 position-relative\">\n                  <!---->\n                  <div class=\"h-row justify-content-lg-center justify-content-md-center justify-content-center align-items-lg-stretch align-items-md-stretch align-items-stretch gutters-col-lg-0 gutters-col-md-0 gutters-col-0 gutters-col-v-lg-0 gutters-col-v-md-0 gutters-col-v-0\">\n                    <!---->\n                    <div class=\"h-column h-column-container d-flex h-col-lg-auto h-col-md-auto h-col-auto style-1600-outer style-local-2313-c6-outer\">\n                      <div data-colibri-id=\"2313-c6\" class=\"d-flex h-flex-basis h-column__inner h-px-lg-0 h-px-md-0 h-px-0 v-inner-lg-0 v-inner-md-0 v-inner-0 style-1600 style-local-2313-c6 position-relative\">\n                        <!---->\n                        <!---->\n                        <div class=\"w-100 h-y-container h-column__content h-column__v-align flex-basis-100 align-self-lg-start align-self-md-start align-self-start\">\n                          <!---->\n                          <div data-colibri-id=\"2313-c7\" class=\"h-global-transition-all h-heading style-1601 style-local-2313-c7 position-relative h-element\">\n                            <!---->\n                            <div class=\"h-heading__outer style-1601 style-local-2313-c7\">\n                              <!---->\n                              <!---->\n                              <h2 class=\"\">Une pr\u00e9sence bienveillante depuis Watermael-Boitsfort<\/h2>\n                            <\/div>\n                          <\/div>\n                        <\/div>\n                      <\/div>\n                    <\/div>\n                  <\/div>\n                <\/div>\n                <div data-colibri-id=\"2313-c8\" class=\"h-text h-text-component style-1602 style-local-2313-c8 position-relative h-element\">\n                  <!---->\n                  <!---->\n                  <div class=\"\">\n                    <p>Implant\u00e9e \u00e0 <strong>Watermael-Boitsfort<\/strong>, notre <strong>maison fun\u00e9raire<\/strong> met son exp\u00e9rience au profit&nbsp;des familles d\u2019<strong>Etterbeek<\/strong> et de toute la <strong>R\u00e9gion de Bruxelles-Capitale<\/strong>. Depuis\n                      plus de trente ans, nous accompagnons les proches endeuill\u00e9s avec <strong>\u00e9coute, rigueur et discr\u00e9tion<\/strong>, pour que chaque hommage soit \u00e0 la hauteur de la m\u00e9moire du d\u00e9funt.<\/p>\n                    <p>Nos \u00e9quipes se d\u00e9placent rapidement dans tout<strong>&nbsp;Etterbeek<\/strong>, de la <strong>place Jourdan<\/strong> \u00e0 la <strong>rue de Pervyse<\/strong>, afin d\u2019assurer une <strong>prise en charge compl\u00e8te<\/strong> des obs\u00e8ques, du\n                      premier appel jusqu\u2019\u00e0 la c\u00e9r\u00e9monie.<\/p>\n                    <h2><span style=\"font-family: &quot;Playfair Display&quot;;\">Des services fun\u00e9raires propices \u00e0 toute situation<\/span><\/h2>\n                    <p>Notre entreprise de pompes fun\u00e8bres propose une <strong>organisation sur mesure<\/strong> de chaque \u00e9tape :&nbsp;transport du corps,&nbsp;<strong style=\"color: rgb(106, 106, 106); font-family: Roboto; font-size: 16px;\">mise en bi\u00e8re<\/strong>\n                      <span\n                        style=\"color: rgb(106, 106, 106); font-family: Roboto; font-size: 16px; font-weight: 400;\">,<\/span> d\u00e9marches l\u00e9gales et administratives, choix du cercueil ou de l\u2019urne, et coordination avec le <strong>cr\u00e9matorium<\/strong> ou le <strong>cimeti\u00e8re<\/strong>.<\/p>\n                    <p>Chaque service est con\u00e7u pour refl\u00e9ter la personnalit\u00e9 du d\u00e9funt et les&nbsp;souhaits de la famille. Nous veillons \u00e0 cr\u00e9er un <strong>moment d\u2019adieu sinc\u00e8re<\/strong>, empreint de <strong>dignit\u00e9<\/strong> et de <strong>s\u00e9r\u00e9nit\u00e9<\/strong>,\n                      qu\u2019il s\u2019agisse d\u2019une inhumation ou d\u2019une cr\u00e9mation.<\/p>\n                    <h3>Ne restez pas seuls face \u00e0 l\u2019administratif<\/h3>\n                    <p>Les formalit\u00e9s qui suivent un d\u00e9c\u00e8s peuvent para\u00eetre complexes. C\u2019est pourquoi notre \u00e9quipe s\u2019occupe de toutes les d\u00e9marches administratives aupr\u00e8s des <strong>autorit\u00e9s communales<\/strong> et des <strong>institutions concern\u00e9es<\/strong>.<\/p>\n                    <p>Nous vous aidons \u00e0 constituer les <strong>dossiers n\u00e9cessaires<\/strong> (autorisations, certificats, coordination) pour vous permettre de vous concentrer sur l\u2019essentiel : le <strong>recueillement<\/strong> et la <strong>m\u00e9moire<\/strong>.\n                      Notre assistance vise \u00e0 rendre cette \u00e9tape plus douce, dans un <strong>climat de confiance et de clart\u00e9<\/strong>.<\/p>\n                    <h3>C\u00e9r\u00e9monies civiles ou religieuses<\/h3>\n                    <p>Chaque fun\u00e9raille est unique. Nous organisons aussi bien des <strong>c\u00e9r\u00e9monies civiles<\/strong> que religieuses, selon les convictions et les traditions familiales.<\/p>\n                    <p>Nos conseillers fun\u00e9raires, bas\u00e9s \u00e0 Watermael-Boitsfort, vous guident dans le choix du lieu, des musiques, des textes et des symboles, afin de cr\u00e9er une <strong>c\u00e9r\u00e9monie personnalis\u00e9e<\/strong>. Qu\u2019elle ait lieu dans une \u00e9glise, au\n                      <strong>cr\u00e9matorium de <\/strong>\n                      <a href=\"https:\/\/boitsfortfunerailles.be\/index.php\/pompes-funebres-bruxelles\" target=\"_blank\"><strong>Bruxelles<\/strong><\/a>, ou dans notre <strong>salle de c\u00e9r\u00e9monie<\/strong>, chaque d\u00e9tail est pris en compte pour rendre un <strong>hommage authentique<\/strong>.<\/p>\n                    <h3>Un fun\u00e9rarium paisible aux portes d\u2019Etterbeek<\/h3>\n                    <p>Notre fun\u00e9rarium offre un <strong>cadre calme et lumineux<\/strong>, propice \u00e0 la r\u00e9flexion et au souvenir. Les <strong>chambres fun\u00e9raires<\/strong> permettent aux familles de se recueillir dans l\u2019intimit\u00e9, tandis que nos <strong>salons de c\u00e9r\u00e9monie<\/strong>                      accueillent les proches pour une derni\u00e8re annonce rendue au d\u00e9funt.<\/p>\n                    <p>Situ\u00e9e \u00e0 quelques minutes d\u2019Etterbeek, notre <strong>maison fun\u00e9raire<\/strong> met \u00e0 disposition un <strong>espace de recueillement<\/strong> apaisant, o\u00f9 chaque d\u00e9tail a \u00e9t\u00e9 pens\u00e9 pour le <strong>confort des familles<\/strong> et la\n                      <strong>dignit\u00e9 du d\u00e9funt<\/strong>.<\/p>\n                    <h3>Soins du d\u00e9funt et pr\u00e9paratifs<\/h3>\n                    <p>Nos <strong>professionnels qualifi\u00e9s<\/strong> assurent les soins de pr\u00e9sentation avec une attention particuli\u00e8re \u00e0 la <strong>dignit\u00e9 humaine<\/strong>. Chaque geste est r\u00e9alis\u00e9 avec <strong>respect et d\u00e9licatesse<\/strong>, pour permettre\n                      aux familles de se souvenir de leur proche dans la paix.<\/p>\n                    <p>Le choix du cercueil, des fleurs ou de l\u2019urne est accompagn\u00e9 par nos conseillers, qui vous orientent parmi des <strong>mod\u00e8les \u00e9cologiques<\/strong> ou plus traditionnels, selon les <strong>volont\u00e9s<\/strong> et le <strong>budget<\/strong>                      souhait\u00e9s.<\/p>\n                    <h3>Faire-part, avis n\u00e9crologique et souvenirs<\/h3>\n                    <p>R\u00e9diger un <strong>faire-part<\/strong>, publier une <strong>annonce&nbsp;de d\u00e9c\u00e8s<\/strong> ou remercier les proches demande du temps et du tact. Nous prenons en charge la <strong>r\u00e9daction<\/strong>, l\u2019<strong>impression<\/strong> et\n                      la <strong>publication<\/strong> des textes dans la presse.<\/p>\n                    <h3>Contrat de pr\u00e9voyance et organisation anticip\u00e9e<\/h3>\n                    <p>Penser \u00e0 l\u2019avenir, c\u2019est aussi \u00e9pargner \u00e0 ses proches des d\u00e9marches difficiles. Nos <strong>contrats de pr\u00e9voyance fun\u00e9raire<\/strong> permettent de planifier les <strong>prestations essentielles<\/strong> et de fixer un <strong>budget clair<\/strong>                      \u00e0 l\u2019avance.<\/p>\n                    <p>Que vous r\u00e9sidiez \u00e0 Etterbeek,\n                      <a href=\"https:\/\/boitsfortfunerailles.be\/index.php\/pompes-funebres-ixelles\" target=\"_blank\">Ixelles<\/a>,\n                      <a href=\"https:\/\/boitsfortfunerailles.be\/index.php\/pompes-funebres-auderghem\" target=\"_blank\">Auderghem <\/a>ou toute autre commune, nous vous accompagnons dans la pr\u00e9paration d\u2019un <strong>contrat personnalis\u00e9<\/strong>, transparent et sans surprise. Chaque formule est expliqu\u00e9e avec pr\u00e9cision, afin que vos <strong>volont\u00e9s<\/strong>                      soient respect\u00e9es en tout point.<\/p>\n                    <h2><span style=\"font-family: &quot;Playfair Display&quot;;\">\u00c0 propos de nous<\/span><\/h2>\n                    <h3>Un lieu de recueillement paisible \u00e0 proximit\u00e9 d\u2019Etterbeek<\/h3>\n                    <p>Situ\u00e9 \u00e0 <strong>Watermael-Boitsfort<\/strong>, notre fun\u00e9rarium accueille les familles d\u2019Etterbeek et des environs dans un <strong>cadre lumineux et apaisant<\/strong>. Chaque <strong>salon fun\u00e9raire<\/strong> a \u00e9t\u00e9 pens\u00e9 pour offrir\n                      un moment de s\u00e9r\u00e9nit\u00e9 et de souvenir, \u00e0 l\u2019\u00e9cart du tumulte de Bruxelles-Capitale. Vous pouvez y rendre hommage \u00e0 votre proche dans un <strong>environnement calme, propice \u00e0 la r\u00e9flexion<\/strong>.<\/p>\n                    <p>Nos <strong>salles de c\u00e9r\u00e9monie<\/strong> permettent d\u2019organiser tout type de <strong>fun\u00e9railles<\/strong>, qu\u2019elles soient religieuses ou civiles. Nous mettons \u00e0 disposition des <strong>espaces chaleureux, am\u00e9nag\u00e9s avec soin<\/strong>,\n                      pour accompagner chaque dernier adieu avec respect et discr\u00e9tion.<\/p>\n                    <h3>Une \u00e9quipe disponible jour et nuit<\/h3>\n                    <p>Parce qu\u2019un d\u00e9c\u00e8s survient souvent sans pr\u00e9venir, notre service fun\u00e9raire reste <strong>joignable 24h\/24 et 7j\/7<\/strong>. Il suffit d\u2019un simple\n                      <a href=\"tel:+3226605999\" style=\"font-weight: 400;\"><strong>appel t\u00e9l\u00e9phonique<\/strong><\/a> pour qu\u2019un conseiller assure une prise en charge avec <strong>s\u00e9rieux et humanit\u00e9<\/strong>.<\/p>\n                    <p>Nous veillons \u00e0 offrir une <strong>aide imm\u00e9diate et professionnelle<\/strong>, qu\u2019il s\u2019agisse d\u2019informations pratiques, de d\u00e9marches administratives ou de l\u2019\u00e9tablissement des obs\u00e8ques. Nos \u00e9quipes agissent avec <strong>tact et r\u00e9activit\u00e9<\/strong>,\n                      afin d\u2019apporter un <strong>soutien concret<\/strong> d\u00e8s les premi\u00e8res heures suivant le d\u00e9c\u00e8s.<\/p>\n                    <h3>Nos valeurs : confiance, clart\u00e9 et proximit\u00e9<\/h3>\n                    <p>Depuis plus de trente ann\u00e9es, notre entreprise de pompes fun\u00e8bres s\u2019attache \u00e0 accompagner chaque famille avec <strong>bienveillance et transparence<\/strong>. Nous croyons qu\u2019un service fun\u00e9raire de qualit\u00e9 repose sur l\u2019<strong>\u00e9coute<\/strong>,\n                      la <strong>confiance&nbsp;<\/strong>et le respect des&nbsp;derni\u00e8res volont\u00e9s. Rien n\u2019est laiss\u00e9 au hasard : chaque organisation est suivie avec <strong>soin et sinc\u00e9rit\u00e9<\/strong>.<\/p>\n                    <p>Notre <strong>maison fun\u00e9raire<\/strong> collabore \u00e9galement avec des partenaires reconnus \u00e0\n                      <a href=\"https:\/\/boitsfortfunerailles.be\/index.php\/pompes-funebres-bruxelles\" target=\"_blank\">Bruxelles <\/a>et dans la province du\n                      <a href=\"https:\/\/boitsfortfunerailles.be\/index.php\/pompes-funebres-brabant-wallon\" target=\"_blank\">Brabant wallon<\/a>. Cette synergie locale nous permet d\u2019<strong>offrir des prestations adapt\u00e9es<\/strong>, quel que soit le <strong>type de fun\u00e9railles<\/strong> envisag\u00e9, et de garantir un <strong>meilleur rapport qualit\u00e9-prix<\/strong>                      pour chaque famille.<\/p>\n                    <h2><span style=\"font-family: &quot;Playfair Display&quot;;\">Contactez Boitsfort Fun\u00e9railles<\/span><\/h2>\n                    <p>Vous souhaitez organiser des fun\u00e9railles \u00e0 Etterbeek ou obtenir plus d\u2019informations sur nos services fun\u00e9raires ? Notre <strong>\u00e9quipe<\/strong> reste \u00e0 votre \u00e9coute pour r\u00e9pondre \u00e0 toutes vos questions, vous orienter dans votre parcours\n                      et vous fournir un <strong>devis clair et sans surprise<\/strong>. Nous mettons tout en \u0153uvre pour vous accompagner avec <strong>discr\u00e9tion et professionnalisme<\/strong>, dans le respect de vos&nbsp;attentes&nbsp;et de votre budget.<\/p>\n                    <p>Pour toute demande urgente, vous pouvez <strong>contacter notre soci\u00e9t\u00e9&nbsp;24h\/24 et 7j\/7<\/strong> par <strong>t\u00e9l\u00e9phone<\/strong> ou via notre\n                      <a href=\"https:\/\/boitsfortfunerailles.be\/index.php\/contact-us\" target=\"_blank\">formulaire en ligne<\/a>. Chez <strong>Boitsfort Fun\u00e9railles<\/strong>, chaque famille re\u00e7oit une attention sinc\u00e8re et un <strong>soutien humain<\/strong> \u00e0 chaque \u00e9tape du deuil.<\/p>\n                  <\/div>\n                <\/div>\n              <\/div>\n            <\/div>\n          <\/div>\n        <\/div>\n      <\/div>\n    <\/div>\n  <\/div>\n  <div data-colibri-component=\"section\" data-colibri-id=\"2313-c9\" id=\"features\" class=\"h-section h-section-global-spacing d-flex align-items-lg-center align-items-md-center align-items-center style-1596 style-local-2313-c9 position-relative\">\n    <!---->\n    <!---->\n    <div class=\"h-section-grid-container h-section-boxed-container\">\n      <!---->\n      <div data-colibri-id=\"2313-c10\" class=\"h-row-container gutters-row-lg-0 gutters-row-md-0 gutters-row-0 gutters-row-v-lg-0 gutters-row-v-md-0 gutters-row-v-0 style-1603 style-local-2313-c10 localisation-faq position-relative\">\n        <!---->\n        <div class=\"h-row justify-content-lg-center justify-content-md-center justify-content-center align-items-lg-stretch align-items-md-stretch align-items-stretch gutters-col-lg-0 gutters-col-md-0 gutters-col-0 gutters-col-v-lg-0 gutters-col-v-md-0 gutters-col-v-0\">\n          <!---->\n          <div class=\"h-column h-column-container d-flex h-col-lg-auto h-col-md-auto h-col-auto style-1604-outer style-local-2313-c11-outer\">\n            <div data-colibri-id=\"2313-c11\" class=\"d-flex h-flex-basis h-column__inner h-px-lg-0 h-px-md-0 h-px-0 v-inner-lg-0 v-inner-md-0 v-inner-0 style-1604 style-local-2313-c11 position-relative\">\n              <!---->\n              <!---->\n              <div class=\"w-100 h-y-container h-column__content h-column__v-align flex-basis-100 align-self-lg-start align-self-md-start align-self-start\">\n                <!---->\n                <div data-colibri-id=\"2313-c12\" class=\"h-global-transition-all h-heading style-1605 style-local-2313-c12 position-relative h-element\">\n                  <!---->\n                  <div class=\"h-heading__outer style-1605 style-local-2313-c12\">\n                    <!---->\n                    <!---->\n                    <h2 class=\"\">FAQ<\/h2>\n                  <\/div>\n                <\/div>\n                <div data-colibri-id=\"2313-c13\" class=\"h-row-container gutters-row-lg-2 gutters-row-md-0 gutters-row-0 gutters-row-v-lg-2 gutters-row-v-md-0 gutters-row-v-0 style-1606 style-local-2313-c13 position-relative\">\n                  <!---->\n                  <div class=\"h-row justify-content-lg-center justify-content-md-center justify-content-center align-items-lg-stretch align-items-md-stretch align-items-stretch gutters-col-lg-2 gutters-col-md-0 gutters-col-0 gutters-col-v-lg-2 gutters-col-v-md-0 gutters-col-v-0\">\n                    <!---->\n                    <div class=\"h-column h-column-container d-flex h-col-lg-auto h-col-md-auto h-col-auto style-1607-outer style-local-2313-c14-outer\">\n                      <div data-colibri-id=\"2313-c14\" class=\"d-flex h-flex-basis h-column__inner h-px-lg-2 h-px-md-0 h-px-2 v-inner-lg-2 v-inner-md-0 v-inner-2 style-1607 style-local-2313-c14 position-relative\">\n                        <!---->\n                        <!---->\n                        <div class=\"w-100 h-y-container h-column__content h-column__v-align flex-basis-100 align-self-lg-start align-self-md-start align-self-start\">\n                          <!---->\n                          <div data-toggle=\"true\" data-is-preview=\"true\" data-colibri-component=\"accordion\" data-colibri-id=\"2313-c15\" class=\"h-accordion style-1608 style-local-2313-c15 position-relative h-element\">\n                            <!---->\n                            <div data-colibri-id=\"2313-c16\" class=\"h-accordion-item h-accordion-item-first-child style-1609 style-local-2313-c16 position-relative h-element\">\n                              <!---->\n                              <a data-open-by-default=\"false\" href=\"#2313-c16\" class=\"h-accordion-item-title d-flex align-items-center h-global-transition\">\n                                <!----><span>En quoi consiste l\u2019accompagnement propos\u00e9 par Boitsfort Fun\u00e9railles ?<\/span>\n                                <div class=\"h-accordion-item-title-normal-icon h-accordion-item-title-icon h-accordion-item-title-icon-right\"><span class=\"h-svg-icon\"><!--Icon by Icons8 Line Awesome (https:\/\/icons8.com\/line-awesome)--><svg version=\"1.1\" xmlns=\"http:\/\/www.w3.org\/2000\/svg\" xmlns:xlink=\"http:\/\/www.w3.org\/1999\/xlink\" id=\"arrow-down\" viewBox=\"0 0 512 545.5\"><path d=\"M240 96h32v321l108.5-108.5 23 23-136 136-11.5 11-11.5-11-136-136 23-23L240 417V96z\"><\/path><\/svg><\/span><\/div>\n                                <div class=\"h-accordion-item-title-active-icon h-accordion-item-title-icon h-accordion-item-title-icon-right\"><span class=\"h-svg-icon\"><!--Icon by Icons8 Line Awesome (https:\/\/icons8.com\/line-awesome)--><svg version=\"1.1\" xmlns=\"http:\/\/www.w3.org\/2000\/svg\" xmlns:xlink=\"http:\/\/www.w3.org\/1999\/xlink\" id=\"arrow-up\" viewBox=\"0 0 512 545.5\"><path d=\"M256 97.5l11.5 11 136 136-23 23L272 159v321h-32V159L131.5 267.5l-23-23 136-136z\"><\/path><\/svg><\/span><\/div>\n                              <\/a>\n                              <div id=\"2313-c16\" class=\"h-accordion-item-content__container\">\n                                <div class=\"w-100 h-y-container h-accordion-item-content\">\n                                  <!---->\n                                  <div data-colibri-id=\"2313-c17\" class=\"h-text h-text-component style-1610 style-local-2313-c17 position-relative h-element\">\n                                    <!---->\n                                    <!---->\n                                    <div class=\"\">\n                                      <p>Chez <strong>Boitsfort Fun\u00e9railles<\/strong>, l\u2019accompagnement, c\u2019est un <strong>service complet et humain<\/strong> : d\u00e8s votre premier appel, un conseiller vous guide pas \u00e0 pas, 24h\/24. Nous clarifions ce qui est\n                                        prioritaire et ce qui peut attendre, afin d\u2019<strong>all\u00e9ger la charge<\/strong> et de s\u00e9curiser chaque \u00e9tape avec <strong>tact et simplicit\u00e9<\/strong>.<\/p>\n                                      <p>Concr\u00e8tement, nous g\u00e9rons les formalit\u00e9s aupr\u00e8s des autorit\u00e9s, la mise en bi\u00e8re, la <strong>coordination des lieux<\/strong> de recueil et la <strong>pr\u00e9paration logistique<\/strong> du moment d\u2019adieu. Tout est expliqu\u00e9\n                                        clairement, avec un<strong> point pr\u00e9cis sur le co\u00fbt<\/strong>,&nbsp;de mani\u00e8re lisible pour que vos pr\u00e9f\u00e9rences soient respect\u00e9es sans stress.<\/p>\n                                    <\/div>\n                                  <\/div>\n                                <\/div>\n                              <\/div>\n                            <\/div>\n                            <div data-colibri-id=\"2313-c18\" class=\"h-accordion-item style-1611 style-local-2313-c18 position-relative h-element\">\n                              <!---->\n                              <a data-open-by-default=\"false\" href=\"#2313-c18\" class=\"h-accordion-item-title d-flex align-items-center h-global-transition\">\n                                <!----><span>Comment pr\u00e9parer un adieu en r\u00e9gion bruxelloise ?<\/span>\n                                <div class=\"h-accordion-item-title-normal-icon h-accordion-item-title-icon h-accordion-item-title-icon-right\"><span class=\"h-svg-icon\"><!--Icon by Icons8 Line Awesome (https:\/\/icons8.com\/line-awesome)--><svg version=\"1.1\" xmlns=\"http:\/\/www.w3.org\/2000\/svg\" xmlns:xlink=\"http:\/\/www.w3.org\/1999\/xlink\" id=\"arrow-down\" viewBox=\"0 0 512 545.5\"><path d=\"M240 96h32v321l108.5-108.5 23 23-136 136-11.5 11-11.5-11-136-136 23-23L240 417V96z\"><\/path><\/svg><\/span><\/div>\n                                <div class=\"h-accordion-item-title-active-icon h-accordion-item-title-icon h-accordion-item-title-icon-right\"><span class=\"h-svg-icon\"><!--Icon by Icons8 Line Awesome (https:\/\/icons8.com\/line-awesome)--><svg version=\"1.1\" xmlns=\"http:\/\/www.w3.org\/2000\/svg\" xmlns:xlink=\"http:\/\/www.w3.org\/1999\/xlink\" id=\"arrow-up\" viewBox=\"0 0 512 545.5\"><path d=\"M256 97.5l11.5 11 136 136-23 23L272 159v321h-32V159L131.5 267.5l-23-23 136-136z\"><\/path><\/svg><\/span><\/div>\n                              <\/a>\n                              <div id=\"2313-c18\" class=\"h-accordion-item-content__container\">\n                                <div class=\"w-100 h-y-container h-accordion-item-content\">\n                                  <!---->\n                                  <div data-colibri-id=\"2313-c19\" class=\"h-text h-text-component style-1612 style-local-2313-c19 position-relative h-element\">\n                                    <!---->\n                                    <!---->\n                                    <div class=\"\">\n                                      <p>Notre bureau de <strong>Watermael-Boitsfort<\/strong> vous guide \u00e0 chaque \u00e9tape, qu\u2019il s\u2019agisse d\u2019une comm\u00e9moration intime ou d\u2019un rassemblement plus large. Un <strong>simple appel<\/strong> permet de lancer les pr\u00e9paratifs,\n                                        dans un <strong>climat de bienveillance et de clart\u00e9<\/strong>.<\/p>\n                                      <p>Nous intervenons dans tout Bruxelles et la province voisine pour garantir un <strong>accompagnement fluide et sans stress<\/strong>. Notre mission : vous offrir un cadre apaisant, o\u00f9 chaque d\u00e9tail est pris en main\n                                        avec <strong>professionnalisme et humanit\u00e9<\/strong>.<\/p>\n                                    <\/div>\n                                  <\/div>\n                                <\/div>\n                              <\/div>\n                            <\/div>\n                            <div data-colibri-id=\"2313-c20\" class=\"h-accordion-item style-1613 style-local-2313-c20 position-relative h-element\">\n                              <!---->\n                              <a data-open-by-default=\"false\" href=\"#2313-c20\" class=\"h-accordion-item-title d-flex align-items-center h-global-transition\">\n                                <!----><span>Qui s\u2019occupe des formalit\u00e9s \u00e0 g\u00e9rer suite \u00e0 un d\u00e9part ?<\/span>\n                                <div class=\"h-accordion-item-title-normal-icon h-accordion-item-title-icon h-accordion-item-title-icon-right\"><span class=\"h-svg-icon\"><!--Icon by Icons8 Line Awesome (https:\/\/icons8.com\/line-awesome)--><svg version=\"1.1\" xmlns=\"http:\/\/www.w3.org\/2000\/svg\" xmlns:xlink=\"http:\/\/www.w3.org\/1999\/xlink\" id=\"arrow-down\" viewBox=\"0 0 512 545.5\"><path d=\"M240 96h32v321l108.5-108.5 23 23-136 136-11.5 11-11.5-11-136-136 23-23L240 417V96z\"><\/path><\/svg><\/span><\/div>\n                                <div class=\"h-accordion-item-title-active-icon h-accordion-item-title-icon h-accordion-item-title-icon-right\"><span class=\"h-svg-icon\"><!--Icon by Icons8 Line Awesome (https:\/\/icons8.com\/line-awesome)--><svg version=\"1.1\" xmlns=\"http:\/\/www.w3.org\/2000\/svg\" xmlns:xlink=\"http:\/\/www.w3.org\/1999\/xlink\" id=\"arrow-up\" viewBox=\"0 0 512 545.5\"><path d=\"M256 97.5l11.5 11 136 136-23 23L272 159v321h-32V159L131.5 267.5l-23-23 136-136z\"><\/path><\/svg><\/span><\/div>\n                              <\/a>\n                              <div id=\"2313-c20\" class=\"h-accordion-item-content__container\">\n                                <div class=\"w-100 h-y-container h-accordion-item-content\">\n                                  <!---->\n                                  <div data-colibri-id=\"2313-c21\" class=\"h-text h-text-component style-1614 style-local-2313-c21 position-relative h-element\">\n                                    <!---->\n                                    <!---->\n                                    <div class=\"\">\n                                      <p>Boitsfort Fun\u00e9railles prend en charge toutes les formalit\u00e9s aupr\u00e8s des institutions, afin que vous puissiez <strong>vous concentrer sur l\u2019essentiel<\/strong>. Nous contactons les administrations, h\u00f4pitaux et partenaires,\n                                        et vous tenons inform\u00e9 \u00e0 chaque \u00e9tape.<\/p>\n                                      <p>Nos conseillers coordonnent les d\u00e9marches dans toute la province et au-del\u00e0. Gr\u00e2ce \u00e0 leur exp\u00e9rience, chaque action est men\u00e9e avec <strong>rigueur et discr\u00e9tion<\/strong>, pour que tout soit g\u00e9r\u00e9 dans le <strong>respect des d\u00e9lais <\/strong>et\n                                        des derni\u00e8res demandes exprim\u00e9es.<\/p>\n                                    <\/div>\n                                  <\/div>\n                                <\/div>\n                              <\/div>\n                            <\/div>\n                            <div data-colibri-id=\"2313-c22\" class=\"h-accordion-item style-1615 style-local-2313-c22 position-relative h-element\">\n                              <!---->\n                              <a data-open-by-default=\"false\" href=\"#2313-c22\" class=\"h-accordion-item-title d-flex align-items-center h-global-transition\">\n                                <!----><span>Peut-on personnaliser le moment d\u2019adieu ?<\/span>\n                                <div class=\"h-accordion-item-title-normal-icon h-accordion-item-title-icon h-accordion-item-title-icon-right\"><span class=\"h-svg-icon\"><!--Icon by Icons8 Line Awesome (https:\/\/icons8.com\/line-awesome)--><svg version=\"1.1\" xmlns=\"http:\/\/www.w3.org\/2000\/svg\" xmlns:xlink=\"http:\/\/www.w3.org\/1999\/xlink\" id=\"arrow-down\" viewBox=\"0 0 512 545.5\"><path d=\"M240 96h32v321l108.5-108.5 23 23-136 136-11.5 11-11.5-11-136-136 23-23L240 417V96z\"><\/path><\/svg><\/span><\/div>\n                                <div class=\"h-accordion-item-title-active-icon h-accordion-item-title-icon h-accordion-item-title-icon-right\"><span class=\"h-svg-icon\"><!--Icon by Icons8 Line Awesome (https:\/\/icons8.com\/line-awesome)--><svg version=\"1.1\" xmlns=\"http:\/\/www.w3.org\/2000\/svg\" xmlns:xlink=\"http:\/\/www.w3.org\/1999\/xlink\" id=\"arrow-up\" viewBox=\"0 0 512 545.5\"><path d=\"M256 97.5l11.5 11 136 136-23 23L272 159v321h-32V159L131.5 267.5l-23-23 136-136z\"><\/path><\/svg><\/span><\/div>\n                              <\/a>\n                              <div id=\"2313-c22\" class=\"h-accordion-item-content__container\">\n                                <div class=\"w-100 h-y-container h-accordion-item-content\">\n                                  <!---->\n                                  <div data-colibri-id=\"2313-c23\" class=\"h-text h-text-component style-1616 style-local-2313-c23 position-relative h-element\">\n                                    <!---->\n                                    <!---->\n                                    <div class=\"\">\n                                      <p>Oui. Chaque histoire m\u00e9rite une <strong>comm\u00e9moration \u00e0 son image<\/strong>. Chez Boitsfort Fun\u00e9railles, vous pouvez choisir la musique, les textes ou les symboles qui refl\u00e8tent la personnalit\u00e9 de votre proche, dans\n                                        un <strong>cadre paisible et harmonieux<\/strong>.<\/p>\n                                      <p>Nous vous aidons \u00e0 cr\u00e9er un <strong>moment sinc\u00e8re et apaisant<\/strong>, o\u00f9 la beaut\u00e9 du souvenir prime sur la formalit\u00e9. Cette approche personnalis\u00e9e fait partie de notre assurance de vous accompagner avec <strong>d\u00e9licatesse et respect<\/strong>.<\/p>\n                                    <\/div>\n                                  <\/div>\n                                <\/div>\n                              <\/div>\n                            <\/div>\n                          <\/div>\n                        <\/div>\n                      <\/div>\n                    <\/div>\n                    <div class=\"h-column h-column-container d-flex h-col-lg-auto h-col-md-auto h-col-auto style-1607-outer style-local-2313-c24-outer\">\n                      <div data-colibri-id=\"2313-c24\" class=\"d-flex h-flex-basis h-column__inner h-px-lg-2 h-px-md-0 h-px-2 v-inner-lg-2 v-inner-md-0 v-inner-2 style-1607 style-local-2313-c24 position-relative\">\n                        <!---->\n                        <!---->\n                        <div class=\"w-100 h-y-container h-column__content h-column__v-align flex-basis-100 align-self-lg-start align-self-md-start align-self-start\">\n                          <!---->\n                          <div data-toggle=\"true\" data-is-preview=\"true\" data-colibri-component=\"accordion\" data-colibri-id=\"2313-c25\" class=\"h-accordion style-1617 style-local-2313-c25 position-relative h-element\">\n                            <!---->\n                            <div data-colibri-id=\"2313-c26\" class=\"h-accordion-item h-accordion-item-first-child style-1618 style-local-2313-c26 position-relative h-element\">\n                              <!---->\n                              <a data-open-by-default=\"false\" href=\"#2313-c26\" class=\"h-accordion-item-title d-flex align-items-center h-global-transition\">\n                                <!----><span>Disposez-vous d\u2019un lieu pour se recueillir ?<\/span>\n                                <div class=\"h-accordion-item-title-normal-icon h-accordion-item-title-icon h-accordion-item-title-icon-right\"><span class=\"h-svg-icon\"><!--Icon by Icons8 Line Awesome (https:\/\/icons8.com\/line-awesome)--><svg version=\"1.1\" xmlns=\"http:\/\/www.w3.org\/2000\/svg\" xmlns:xlink=\"http:\/\/www.w3.org\/1999\/xlink\" id=\"arrow-down\" viewBox=\"0 0 512 545.5\"><path d=\"M240 96h32v321l108.5-108.5 23 23-136 136-11.5 11-11.5-11-136-136 23-23L240 417V96z\"><\/path><\/svg><\/span><\/div>\n                                <div class=\"h-accordion-item-title-active-icon h-accordion-item-title-icon h-accordion-item-title-icon-right\"><span class=\"h-svg-icon\"><!--Icon by Icons8 Line Awesome (https:\/\/icons8.com\/line-awesome)--><svg version=\"1.1\" xmlns=\"http:\/\/www.w3.org\/2000\/svg\" xmlns:xlink=\"http:\/\/www.w3.org\/1999\/xlink\" id=\"arrow-up\" viewBox=\"0 0 512 545.5\"><path d=\"M256 97.5l11.5 11 136 136-23 23L272 159v321h-32V159L131.5 267.5l-23-23 136-136z\"><\/path><\/svg><\/span><\/div>\n                              <\/a>\n                              <div id=\"2313-c26\" class=\"h-accordion-item-content__container\">\n                                <div class=\"w-100 h-y-container h-accordion-item-content\">\n                                  <!---->\n                                  <div data-colibri-id=\"2313-c27\" class=\"h-text h-text-component style-1610 style-local-2313-c27 position-relative h-element\">\n                                    <!---->\n                                    <!---->\n                                    <div class=\"\">\n                                      <p>Notre adresse de Watermael-Boitsfort, \u00e0 proximit\u00e9 de la rue de Pervyse, accueille les proches dans des <strong>salons lumineux et calmes<\/strong>. Chaque espace favorise la <strong>s\u00e9r\u00e9nit\u00e9 <\/strong>et le <strong>recueillement<\/strong>,\n                                        dans une atmosph\u00e8re propice \u00e0 la r\u00e9flexion.<\/p>\n                                      <p>Nos salles ont \u00e9t\u00e9 pens\u00e9es pour accueillir chacun dans la paix et la discr\u00e9tion. Facilement accessibles depuis la commune de 1040 Etterbeek et les communes voisines, elles permettent de partager un <strong>moment de souvenir en toute intimit\u00e9<\/strong>.<\/p>\n                                    <\/div>\n                                  <\/div>\n                                <\/div>\n                              <\/div>\n                            <\/div>\n                            <div data-colibri-id=\"2313-c28\" class=\"h-accordion-item style-1619 style-local-2313-c28 position-relative h-element\">\n                              <!---->\n                              <a data-open-by-default=\"false\" href=\"#2313-c28\" class=\"h-accordion-item-title d-flex align-items-center h-global-transition\">\n                                <!----><span>Est-il possible de pr\u00e9voir un moment apr\u00e8s la c\u00e9r\u00e9monie ?<\/span>\n                                <div class=\"h-accordion-item-title-normal-icon h-accordion-item-title-icon h-accordion-item-title-icon-right\"><span class=\"h-svg-icon\"><!--Icon by Icons8 Line Awesome (https:\/\/icons8.com\/line-awesome)--><svg version=\"1.1\" xmlns=\"http:\/\/www.w3.org\/2000\/svg\" xmlns:xlink=\"http:\/\/www.w3.org\/1999\/xlink\" id=\"arrow-down\" viewBox=\"0 0 512 545.5\"><path d=\"M240 96h32v321l108.5-108.5 23 23-136 136-11.5 11-11.5-11-136-136 23-23L240 417V96z\"><\/path><\/svg><\/span><\/div>\n                                <div class=\"h-accordion-item-title-active-icon h-accordion-item-title-icon h-accordion-item-title-icon-right\"><span class=\"h-svg-icon\"><!--Icon by Icons8 Line Awesome (https:\/\/icons8.com\/line-awesome)--><svg version=\"1.1\" xmlns=\"http:\/\/www.w3.org\/2000\/svg\" xmlns:xlink=\"http:\/\/www.w3.org\/1999\/xlink\" id=\"arrow-up\" viewBox=\"0 0 512 545.5\"><path d=\"M256 97.5l11.5 11 136 136-23 23L272 159v321h-32V159L131.5 267.5l-23-23 136-136z\"><\/path><\/svg><\/span><\/div>\n                              <\/a>\n                              <div id=\"2313-c28\" class=\"h-accordion-item-content__container\">\n                                <div class=\"w-100 h-y-container h-accordion-item-content\">\n                                  <!---->\n                                  <div data-colibri-id=\"2313-c29\" class=\"h-text h-text-component style-1612 style-local-2313-c29 position-relative h-element\">\n                                    <!---->\n                                    <!---->\n                                    <div class=\"\">\n                                      <p>Oui, nos locaux disposent d\u2019un <strong>espace convivial <\/strong>pour se retrouver apr\u00e8s le moment d\u2019adieu. Ce temps de partage permet d\u2019\u00e9changer autour d\u2019un caf\u00e9 ou d\u2019un encas, dans un <strong>cadre sobre et chaleureux<\/strong>.<\/p>\n                                      <p>Nos lieux se situent \u00e0 proximit\u00e9 des commerces et axes principaux, <strong>facilitant la venue des proches<\/strong>. Cette derni\u00e8re r\u00e9ception informelle est souvent essentielle pour retrouver un peu de r\u00e9confort et\n                                        <strong>prolonger la chaleur des liens familiaux<\/strong>.<\/p>\n                                    <\/div>\n                                  <\/div>\n                                <\/div>\n                              <\/div>\n                            <\/div>\n                            <div data-colibri-id=\"2313-c30\" class=\"h-accordion-item style-1620 style-local-2313-c30 position-relative h-element\">\n                              <!---->\n                              <a data-open-by-default=\"false\" href=\"#2313-c30\" class=\"h-accordion-item-title d-flex align-items-center h-global-transition\">\n                                <!----><span>Quelles options propose Boitsfort Fun\u00e9railles ?<\/span>\n                                <div class=\"h-accordion-item-title-normal-icon h-accordion-item-title-icon h-accordion-item-title-icon-right\"><span class=\"h-svg-icon\"><!--Icon by Icons8 Line Awesome (https:\/\/icons8.com\/line-awesome)--><svg version=\"1.1\" xmlns=\"http:\/\/www.w3.org\/2000\/svg\" xmlns:xlink=\"http:\/\/www.w3.org\/1999\/xlink\" id=\"arrow-down\" viewBox=\"0 0 512 545.5\"><path d=\"M240 96h32v321l108.5-108.5 23 23-136 136-11.5 11-11.5-11-136-136 23-23L240 417V96z\"><\/path><\/svg><\/span><\/div>\n                                <div class=\"h-accordion-item-title-active-icon h-accordion-item-title-icon h-accordion-item-title-icon-right\"><span class=\"h-svg-icon\"><!--Icon by Icons8 Line Awesome (https:\/\/icons8.com\/line-awesome)--><svg version=\"1.1\" xmlns=\"http:\/\/www.w3.org\/2000\/svg\" xmlns:xlink=\"http:\/\/www.w3.org\/1999\/xlink\" id=\"arrow-up\" viewBox=\"0 0 512 545.5\"><path d=\"M256 97.5l11.5 11 136 136-23 23L272 159v321h-32V159L131.5 267.5l-23-23 136-136z\"><\/path><\/svg><\/span><\/div>\n                              <\/a>\n                              <div id=\"2313-c30\" class=\"h-accordion-item-content__container\">\n                                <div class=\"w-100 h-y-container h-accordion-item-content\">\n                                  <!---->\n                                  <div data-colibri-id=\"2313-c31\" class=\"h-text h-text-component style-1621 style-local-2313-c31 position-relative h-element\">\n                                    <!---->\n                                    <!---->\n                                    <div class=\"\">\n                                      <p>Nous proposons un <strong>accompagnement complet et flexible<\/strong>, adapt\u00e9 \u00e0 chaque situation et \u00e0 chaque conviction. Que vous r\u00e9sidiez \u00e0 Bruxelles ou dans une autre province, nos pompes fun\u00e8bres veillent \u00e0 la\n                                        <strong>clart\u00e9 <\/strong>et \u00e0 la <strong>transparence des prestations<\/strong>.<\/p>\n                                      <p>Nos conseillers vous guident sur les possibilit\u00e9s, les d\u00e9lais et le co\u00fbt de chaque service. Nous offrons \u00e9galement des <strong>solutions de pr\u00e9-voyance et d\u2019assurance<\/strong> afin de planifier sereinement les dispositions\n                                        souhait\u00e9es \u00e0 l\u2019avance.<\/p>\n                                    <\/div>\n                                  <\/div>\n                                <\/div>\n                              <\/div>\n                            <\/div>\n                            <div data-colibri-id=\"2313-c32\" class=\"h-accordion-item style-1622 style-local-2313-c32 position-relative h-element\">\n                              <!---->\n                              <a data-open-by-default=\"false\" href=\"#2313-c32\" class=\"h-accordion-item-title d-flex align-items-center h-global-transition\">\n                                <!----><span>Comment soutenez-vous les proches apr\u00e8s la c\u00e9r\u00e9monie ?<\/span>\n                                <div class=\"h-accordion-item-title-normal-icon h-accordion-item-title-icon h-accordion-item-title-icon-right\"><span class=\"h-svg-icon\"><!--Icon by Icons8 Line Awesome (https:\/\/icons8.com\/line-awesome)--><svg version=\"1.1\" xmlns=\"http:\/\/www.w3.org\/2000\/svg\" xmlns:xlink=\"http:\/\/www.w3.org\/1999\/xlink\" id=\"arrow-down\" viewBox=\"0 0 512 545.5\"><path d=\"M240 96h32v321l108.5-108.5 23 23-136 136-11.5 11-11.5-11-136-136 23-23L240 417V96z\"><\/path><\/svg><\/span><\/div>\n                                <div class=\"h-accordion-item-title-active-icon h-accordion-item-title-icon h-accordion-item-title-icon-right\"><span class=\"h-svg-icon\"><!--Icon by Icons8 Line Awesome (https:\/\/icons8.com\/line-awesome)--><svg version=\"1.1\" xmlns=\"http:\/\/www.w3.org\/2000\/svg\" xmlns:xlink=\"http:\/\/www.w3.org\/1999\/xlink\" id=\"arrow-up\" viewBox=\"0 0 512 545.5\"><path d=\"M256 97.5l11.5 11 136 136-23 23L272 159v321h-32V159L131.5 267.5l-23-23 136-136z\"><\/path><\/svg><\/span><\/div>\n                              <\/a>\n                              <div id=\"2313-c32\" class=\"h-accordion-item-content__container\">\n                                <div class=\"w-100 h-y-container h-accordion-item-content\">\n                                  <!---->\n                                  <div data-colibri-id=\"2313-c33\" class=\"h-text h-text-component style-1616 style-local-2313-c33 position-relative h-element\">\n                                    <!---->\n                                    <!---->\n                                    <div class=\"\">\n                                      <p>Boitsfort Fun\u00e9railles reste \u00e0 vos c\u00f4t\u00e9s bien apr\u00e8s la derni\u00e8re \u00e9tape. Nous continuons \u00e0 r\u00e9pondre \u00e0 vos questions, \u00e0 <strong>vous orienter vers les bons contacts<\/strong> et \u00e0 <strong>vous aider dans les d\u00e9marches<\/strong>                                        qui suivent la comm\u00e9moration.<\/p>\n                                      <p>Notre pr\u00e9sence ne s\u2019arr\u00eate pas \u00e0 la c\u00e9r\u00e9monie : nous tenons \u00e0 offrir un <strong>soutien durable<\/strong>, empreint de respect et d\u2019attention. Parce que chaque chemin de deuil est unique, nous restons disponibles,\n                                        avec <strong>humanit\u00e9 et clart\u00e9<\/strong>, aussi longtemps que n\u00e9cessaire.<\/p>\n                                    <\/div>\n                                  <\/div>\n                                <\/div>\n                              <\/div>\n                            <\/div>\n                          <\/div>\n                        <\/div>\n                      <\/div>\n                    <\/div>\n                  <\/div>\n                <\/div>\n              <\/div>\n            <\/div>\n          <\/div>\n        <\/div>\n      <\/div>\n    <\/div>\n  <\/div>\n<\/div>","protected":false},"excerpt":{"rendered":"<p>Une pr\u00e9sence bienveillante depuis Watermael-Boitsfort Implant\u00e9e \u00e0 Watermael-Boitsfort, notre maison fun\u00e9raire met son exp\u00e9rience au profit&nbsp;des familles d\u2019Etterbeek et de toute la R\u00e9gion de Bruxelles-Capitale. Depuis plus de trente ans, nous accompagnons les proches endeuill\u00e9s avec \u00e9coute, rigueur et discr\u00e9tion, pour que chaque hommage soit \u00e0 la hauteur de la m\u00e9moire du d\u00e9funt. Nos \u00e9quipes [&hellip;]<\/p>\n","protected":false},"author":2,"featured_media":2314,"parent":0,"menu_order":0,"comment_status":"closed","ping_status":"closed","template":"page-templates\/homepage.php","meta":{"inline_featured_image":false,"_monsterinsights_skip_tracking":false,"_monsterinsights_sitenote_active":false,"_monsterinsights_sitenote_note":"","_monsterinsights_sitenote_category":0,"footnotes":""},"class_list":["post-2313","page","type-page","status-publish","has-post-thumbnail","hentry"],"aioseo_notices":[],"_links":{"self":[{"href":"https:\/\/boitsfortfunerailles.be\/index.php\/wp-json\/wp\/v2\/pages\/2313","targetHints":{"allow":["GET"]}}],"collection":[{"href":"https:\/\/boitsfortfunerailles.be\/index.php\/wp-json\/wp\/v2\/pages"}],"about":[{"href":"https:\/\/boitsfortfunerailles.be\/index.php\/wp-json\/wp\/v2\/types\/page"}],"author":[{"embeddable":true,"href":"https:\/\/boitsfortfunerailles.be\/index.php\/wp-json\/wp\/v2\/users\/2"}],"replies":[{"embeddable":true,"href":"https:\/\/boitsfortfunerailles.be\/index.php\/wp-json\/wp\/v2\/comments?post=2313"}],"version-history":[{"count":3,"href":"https:\/\/boitsfortfunerailles.be\/index.php\/wp-json\/wp\/v2\/pages\/2313\/revisions"}],"predecessor-version":[{"id":2427,"href":"https:\/\/boitsfortfunerailles.be\/index.php\/wp-json\/wp\/v2\/pages\/2313\/revisions\/2427"}],"wp:featuredmedia":[{"embeddable":true,"href":"https:\/\/boitsfortfunerailles.be\/index.php\/wp-json\/wp\/v2\/media\/2314"}],"wp:attachment":[{"href":"https:\/\/boitsfortfunerailles.be\/index.php\/wp-json\/wp\/v2\/media?parent=2313"}],"curies":[{"name":"wp","href":"https:\/\/api.w.org\/{rel}","templated":true}]}}