{"id":2335,"date":"2025-11-12T16:33:13","date_gmt":"2025-11-12T15:33:13","guid":{"rendered":"https:\/\/boitsfortfunerailles.be\/?page_id=2335"},"modified":"2026-01-19T14:59:44","modified_gmt":"2026-01-19T13:59:44","slug":"pompes-funebres-brabant-wallon","status":"publish","type":"page","link":"https:\/\/boitsfortfunerailles.be\/index.php\/pompes-funebres-brabant-wallon\/","title":{"rendered":"Pompes Fun\u00e8bres Brabant Wallon"},"content":{"rendered":"<div data-colibri-id=\"2335-c1\" class=\"style-1651 style-local-2335-c1 position-relative\">\n  <!---->\n  <div data-colibri-component=\"section\" data-colibri-id=\"2335-c2\" id=\"histoire\" class=\"h-section h-section-global-spacing d-flex align-items-lg-center align-items-md-center align-items-center style-1652 style-local-2335-c2 position-relative\">\n    <!---->\n    <!---->\n    <div class=\"h-section-grid-container h-section-boxed-container\">\n      <!---->\n      <div data-colibri-id=\"2335-c3\" class=\"h-row-container gutters-row-lg-0 gutters-row-md-0 gutters-row-0 gutters-row-v-lg-0 gutters-row-v-md-0 gutters-row-v-0 style-1653 style-local-2335-c3 localisation-text position-relative\">\n        <!---->\n        <div class=\"h-row justify-content-lg-center justify-content-md-center justify-content-center align-items-lg-stretch align-items-md-stretch align-items-stretch gutters-col-lg-0 gutters-col-md-0 gutters-col-0 gutters-col-v-lg-0 gutters-col-v-md-0 gutters-col-v-0\">\n          <!---->\n          <div class=\"h-column h-column-container d-flex h-col-lg-auto h-col-md-auto h-col-auto style-1654-outer style-local-2335-c4-outer\">\n            <div data-colibri-id=\"2335-c4\" class=\"d-flex h-flex-basis h-column__inner h-px-lg-0 h-px-md-0 h-px-0 v-inner-lg-0 v-inner-md-0 v-inner-0 style-1654 style-local-2335-c4 position-relative\">\n              <!---->\n              <!---->\n              <div class=\"w-100 h-y-container h-column__content h-column__v-align flex-basis-100 align-self-lg-center align-self-md-center align-self-center\">\n                <!---->\n                <div data-colibri-id=\"2335-c5\" class=\"h-row-container gutters-row-lg-0 gutters-row-md-0 gutters-row-0 gutters-row-v-lg-0 gutters-row-v-md-0 gutters-row-v-0 style-1655 style-local-2335-c5 position-relative\">\n                  <!---->\n                  <div class=\"h-row justify-content-lg-center justify-content-md-center justify-content-center align-items-lg-stretch align-items-md-stretch align-items-stretch gutters-col-lg-0 gutters-col-md-0 gutters-col-0 gutters-col-v-lg-0 gutters-col-v-md-0 gutters-col-v-0\">\n                    <!---->\n                    <div class=\"h-column h-column-container d-flex h-col-lg-auto h-col-md-auto h-col-auto style-1656-outer style-local-2335-c6-outer\">\n                      <div data-colibri-id=\"2335-c6\" class=\"d-flex h-flex-basis h-column__inner h-px-lg-0 h-px-md-0 h-px-0 v-inner-lg-0 v-inner-md-0 v-inner-0 style-1656 style-local-2335-c6 position-relative\">\n                        <!---->\n                        <!---->\n                        <div class=\"w-100 h-y-container h-column__content h-column__v-align flex-basis-100 align-self-lg-start align-self-md-start align-self-start\">\n                          <!---->\n                          <div data-colibri-id=\"2335-c7\" class=\"h-global-transition-all h-heading style-1657 style-local-2335-c7 position-relative h-element\">\n                            <!---->\n                            <div class=\"h-heading__outer style-1657 style-local-2335-c7\">\n                              <!---->\n                              <!---->\n                              <h2 class=\"\">Un hommage digne et un accompagnement humain<\/h2>\n                            <\/div>\n                          <\/div>\n                        <\/div>\n                      <\/div>\n                    <\/div>\n                  <\/div>\n                <\/div>\n                <div data-colibri-id=\"2335-c8\" class=\"h-text h-text-component style-1658 style-local-2335-c8 position-relative h-element\">\n                  <!---->\n                  <!---->\n                  <div class=\"\">\n                    <p>Install\u00e9e \u00e0 <strong>Watermael-Boitsfort<\/strong>, notre maison accompagne depuis plusieurs d\u00e9cennies les familles de <strong>Bruxelles<\/strong> et du <strong>Brabant wallon<\/strong>. Nous intervenons avec la m\u00eame attention \u00e0 <strong>Wavre<\/strong>,\n                      <strong>Waterloo<\/strong>, <strong>Jodoigne<\/strong> ou dans les communes voisines, afin d\u2019assurer une organisation sereine des fun\u00e9railles, quel que soit le lieu du d\u00e9c\u00e8s ou de la c\u00e9r\u00e9monie.<\/p>\n                    <p>Notre mission reste la m\u00eame partout : offrir un <strong>soutien humain et discret<\/strong>, dans un moment o\u00f9 chaque d\u00e9tail compte. Derri\u00e8re chaque accompagnement, il y a une \u00e9coute sinc\u00e8re, une pr\u00e9sence constante, et la volont\u00e9 de\n                      <strong>rendre hommage dignement<\/strong> \u00e0 la m\u00e9moire du d\u00e9funt.<\/p>\n                    <h2><strong style=\"font-weight: 400; font-family: &quot;Playfair Display&quot;;\">Des prestations compl\u00e8tes et bienveillantes<\/strong><\/h2>\n                    <p>Chaque situation est unique. C\u2019est pourquoi notre entreprise fun\u00e9raire veille sur l\u2019ensemble du processus, du <strong>transport du corps<\/strong> \u00e0 la <strong>c\u00e9r\u00e9monie d\u2019adieu<\/strong>. Nous veillons \u00e0 all\u00e9ger le poids des d\u00e9marches\n                      et \u00e0 <strong>proposer des solutions adapt\u00e9es<\/strong> \u00e0 chaque famille, qu\u2019il s\u2019agisse d\u2019une inhumation ou d\u2019une cr\u00e9mation.<\/p>\n                    <p>Notre \u00e9quipe met tout en \u0153uvre pour que chaque hommage soit \u00e0 l\u2019image de la personne disparue : sobre ou personnalis\u00e9, intime ou collectif. Nous travaillons avec des partenaires de confiance et offrons un <strong>large choix de cercueils, urnes, <\/strong>\n                      <a\n                        href=\"https:\/\/boitsfortfunerailles.be\/index.php\/boutique\" target=\"_blank\"><strong>fleurs<\/strong><\/a><strong> et articles fun\u00e9raires<\/strong>, dans un esprit de respect et de s\u00e9r\u00e9nit\u00e9.<\/p>\n                    <h3><strong style=\"font-weight: 400;\">Accompagnement dans les d\u00e9marches et pr\u00e9paratifs<\/strong><\/h3>\n                    <p>Perdre un \u00eatre cher, c\u2019est aussi devoir affronter une <strong>s\u00e9rie de formalit\u00e9s administratives<\/strong> souvent complexes. Nous nous occupons de tout : d\u00e9claration du d\u00e9c\u00e8s, coordination avec les <strong>communes du Brabant wallon<\/strong>,\n                      annonces&nbsp;aupr\u00e8s du cimeti\u00e8re ou du cr\u00e9matorium.<\/p>\n                    <h3><strong style=\"font-weight: 400;\">C\u00e9r\u00e9monies civiles ou religieuses, dans le respect de chacun<\/strong><\/h3>\n                    <p>Chaque famille, chaque foi, chaque conviction m\u00e9rite le m\u00eame respect. Nous collaborons avec les<strong>&nbsp;institutions et repr\u00e9sentants spirituels<\/strong> pour organiser des <strong>c\u00e9r\u00e9monies religieuses ou la\u00efques<\/strong> empreintes\n                      de sens et d\u2019humanit\u00e9.<\/p>\n                    <p>Nos \u00e9quipes sont particuli\u00e8rement attentives \u00e0 la dimension symbolique et \u00e9motionnelle de chaque hommage, pour offrir un <strong>moment d\u2019unit\u00e9 et de paix int\u00e9rieure<\/strong>, quels que soient les choix ou les traditions du d\u00e9funt.<\/p>\n                    <h3><strong style=\"font-weight: 400;\">Espaces de recueillement et moments de partage<\/strong><\/h3>\n                    <p>Notre fun\u00e9rarium offre un <strong>cadre calme et apaisant<\/strong>, propice au recueillement. Le cercle familial peut s\u2019y retrouver pour un dernier adieu dans une <strong>salle de c\u00e9r\u00e9monie lumineuse et intime<\/strong>, pr\u00e9par\u00e9e avec\n                      soin.<\/p>\n                    <p>Il est \u00e9galement possible d\u2019y pr\u00e9voir un <strong>moment de partage<\/strong> apr\u00e8s les fun\u00e9railles. Nous mettons tout en \u0153uvre pour cr\u00e9er un <strong>environnement chaleureux<\/strong> o\u00f9 chacun peut \u00e9voquer ses souvenirs et rendre hommage\n                      dans le respect et la s\u00e9r\u00e9nit\u00e9.<\/p>\n                    <h3><strong style=\"font-weight: 400;\">Soins et pr\u00e9sentation du d\u00e9funt<\/strong><\/h3>\n                    <p>Nos professionnels qualifi\u00e9s effectuent les <strong>soins au d\u00e9funt<\/strong> avec la plus grande d\u00e9licatesse. Chaque geste est r\u00e9alis\u00e9 dans le <strong>respect absolu de la dignit\u00e9 humaine<\/strong>, afin de permettre \u00e0 l&rsquo;entourage&nbsp;de\n                      se recueillir dans les meilleures conditions.<\/p>\n                    <p>Nous veillons \u00e0 ce que la pr\u00e9sentation du d\u00e9funt refl\u00e8te sa personnalit\u00e9 et laisse une <strong>derni\u00e8re image paisible<\/strong>, empreinte de douceur et de respect.<\/p>\n                    <h3>Faire-part, annonces et condol\u00e9ances en ligne<\/h3>\n                    <p>Nous g\u00e9rons \u00e9galement la r\u00e9daction et la diffusion des <strong>avis de d\u00e9c\u00e8s<\/strong> et <strong>faire-part<\/strong> afin d\u2019all\u00e9ger les familles dans ces instants d\u00e9licats.<\/p>\n                    <p>Sur la&nbsp;<strong>page des condol\u00e9ances en ligne<\/strong>, chacun peut d\u00e9poser un message, partager un souvenir ou exprimer son soutien envers l&rsquo;entourage en deuil. Cet espace virtuel devient souvent un <strong>lieu pr\u00e9cieux de m\u00e9moire et cela \u00e0 l&rsquo;abris des regards.<\/strong><\/p>\n                    <h3><strong style=\"font-weight: 400;\">Pr\u00e9voir ses fun\u00e9railles en toute s\u00e9r\u00e9nit\u00e9<\/strong><\/h3>\n                    <p>Anticiper ses obs\u00e8ques est un geste d\u2019amour et de soulagement pour ceux qui restent. Notre service de <strong>contrats de pr\u00e9voyance fun\u00e9raire<\/strong> permet \u00e0 chacun d\u2019exprimer ses volont\u00e9s et de pr\u00e9voir les aspects pratiques et\n                      financiers \u00e0 l\u2019avance.<\/p>\n                    <p>Nous accompagnons chaque membre du cercle familial&nbsp;avec <strong>\u00e9coute et transparence<\/strong>, afin que chaque souhait soit respect\u00e9 le moment venu, dans un <strong>cadre l\u00e9gal s\u00fbr et humain<\/strong>.<\/p>\n                    <h2><strong style=\"font-weight: 400; font-family: &quot;Playfair Display&quot;;\">Notre maison \u00e0 Watermael-Boitsfort<\/strong><\/h2>\n                    <h3><strong style=\"font-weight: 400;\">Un environnement&nbsp;apaisant pour rendre hommage<\/strong><\/h3>\n                    <p>Notre fun\u00e9rarium, situ\u00e9 \u00e0\n                      <a href=\"https:\/\/boitsfortfunerailles.be\/index.php\/pompes-funebres-watermael-boitsfort\" target=\"_blank\"><strong>Watermael-Boitsfort<\/strong><\/a>, accueille les familles du <strong>Brabant wallon<\/strong> dans un cadre calme et verdoyant. Chaque salle est am\u00e9nag\u00e9e avec soin pour offrir une <strong>atmosph\u00e8re de s\u00e9r\u00e9nit\u00e9<\/strong>, propice\n                      au recueillement.<\/p>\n                    <p>Nous accordons une attention particuli\u00e8re \u00e0 la <strong>discr\u00e9tion et au confort<\/strong>, afin que chaque moment pass\u00e9 aupr\u00e8s du d\u00e9funt reste empreint de respect et d\u2019humanit\u00e9.<\/p>\n                    <h3><strong style=\"font-weight: 400;\">Une \u00e9quipe disponible jour et nuit<\/strong><\/h3>\n                    <p>Parce qu\u2019un d\u00e9c\u00e8s ne pr\u00e9vient pas, notre centre reste <strong>disponible 24h\/24 et 7j\/7 en cas de d\u00e9c\u00e8s<\/strong>. Une simple <strong style=\"font-weight: 400;\">appel t\u00e9l\u00e9phonique<\/strong> suffit pour d\u00e9clencher notre intervention, que\n                      le d\u00e9c\u00e8s ait pris place \u00e0 domicile, \u00e0 l\u2019h\u00f4pital ou en maison de repos.<\/p>\n                    <p>Des engagements fond\u00e9s sur l\u2019\u00e9coute et la sinc\u00e9rit\u00e9<\/p>\n                    <p>Depuis plus d&rsquo;une trentaine d&rsquo;ann\u00e9es, notre entreprise de pompes fun\u00e8bres repose sur trois piliers : la <strong>confiance<\/strong>, la <strong>proximit\u00e9<\/strong> et le <strong>respect<\/strong>. Nous croyons qu\u2019au-del\u00e0 des pr\u00e9paratifs&nbsp;des\n                      fun\u00e9railles, notre r\u00f4le est d\u2019accompagner, d\u2019\u00e9couter et de rassurer.<\/p>\n                    <p>Chaque famille qui nous confie un proche re\u00e7oit la m\u00eame attention, la m\u00eame douceur, et la <strong>m\u00eame volont\u00e9 de bien faire<\/strong>. C\u2019est cette <strong>exigence humaine<\/strong> qui fonde notre r\u00e9putation et notre engagement au\n                      quotidien.<\/p>\n                    <h2><span style=\"font-family: &quot;Playfair Display&quot;;\">Nous contacter en toute simplicit\u00e9<\/span><\/h2>\n                    <p>En cas de perte, chaque minute compte, et il est essentiel d\u2019avoir un interlocuteur fiable et attentif. Vous pouvez <strong>prendre&nbsp;contact \u00e0 tout moment<\/strong> par\n                      <a href=\"tel:+3226605999\">t\u00e9l\u00e9phone&nbsp;<\/a>ou directement via notre\n                      <a href=\"https:\/\/boitsfortfunerailles.be\/index.php\/contact-us\" target=\"_blank\">formulaire en ligne<\/a>.<\/p>\n                    <p>Notre \u00e9quipe vous \u00e9coute, r\u00e9pond \u00e0 vos questions et met tout en \u0153uvre pour <strong>organiser les&nbsp;obs\u00e8ques avec rapidit\u00e9 et bienveillance<\/strong>. Qu\u2019il s\u2019agisse d\u2019un premier conseil ou d\u2019une prise en charge compl\u00e8te, nous restons&nbsp;l\u00e0,\n                      \u00e0 vos c\u00f4t\u00e9s.<\/p>\n                  <\/div>\n                <\/div>\n              <\/div>\n            <\/div>\n          <\/div>\n        <\/div>\n      <\/div>\n    <\/div>\n  <\/div>\n  <div data-colibri-component=\"section\" data-colibri-id=\"2335-c9\" id=\"features\" class=\"h-section h-section-global-spacing d-flex align-items-lg-center align-items-md-center align-items-center style-1652 style-local-2335-c9 position-relative\">\n    <!---->\n    <!---->\n    <div class=\"h-section-grid-container h-section-boxed-container\">\n      <!---->\n      <div data-colibri-id=\"2335-c10\" class=\"h-row-container gutters-row-lg-0 gutters-row-md-0 gutters-row-0 gutters-row-v-lg-0 gutters-row-v-md-0 gutters-row-v-0 style-1659 style-local-2335-c10 localisation-faq position-relative\">\n        <!---->\n        <div class=\"h-row justify-content-lg-center justify-content-md-center justify-content-center align-items-lg-stretch align-items-md-stretch align-items-stretch gutters-col-lg-0 gutters-col-md-0 gutters-col-0 gutters-col-v-lg-0 gutters-col-v-md-0 gutters-col-v-0\">\n          <!---->\n          <div class=\"h-column h-column-container d-flex h-col-lg-auto h-col-md-auto h-col-auto style-1660-outer style-local-2335-c11-outer\">\n            <div data-colibri-id=\"2335-c11\" class=\"d-flex h-flex-basis h-column__inner h-px-lg-0 h-px-md-0 h-px-0 v-inner-lg-0 v-inner-md-0 v-inner-0 style-1660 style-local-2335-c11 position-relative\">\n              <!---->\n              <!---->\n              <div class=\"w-100 h-y-container h-column__content h-column__v-align flex-basis-100 align-self-lg-start align-self-md-start align-self-start\">\n                <!---->\n                <div data-colibri-id=\"2335-c12\" class=\"h-global-transition-all h-heading style-1661 style-local-2335-c12 position-relative h-element\">\n                  <!---->\n                  <div class=\"h-heading__outer style-1661 style-local-2335-c12\">\n                    <!---->\n                    <!---->\n                    <h2 class=\"\">FAQ<\/h2>\n                  <\/div>\n                <\/div>\n                <div data-colibri-id=\"2335-c13\" class=\"h-row-container gutters-row-lg-2 gutters-row-md-0 gutters-row-0 gutters-row-v-lg-2 gutters-row-v-md-0 gutters-row-v-0 style-1662 style-local-2335-c13 position-relative\">\n                  <!---->\n                  <div class=\"h-row justify-content-lg-center justify-content-md-center justify-content-center align-items-lg-stretch align-items-md-stretch align-items-stretch gutters-col-lg-2 gutters-col-md-0 gutters-col-0 gutters-col-v-lg-2 gutters-col-v-md-0 gutters-col-v-0\">\n                    <!---->\n                    <div class=\"h-column h-column-container d-flex h-col-lg-auto h-col-md-auto h-col-auto style-1663-outer style-local-2335-c14-outer\">\n                      <div data-colibri-id=\"2335-c14\" class=\"d-flex h-flex-basis h-column__inner h-px-lg-2 h-px-md-0 h-px-2 v-inner-lg-2 v-inner-md-0 v-inner-2 style-1663 style-local-2335-c14 position-relative\">\n                        <!---->\n                        <!---->\n                        <div class=\"w-100 h-y-container h-column__content h-column__v-align flex-basis-100 align-self-lg-start align-self-md-start align-self-start\">\n                          <!---->\n                          <div data-toggle=\"true\" data-is-preview=\"true\" data-colibri-component=\"accordion\" data-colibri-id=\"2335-c15\" class=\"h-accordion style-1664 style-local-2335-c15 position-relative h-element\">\n                            <!---->\n                            <div data-colibri-id=\"2335-c16\" class=\"h-accordion-item h-accordion-item-first-child style-1665 style-local-2335-c16 position-relative h-element\">\n                              <!---->\n                              <a data-open-by-default=\"false\" href=\"#2335-c16\" class=\"h-accordion-item-title d-flex align-items-center h-global-transition\">\n                                <!----><span>Quels accompagnements propose votre centre fun\u00e9raire ?<\/span>\n                                <div class=\"h-accordion-item-title-normal-icon h-accordion-item-title-icon h-accordion-item-title-icon-right\"><span class=\"h-svg-icon\"><!--Icon by Icons8 Line Awesome (https:\/\/icons8.com\/line-awesome)--><svg version=\"1.1\" xmlns=\"http:\/\/www.w3.org\/2000\/svg\" xmlns:xlink=\"http:\/\/www.w3.org\/1999\/xlink\" id=\"arrow-down\" viewBox=\"0 0 512 545.5\"><path d=\"M240 96h32v321l108.5-108.5 23 23-136 136-11.5 11-11.5-11-136-136 23-23L240 417V96z\"><\/path><\/svg><\/span><\/div>\n                                <div class=\"h-accordion-item-title-active-icon h-accordion-item-title-icon h-accordion-item-title-icon-right\"><span class=\"h-svg-icon\"><!--Icon by Icons8 Line Awesome (https:\/\/icons8.com\/line-awesome)--><svg version=\"1.1\" xmlns=\"http:\/\/www.w3.org\/2000\/svg\" xmlns:xlink=\"http:\/\/www.w3.org\/1999\/xlink\" id=\"arrow-up\" viewBox=\"0 0 512 545.5\"><path d=\"M256 97.5l11.5 11 136 136-23 23L272 159v321h-32V159L131.5 267.5l-23-23 136-136z\"><\/path><\/svg><\/span><\/div>\n                              <\/a>\n                              <div id=\"2335-c16\" class=\"h-accordion-item-content__container\">\n                                <div class=\"w-100 h-y-container h-accordion-item-content\">\n                                  <!---->\n                                  <div data-colibri-id=\"2335-c17\" class=\"h-text h-text-component style-1666 style-local-2335-c17 position-relative h-element\">\n                                    <!---->\n                                    <!---->\n                                    <div class=\"\">\n                                      <p>Notre entreprise de fun\u00e9railles, situ\u00e9e \u00e0 Watermael-Boitsfort et <strong>active dans la province du Brabant wallon<\/strong>, offre un accompagnement complet. Nous organisons le transfert du d\u00e9funt, le d\u00e9roulement\n                                        de la c\u00e9r\u00e9monie et toutes les <strong>interventions l\u00e9gales n\u00e9cessaires<\/strong>. Chaque intervention se fait dans le <strong>respect absolu de la dignit\u00e9 humaine et des croyances<\/strong> de chacun.<\/p>\n                                      <p>Nous mettons un point d\u2019honneur \u00e0 proposer un <strong>service humain et attentionn\u00e9<\/strong>, o\u00f9 chaque d\u00e9tail compte. En effet, derri\u00e8re chaque nouvelle prise en charge, il y a une<strong>&nbsp;\u00e9coute sinc\u00e8re<\/strong>,\n                                        un<strong>&nbsp;soutien discret<\/strong> et une volont\u00e9 de vous soulager dans cette p\u00e9riode \u00e9prouvante. Notre r\u00f4le est d\u2019all\u00e9ger le poids des dossiers&nbsp;pour que vous puissiez consacrer votre \u00e9nergie \u00e0 l\u2019essentiel\n                                        : rendre hommage avec s\u00e9r\u00e9nit\u00e9.<\/p>\n                                    <\/div>\n                                  <\/div>\n                                <\/div>\n                              <\/div>\n                            <\/div>\n                            <div data-colibri-id=\"2335-c18\" class=\"h-accordion-item style-1667 style-local-2335-c18 position-relative h-element\">\n                              <!---->\n                              <a data-open-by-default=\"false\" href=\"#2335-c18\" class=\"h-accordion-item-title d-flex align-items-center h-global-transition\">\n                                <!----><span>Comment se d\u00e9roule l\u2019organisation des fun\u00e9railles avec votre \u00e9quipe ?<\/span>\n                                <div class=\"h-accordion-item-title-normal-icon h-accordion-item-title-icon h-accordion-item-title-icon-right\"><span class=\"h-svg-icon\"><!--Icon by Icons8 Line Awesome (https:\/\/icons8.com\/line-awesome)--><svg version=\"1.1\" xmlns=\"http:\/\/www.w3.org\/2000\/svg\" xmlns:xlink=\"http:\/\/www.w3.org\/1999\/xlink\" id=\"arrow-down\" viewBox=\"0 0 512 545.5\"><path d=\"M240 96h32v321l108.5-108.5 23 23-136 136-11.5 11-11.5-11-136-136 23-23L240 417V96z\"><\/path><\/svg><\/span><\/div>\n                                <div class=\"h-accordion-item-title-active-icon h-accordion-item-title-icon h-accordion-item-title-icon-right\"><span class=\"h-svg-icon\"><!--Icon by Icons8 Line Awesome (https:\/\/icons8.com\/line-awesome)--><svg version=\"1.1\" xmlns=\"http:\/\/www.w3.org\/2000\/svg\" xmlns:xlink=\"http:\/\/www.w3.org\/1999\/xlink\" id=\"arrow-up\" viewBox=\"0 0 512 545.5\"><path d=\"M256 97.5l11.5 11 136 136-23 23L272 159v321h-32V159L131.5 267.5l-23-23 136-136z\"><\/path><\/svg><\/span><\/div>\n                              <\/a>\n                              <div id=\"2335-c18\" class=\"h-accordion-item-content__container\">\n                                <div class=\"w-100 h-y-container h-accordion-item-content\">\n                                  <!---->\n                                  <div data-colibri-id=\"2335-c19\" class=\"h-text h-text-component style-1668 style-local-2335-c19 position-relative h-element\">\n                                    <!---->\n                                    <!---->\n                                    <div class=\"\">\n                                      <p>Lorsque le d\u00e9c\u00e8s survient, il est possible de contacter nos agents <strong>\u00e0 tout moment<\/strong> pour vous accompagner d\u00e8s les premi\u00e8res d\u00e9marches. Nous organisons ensemble les diff\u00e9rents pr\u00e9paratifs: choix du cercueil\n                                        et\/ou de l\u2019urne, salle de c\u00e9r\u00e9monie, v\u00e9hicule, cartes de remerciement et formalit\u00e9s aupr\u00e8s de la commune ou du cimeti\u00e8re.<strong>&nbsp;Chaque situation est unique<\/strong>, et nous veillons \u00e0 respecter \u00e0 la lettre\n                                        les volont\u00e9s du d\u00e9funt et de la famille.<\/p>\n                                      <p>Tout est mis en \u0153uvre pour que cette organisation se d\u00e9roule dans la <strong>tranquillit\u00e9 et la clart\u00e9<\/strong>. Vous recevez toutes les <strong>informations utiles<\/strong>, les <strong>prix d\u00e9taill\u00e9s<\/strong> et\n                                        les <strong>conseils adapt\u00e9s \u00e0 votre situation<\/strong>. Notre \u00e9quipe reste \u00e0 vos c\u00f4t\u00e9s du premier appel jusqu\u2019\u00e0 la c\u00e9r\u00e9monie, avec disponibilit\u00e9 et bienveillance.<\/p>\n                                    <\/div>\n                                  <\/div>\n                                <\/div>\n                              <\/div>\n                            <\/div>\n                            <div data-colibri-id=\"2335-c20\" class=\"h-accordion-item style-1669 style-local-2335-c20 position-relative h-element\">\n                              <!---->\n                              <a data-open-by-default=\"false\" href=\"#2335-c20\" class=\"h-accordion-item-title d-flex align-items-center h-global-transition\">\n                                <!----><span>Comment g\u00e9rez-vous les obligations administratives ?<\/span>\n                                <div class=\"h-accordion-item-title-normal-icon h-accordion-item-title-icon h-accordion-item-title-icon-right\"><span class=\"h-svg-icon\"><!--Icon by Icons8 Line Awesome (https:\/\/icons8.com\/line-awesome)--><svg version=\"1.1\" xmlns=\"http:\/\/www.w3.org\/2000\/svg\" xmlns:xlink=\"http:\/\/www.w3.org\/1999\/xlink\" id=\"arrow-down\" viewBox=\"0 0 512 545.5\"><path d=\"M240 96h32v321l108.5-108.5 23 23-136 136-11.5 11-11.5-11-136-136 23-23L240 417V96z\"><\/path><\/svg><\/span><\/div>\n                                <div class=\"h-accordion-item-title-active-icon h-accordion-item-title-icon h-accordion-item-title-icon-right\"><span class=\"h-svg-icon\"><!--Icon by Icons8 Line Awesome (https:\/\/icons8.com\/line-awesome)--><svg version=\"1.1\" xmlns=\"http:\/\/www.w3.org\/2000\/svg\" xmlns:xlink=\"http:\/\/www.w3.org\/1999\/xlink\" id=\"arrow-up\" viewBox=\"0 0 512 545.5\"><path d=\"M256 97.5l11.5 11 136 136-23 23L272 159v321h-32V159L131.5 267.5l-23-23 136-136z\"><\/path><\/svg><\/span><\/div>\n                              <\/a>\n                              <div id=\"2335-c20\" class=\"h-accordion-item-content__container\">\n                                <div class=\"w-100 h-y-container h-accordion-item-content\">\n                                  <!---->\n                                  <div data-colibri-id=\"2335-c21\" class=\"h-text h-text-component style-1670 style-local-2335-c21 position-relative h-element\">\n                                    <!---->\n                                    <!---->\n                                    <div class=\"\">\n                                      <p>Nous assurons tout le <strong>processus&nbsp;administratif<\/strong>: d\u00e9claration de d\u00e9c\u00e8s, obtention des autorisations d\u2019inhumation ou d&rsquo;incin\u00e9ration, coordination avec la commune et gestion des documents officiels.\n                                        Nous nous occupons de tout, en<strong>&nbsp;\u00e9troite collaboration avec les autorit\u00e9s locales<\/strong> et les familles.<\/p>\n                                      <p>Ce soutien administratif complet permet de <strong>gagner du temps<\/strong> et d\u2019\u00e9viter le stress li\u00e9 aux papiers et aux proc\u00e9dures. Vous \u00eates accompagn\u00e9s pas \u00e0 pas, inform\u00e9s de chaque initiative, et<strong>&nbsp;lib\u00e9r\u00e9s des contraintes <\/strong>li\u00e9es\n                                        \u00e0 ces obligations. Notre r\u00f4le : que vous puissiez vivre votre deuil dans la <strong>paix et la simplicit\u00e9<\/strong>.<\/p>\n                                    <\/div>\n                                  <\/div>\n                                <\/div>\n                              <\/div>\n                            <\/div>\n                            <div data-colibri-id=\"2335-c22\" class=\"h-accordion-item style-1671 style-local-2335-c22 position-relative h-element\">\n                              <!---->\n                              <a data-open-by-default=\"false\" href=\"#2335-c22\" class=\"h-accordion-item-title d-flex align-items-center h-global-transition\">\n                                <!----><span>Peut-on personnaliser la c\u00e9r\u00e9monie d\u2019adieu ?<\/span>\n                                <div class=\"h-accordion-item-title-normal-icon h-accordion-item-title-icon h-accordion-item-title-icon-right\"><span class=\"h-svg-icon\"><!--Icon by Icons8 Line Awesome (https:\/\/icons8.com\/line-awesome)--><svg version=\"1.1\" xmlns=\"http:\/\/www.w3.org\/2000\/svg\" xmlns:xlink=\"http:\/\/www.w3.org\/1999\/xlink\" id=\"arrow-down\" viewBox=\"0 0 512 545.5\"><path d=\"M240 96h32v321l108.5-108.5 23 23-136 136-11.5 11-11.5-11-136-136 23-23L240 417V96z\"><\/path><\/svg><\/span><\/div>\n                                <div class=\"h-accordion-item-title-active-icon h-accordion-item-title-icon h-accordion-item-title-icon-right\"><span class=\"h-svg-icon\"><!--Icon by Icons8 Line Awesome (https:\/\/icons8.com\/line-awesome)--><svg version=\"1.1\" xmlns=\"http:\/\/www.w3.org\/2000\/svg\" xmlns:xlink=\"http:\/\/www.w3.org\/1999\/xlink\" id=\"arrow-up\" viewBox=\"0 0 512 545.5\"><path d=\"M256 97.5l11.5 11 136 136-23 23L272 159v321h-32V159L131.5 267.5l-23-23 136-136z\"><\/path><\/svg><\/span><\/div>\n                              <\/a>\n                              <div id=\"2335-c22\" class=\"h-accordion-item-content__container\">\n                                <div class=\"w-100 h-y-container h-accordion-item-content\">\n                                  <!---->\n                                  <div data-colibri-id=\"2335-c23\" class=\"h-text h-text-component style-1672 style-local-2335-c23 position-relative h-element\">\n                                    <!---->\n                                    <!---->\n                                    <div class=\"\">\n                                      <p>Oui, bien s\u00fbr. <strong>Chaque hommage est unique et peut \u00eatre con\u00e7u sur mesure<\/strong> : choix des musiques, des textes, du bois, ou encore de la d\u00e9coration de la salle. Nous vous aidons \u00e0 cr\u00e9er une c\u00e9r\u00e9monie qui\n                                        refl\u00e8te l\u2019<strong>identit\u00e9 et la m\u00e9moire<\/strong> du d\u00e9funt, dans le respect de vos valeurs et de vos souhaits.<\/p>\n                                      <p>Nos vous accompagnons \u00e9tape apr\u00e8s \u00e9tape, qu\u2019il s\u2019agisse d\u2019une c\u00e9r\u00e9monie religieuse, civile ou la\u00efque. Ce moment de recueillement doit avant tout repr\u00e9senter la vie et la personnalit\u00e9 de l&rsquo;individu c\u00e9l\u00e9br\u00e9, avec <strong>\u00e9motion et sinc\u00e9rit\u00e9<\/strong>.<\/p>\n                                    <\/div>\n                                  <\/div>\n                                <\/div>\n                              <\/div>\n                            <\/div>\n                          <\/div>\n                        <\/div>\n                      <\/div>\n                    <\/div>\n                    <div class=\"h-column h-column-container d-flex h-col-lg-auto h-col-md-auto h-col-auto style-1663-outer style-local-2335-c24-outer\">\n                      <div data-colibri-id=\"2335-c24\" class=\"d-flex h-flex-basis h-column__inner h-px-lg-2 h-px-md-0 h-px-2 v-inner-lg-2 v-inner-md-0 v-inner-2 style-1663 style-local-2335-c24 position-relative\">\n                        <!---->\n                        <!---->\n                        <div class=\"w-100 h-y-container h-column__content h-column__v-align flex-basis-100 align-self-lg-start align-self-md-start align-self-start\">\n                          <!---->\n                          <div data-toggle=\"true\" data-is-preview=\"true\" data-colibri-component=\"accordion\" data-colibri-id=\"2335-c25\" class=\"h-accordion style-1673 style-local-2335-c25 position-relative h-element\">\n                            <!---->\n                            <div data-colibri-id=\"2335-c26\" class=\"h-accordion-item h-accordion-item-first-child style-1674 style-local-2335-c26 position-relative h-element\">\n                              <!---->\n                              <a data-open-by-default=\"false\" href=\"#2335-c26\" class=\"h-accordion-item-title d-flex align-items-center h-global-transition\">\n                                <!----><span>Disposez-vous d\u2019un espace de recueillement pour les familles ?<\/span>\n                                <div class=\"h-accordion-item-title-normal-icon h-accordion-item-title-icon h-accordion-item-title-icon-right\"><span class=\"h-svg-icon\"><!--Icon by Icons8 Line Awesome (https:\/\/icons8.com\/line-awesome)--><svg version=\"1.1\" xmlns=\"http:\/\/www.w3.org\/2000\/svg\" xmlns:xlink=\"http:\/\/www.w3.org\/1999\/xlink\" id=\"arrow-down\" viewBox=\"0 0 512 545.5\"><path d=\"M240 96h32v321l108.5-108.5 23 23-136 136-11.5 11-11.5-11-136-136 23-23L240 417V96z\"><\/path><\/svg><\/span><\/div>\n                                <div class=\"h-accordion-item-title-active-icon h-accordion-item-title-icon h-accordion-item-title-icon-right\"><span class=\"h-svg-icon\"><!--Icon by Icons8 Line Awesome (https:\/\/icons8.com\/line-awesome)--><svg version=\"1.1\" xmlns=\"http:\/\/www.w3.org\/2000\/svg\" xmlns:xlink=\"http:\/\/www.w3.org\/1999\/xlink\" id=\"arrow-up\" viewBox=\"0 0 512 545.5\"><path d=\"M256 97.5l11.5 11 136 136-23 23L272 159v321h-32V159L131.5 267.5l-23-23 136-136z\"><\/path><\/svg><\/span><\/div>\n                              <\/a>\n                              <div id=\"2335-c26\" class=\"h-accordion-item-content__container\">\n                                <div class=\"w-100 h-y-container h-accordion-item-content\">\n                                  <!---->\n                                  <div data-colibri-id=\"2335-c27\" class=\"h-text h-text-component style-1666 style-local-2335-c27 position-relative h-element\">\n                                    <!---->\n                                    <!---->\n                                    <div class=\"\">\n                                      <p>Oui, notre fun\u00e9rarium \u00e0 Watermael-Boitsfort accueille les familles dans un <strong>cadre calme et r\u00e9confortant<\/strong>. Les proches peuvent s\u2019y recueillir avant la c\u00e9r\u00e9monie, en toute intimit\u00e9, dans un environnement\n                                        respectueux et apaisant. Nos espaces sont pens\u00e9s pour offrir \u00e0 chacun la possibilit\u00e9 de dire adieu dans la <strong>dignit\u00e9 et la s\u00e9r\u00e9nit\u00e9<\/strong>.<\/p>\n                                      <p>Nous veillons \u00e0 ce que chaque <strong>salle de recueillement<\/strong> soit pr\u00e9par\u00e9e avec soin : lumi\u00e8re douce, compositions florales, ambiance paisible. Cet havre devient un <strong>espace de m\u00e9moire et d\u2019union<\/strong>,\n                                        o\u00f9 chacun peut se sentir \u00e0 sa place pour rendre un dernier hommage.<\/p>\n                                    <\/div>\n                                  <\/div>\n                                <\/div>\n                              <\/div>\n                            <\/div>\n                            <div data-colibri-id=\"2335-c28\" class=\"h-accordion-item style-1675 style-local-2335-c28 position-relative h-element\">\n                              <!---->\n                              <a data-open-by-default=\"false\" href=\"#2335-c28\" class=\"h-accordion-item-title d-flex align-items-center h-global-transition\">\n                                <!----><span>Peut-on envisager un moment de partage apr\u00e8s les fun\u00e9railles ?<\/span>\n                                <div class=\"h-accordion-item-title-normal-icon h-accordion-item-title-icon h-accordion-item-title-icon-right\"><span class=\"h-svg-icon\"><!--Icon by Icons8 Line Awesome (https:\/\/icons8.com\/line-awesome)--><svg version=\"1.1\" xmlns=\"http:\/\/www.w3.org\/2000\/svg\" xmlns:xlink=\"http:\/\/www.w3.org\/1999\/xlink\" id=\"arrow-down\" viewBox=\"0 0 512 545.5\"><path d=\"M240 96h32v321l108.5-108.5 23 23-136 136-11.5 11-11.5-11-136-136 23-23L240 417V96z\"><\/path><\/svg><\/span><\/div>\n                                <div class=\"h-accordion-item-title-active-icon h-accordion-item-title-icon h-accordion-item-title-icon-right\"><span class=\"h-svg-icon\"><!--Icon by Icons8 Line Awesome (https:\/\/icons8.com\/line-awesome)--><svg version=\"1.1\" xmlns=\"http:\/\/www.w3.org\/2000\/svg\" xmlns:xlink=\"http:\/\/www.w3.org\/1999\/xlink\" id=\"arrow-up\" viewBox=\"0 0 512 545.5\"><path d=\"M256 97.5l11.5 11 136 136-23 23L272 159v321h-32V159L131.5 267.5l-23-23 136-136z\"><\/path><\/svg><\/span><\/div>\n                              <\/a>\n                              <div id=\"2335-c28\" class=\"h-accordion-item-content__container\">\n                                <div class=\"w-100 h-y-container h-accordion-item-content\">\n                                  <!---->\n                                  <div data-colibri-id=\"2335-c29\" class=\"h-text h-text-component style-1668 style-local-2335-c29 position-relative h-element\">\n                                    <!---->\n                                    <!---->\n                                    <div class=\"\">\n                                      <p>Absolument. Nous proposons la possibilit\u00e9 de planifier un <strong>moment de partage<\/strong> apr\u00e8s la c\u00e9r\u00e9monie, dans nos locaux ou dans un endroit choisi par la famille. Ces instants de convivialit\u00e9 permettent de\n                                        se retrouver, d\u2019\u00e9changer des souvenirs et d\u2019<strong>apaiser les \u00e9motions<\/strong>.<\/p>\n                                      <p>Notre soci\u00e9t\u00e9 peut vous conseiller dans l\u2019<strong>organisation pratique<\/strong> de cette rencontre : collation, mise \u00e0 disposition des locaux. Ce moment informel aide souvent \u00e0 retrouver un peu de chaleur humaine\n                                        apr\u00e8s l\u2019\u00e9preuve et \u00e0 prolonger la <strong>solidarit\u00e9 entre proches<\/strong>.<\/p>\n                                    <\/div>\n                                  <\/div>\n                                <\/div>\n                              <\/div>\n                            <\/div>\n                            <div data-colibri-id=\"2335-c30\" class=\"h-accordion-item style-1676 style-local-2335-c30 position-relative h-element\">\n                              <!---->\n                              <a data-open-by-default=\"false\" href=\"#2335-c30\" class=\"h-accordion-item-title d-flex align-items-center h-global-transition\">\n                                <!----><span>Quels types de fun\u00e9railles proposez-vous en Belgique ?<\/span>\n                                <div class=\"h-accordion-item-title-normal-icon h-accordion-item-title-icon h-accordion-item-title-icon-right\"><span class=\"h-svg-icon\"><!--Icon by Icons8 Line Awesome (https:\/\/icons8.com\/line-awesome)--><svg version=\"1.1\" xmlns=\"http:\/\/www.w3.org\/2000\/svg\" xmlns:xlink=\"http:\/\/www.w3.org\/1999\/xlink\" id=\"arrow-down\" viewBox=\"0 0 512 545.5\"><path d=\"M240 96h32v321l108.5-108.5 23 23-136 136-11.5 11-11.5-11-136-136 23-23L240 417V96z\"><\/path><\/svg><\/span><\/div>\n                                <div class=\"h-accordion-item-title-active-icon h-accordion-item-title-icon h-accordion-item-title-icon-right\"><span class=\"h-svg-icon\"><!--Icon by Icons8 Line Awesome (https:\/\/icons8.com\/line-awesome)--><svg version=\"1.1\" xmlns=\"http:\/\/www.w3.org\/2000\/svg\" xmlns:xlink=\"http:\/\/www.w3.org\/1999\/xlink\" id=\"arrow-up\" viewBox=\"0 0 512 545.5\"><path d=\"M256 97.5l11.5 11 136 136-23 23L272 159v321h-32V159L131.5 267.5l-23-23 136-136z\"><\/path><\/svg><\/span><\/div>\n                              <\/a>\n                              <div id=\"2335-c30\" class=\"h-accordion-item-content__container\">\n                                <div class=\"w-100 h-y-container h-accordion-item-content\">\n                                  <!---->\n                                  <div data-colibri-id=\"2335-c31\" class=\"h-text h-text-component style-1677 style-local-2335-c31 position-relative h-element\">\n                                    <!---->\n                                    <!---->\n                                    <div class=\"\">\n                                      <p>Nous proposons <strong>diff\u00e9rents mod\u00e8les de fun\u00e9railles<\/strong>, selon les souhaits et les convictions de chacun : inhumation, cr\u00e9mation, c\u00e9r\u00e9monie religieuse ou la\u00efque. Chaque formule peut \u00eatre adapt\u00e9e \u00e0 vos besoins,\n                                        \u00e0 vos traditions et \u00e0 votre budget.<\/p>\n                                      <p>Notre fun\u00e9rarium privil\u00e9gie la <strong>transparence et la qualit\u00e9<\/strong>. Vous recevez un <strong>devis clair<\/strong>, des <strong>conseils personnalis\u00e9s<\/strong> et la garantie d\u2019une <strong>organisation men\u00e9e avec soin<\/strong>.\n                                        Quelle que soit la ville ou le site de la c\u00e9r\u00e9monie, nous restons \u00e0 vos c\u00f4t\u00e9s \u00e0 chaque \u00e9tape.&nbsp;<\/p>\n                                    <\/div>\n                                  <\/div>\n                                <\/div>\n                              <\/div>\n                            <\/div>\n                            <div data-colibri-id=\"2335-c32\" class=\"h-accordion-item style-1678 style-local-2335-c32 position-relative h-element\">\n                              <!---->\n                              <a data-open-by-default=\"false\" href=\"#2335-c32\" class=\"h-accordion-item-title d-flex align-items-center h-global-transition\">\n                                <!----><span>Comment accompagnez-vous les familles pour la suite ?<\/span>\n                                <div class=\"h-accordion-item-title-normal-icon h-accordion-item-title-icon h-accordion-item-title-icon-right\"><span class=\"h-svg-icon\"><!--Icon by Icons8 Line Awesome (https:\/\/icons8.com\/line-awesome)--><svg version=\"1.1\" xmlns=\"http:\/\/www.w3.org\/2000\/svg\" xmlns:xlink=\"http:\/\/www.w3.org\/1999\/xlink\" id=\"arrow-down\" viewBox=\"0 0 512 545.5\"><path d=\"M240 96h32v321l108.5-108.5 23 23-136 136-11.5 11-11.5-11-136-136 23-23L240 417V96z\"><\/path><\/svg><\/span><\/div>\n                                <div class=\"h-accordion-item-title-active-icon h-accordion-item-title-icon h-accordion-item-title-icon-right\"><span class=\"h-svg-icon\"><!--Icon by Icons8 Line Awesome (https:\/\/icons8.com\/line-awesome)--><svg version=\"1.1\" xmlns=\"http:\/\/www.w3.org\/2000\/svg\" xmlns:xlink=\"http:\/\/www.w3.org\/1999\/xlink\" id=\"arrow-up\" viewBox=\"0 0 512 545.5\"><path d=\"M256 97.5l11.5 11 136 136-23 23L272 159v321h-32V159L131.5 267.5l-23-23 136-136z\"><\/path><\/svg><\/span><\/div>\n                              <\/a>\n                              <div id=\"2335-c32\" class=\"h-accordion-item-content__container\">\n                                <div class=\"w-100 h-y-container h-accordion-item-content\">\n                                  <!---->\n                                  <div data-colibri-id=\"2335-c33\" class=\"h-text h-text-component style-1672 style-local-2335-c33 position-relative h-element\">\n                                    <!---->\n                                    <!---->\n                                    <div class=\"\">\n                                      <p>Notre engagement ne s\u2019arr\u00eate pas \u00e0 la c\u00e9r\u00e9monie. Apr\u00e8s les fun\u00e9railles, nous aidons les familles \u00e0 finaliser le proc\u00e9d\u00e9 : <strong>cartons de remerciement<\/strong>, <strong>plaques comm\u00e9moratives<\/strong>, ou publications\n                                        d\u2019<strong>avis de d\u00e9c\u00e8s<\/strong>. Nous restons joignables pour toute <strong>demande d\u2019information<\/strong> ou besoin d\u2019assistance administrative.<\/p>\n                                      <p>Nous offrons \u00e9galement un <strong>espace de condol\u00e9ances confidentiel&nbsp;<\/strong>o\u00f9 chacun peut d\u00e9poser un message, une photo ou un souvenir. Ce refuge de m\u00e9moire aide \u00e0 prolonger le lien et \u00e0 honorer l&rsquo;\u00eatre disparu\n                                        au-del\u00e0 du jour de la c\u00e9r\u00e9monie, dans un esprit de partage et d\u2019humanit\u00e9.<\/p>\n                                    <\/div>\n                                  <\/div>\n                                <\/div>\n                              <\/div>\n                            <\/div>\n                          <\/div>\n                        <\/div>\n                      <\/div>\n                    <\/div>\n                  <\/div>\n                <\/div>\n              <\/div>\n            <\/div>\n          <\/div>\n        <\/div>\n      <\/div>\n    <\/div>\n  <\/div>\n<\/div>","protected":false},"excerpt":{"rendered":"<p>Un hommage digne et un accompagnement humain Install\u00e9e \u00e0 Watermael-Boitsfort, notre maison accompagne depuis plusieurs d\u00e9cennies les familles de Bruxelles et du Brabant wallon. Nous intervenons avec la m\u00eame attention \u00e0 Wavre, Waterloo, Jodoigne ou dans les communes voisines, afin d\u2019assurer une organisation sereine des fun\u00e9railles, quel que soit le lieu du d\u00e9c\u00e8s ou de [&hellip;]<\/p>\n","protected":false},"author":2,"featured_media":2336,"parent":0,"menu_order":0,"comment_status":"closed","ping_status":"closed","template":"page-templates\/homepage.php","meta":{"inline_featured_image":false,"_monsterinsights_skip_tracking":false,"_monsterinsights_sitenote_active":false,"_monsterinsights_sitenote_note":"","_monsterinsights_sitenote_category":0,"footnotes":""},"class_list":["post-2335","page","type-page","status-publish","has-post-thumbnail","hentry"],"aioseo_notices":[],"_links":{"self":[{"href":"https:\/\/boitsfortfunerailles.be\/index.php\/wp-json\/wp\/v2\/pages\/2335","targetHints":{"allow":["GET"]}}],"collection":[{"href":"https:\/\/boitsfortfunerailles.be\/index.php\/wp-json\/wp\/v2\/pages"}],"about":[{"href":"https:\/\/boitsfortfunerailles.be\/index.php\/wp-json\/wp\/v2\/types\/page"}],"author":[{"embeddable":true,"href":"https:\/\/boitsfortfunerailles.be\/index.php\/wp-json\/wp\/v2\/users\/2"}],"replies":[{"embeddable":true,"href":"https:\/\/boitsfortfunerailles.be\/index.php\/wp-json\/wp\/v2\/comments?post=2335"}],"version-history":[{"count":4,"href":"https:\/\/boitsfortfunerailles.be\/index.php\/wp-json\/wp\/v2\/pages\/2335\/revisions"}],"predecessor-version":[{"id":2480,"href":"https:\/\/boitsfortfunerailles.be\/index.php\/wp-json\/wp\/v2\/pages\/2335\/revisions\/2480"}],"wp:featuredmedia":[{"embeddable":true,"href":"https:\/\/boitsfortfunerailles.be\/index.php\/wp-json\/wp\/v2\/media\/2336"}],"wp:attachment":[{"href":"https:\/\/boitsfortfunerailles.be\/index.php\/wp-json\/wp\/v2\/media?parent=2335"}],"curies":[{"name":"wp","href":"https:\/\/api.w.org\/{rel}","templated":true}]}}