{"id":2346,"date":"2025-11-12T16:54:10","date_gmt":"2025-11-12T15:54:10","guid":{"rendered":"https:\/\/boitsfortfunerailles.be\/?page_id=2346"},"modified":"2026-01-28T12:22:51","modified_gmt":"2026-01-28T11:22:51","slug":"pompes-funebres-belgique","status":"publish","type":"page","link":"https:\/\/boitsfortfunerailles.be\/index.php\/pompes-funebres-belgique\/","title":{"rendered":"Pompes Fun\u00e8bres Belgique"},"content":{"rendered":"<div data-colibri-id=\"2346-c1\" class=\"style-1679 style-local-2346-c1 position-relative\">\n  <!---->\n  <div data-colibri-component=\"section\" data-colibri-id=\"2346-c2\" id=\"histoire\" class=\"h-section h-section-global-spacing d-flex align-items-lg-center align-items-md-center align-items-center style-1680 style-local-2346-c2 position-relative\">\n    <!---->\n    <!---->\n    <div class=\"h-section-grid-container h-section-boxed-container\">\n      <!---->\n      <div data-colibri-id=\"2346-c3\" class=\"h-row-container gutters-row-lg-0 gutters-row-md-0 gutters-row-0 gutters-row-v-lg-0 gutters-row-v-md-0 gutters-row-v-0 style-1681 style-local-2346-c3 localisation-text position-relative\">\n        <!---->\n        <div class=\"h-row justify-content-lg-center justify-content-md-center justify-content-center align-items-lg-stretch align-items-md-stretch align-items-stretch gutters-col-lg-0 gutters-col-md-0 gutters-col-0 gutters-col-v-lg-0 gutters-col-v-md-0 gutters-col-v-0\">\n          <!---->\n          <div class=\"h-column h-column-container d-flex h-col-lg-auto h-col-md-auto h-col-auto style-1682-outer style-local-2346-c4-outer\">\n            <div data-colibri-id=\"2346-c4\" class=\"d-flex h-flex-basis h-column__inner h-px-lg-0 h-px-md-0 h-px-0 v-inner-lg-0 v-inner-md-0 v-inner-0 style-1682 style-local-2346-c4 position-relative\">\n              <!---->\n              <!---->\n              <div class=\"w-100 h-y-container h-column__content h-column__v-align flex-basis-100 align-self-lg-center align-self-md-center align-self-center\">\n                <!---->\n                <div data-colibri-id=\"2346-c5\" class=\"h-row-container gutters-row-lg-0 gutters-row-md-0 gutters-row-0 gutters-row-v-lg-0 gutters-row-v-md-0 gutters-row-v-0 style-1683 style-local-2346-c5 position-relative\">\n                  <!---->\n                  <div class=\"h-row justify-content-lg-center justify-content-md-center justify-content-center align-items-lg-stretch align-items-md-stretch align-items-stretch gutters-col-lg-0 gutters-col-md-0 gutters-col-0 gutters-col-v-lg-0 gutters-col-v-md-0 gutters-col-v-0\">\n                    <!---->\n                    <div class=\"h-column h-column-container d-flex h-col-lg-auto h-col-md-auto h-col-auto style-1684-outer style-local-2346-c6-outer\">\n                      <div data-colibri-id=\"2346-c6\" class=\"d-flex h-flex-basis h-column__inner h-px-lg-0 h-px-md-0 h-px-0 v-inner-lg-0 v-inner-md-0 v-inner-0 style-1684 style-local-2346-c6 position-relative\">\n                        <!---->\n                        <!---->\n                        <div class=\"w-100 h-y-container h-column__content h-column__v-align flex-basis-100 align-self-lg-start align-self-md-start align-self-start\">\n                          <!---->\n                          <div data-colibri-id=\"2346-c7\" class=\"h-global-transition-all h-heading style-1685 style-local-2346-c7 position-relative h-element\">\n                            <!---->\n                            <div class=\"h-heading__outer style-1685 style-local-2346-c7\">\n                              <!---->\n                              <!---->\n                              <h2 class=\"\">Un dernier hommage<\/h2>\n                            <\/div>\n                          <\/div>\n                        <\/div>\n                      <\/div>\n                    <\/div>\n                  <\/div>\n                <\/div>\n                <div data-colibri-id=\"2346-c8\" class=\"h-text h-text-component style-1686 style-local-2346-c8 position-relative h-element\">\n                  <!---->\n                  <!---->\n                  <div class=\"\">\n                    <p>Implant\u00e9e \u00e0 <strong>Watermael-Boitsfort<\/strong>, notre <strong>entreprise de pompes fun\u00e8bres<\/strong> accompagne depuis de nombreuses ann\u00e9es les familles de tout <strong>Bruxelles<\/strong> et du <strong>Brabant wallon<\/strong>. Nous\n                      assurons l\u2019<strong>organisation compl\u00e8te des fun\u00e9railles<\/strong> avec respect, humanit\u00e9 et professionnalisme, en veillant \u00e0 pr\u00e9server la dignit\u00e9 du d\u00e9funt et le r\u00e9confort des proches.<\/p>\n                    <p>Qu\u2019il s\u2019agisse d\u2019une <strong>inhumation<\/strong> ou d\u2019une <strong>cr\u00e9mation<\/strong>, nous mettons tout en \u0153uvre pour que chaque c\u00e9r\u00e9monie soit \u00e0 la hauteur de la vie qu\u2019elle c\u00e9l\u00e8bre. Chaque hommage est unique : il doit <strong>refl\u00e9ter les valeurs et croyances&nbsp;<\/strong>de\n                      la personne disparue. \u00c0 travers une approche sinc\u00e8re et bienveillante, nous vous guidons pas \u00e0 pas, pour transformer ce moment douloureux en un <strong>temps de souvenir empreint de paix<\/strong>.<\/p>\n                    <h2><span style=\"font-family: &quot;Playfair Display&quot;;\">Un accompagnement fun\u00e9raire complet et personnalis\u00e9<\/span><\/h2>\n                    <p>Nos <strong>services fun\u00e9raires<\/strong> couvrent chaque \u00e9tape du parcours : transfert du d\u00e9funt, d\u00e9marches administratives, soins \u00e0 la personne, mise en bi\u00e8re, c\u00e9r\u00e9monie et accompagnement apr\u00e8s les obs\u00e8ques. Notre r\u00f4le est de <strong>soulager les familles<\/strong>                      des contraintes mat\u00e9rielles pour leur permettre de <strong>se concentrer sur l\u2019essentiel<\/strong> : le recueillement, la m\u00e9moire et l\u2019amour des \u00eatres disparus.<\/p>\n                    <p>Notre<strong> entreprise fun\u00e9raire en Belgique<\/strong> se distingue par sa disponibilit\u00e9, son \u00e9coute et son sens du d\u00e9tail. Nous proposons une <strong>organisation sur mesure<\/strong>, adapt\u00e9e \u00e0 chaque situation, qu\u2019il s\u2019agisse d\u2019un\n                      d\u00e9c\u00e8s \u00e0 domicile, \u00e0 l\u2019h\u00f4pital ou en maison de repos. Notre corps de m\u00e9tier, compos\u00e9 de <strong>professionnels exp\u00e9riment\u00e9s<\/strong>, agit avec discr\u00e9tion et empathie pour assurer un <strong>soutien constant<\/strong> tout au long\n                      du processus fun\u00e9raire.<\/p>\n                    <h3><strong style=\"font-weight: 400;\">D\u00e9marches administratives et coordination des obs\u00e8ques<\/strong><\/h3>\n                    <p>Les <strong>formalit\u00e9s administratives<\/strong> qui suivent un d\u00e9c\u00e8s peuvent s\u2019av\u00e9rer lourdes et d\u00e9routantes. Nous mettons un point d&rsquo;honneur \u00e0 <strong>g\u00e9rer l\u2019ensemble des documents n\u00e9cessaires<\/strong> : d\u00e9claration de d\u00e9c\u00e8s \u00e0 la\n                      commune, obtention du certificat d\u2019inhumation ou de cr\u00e9mation, coordination avec les cimeti\u00e8res, les cr\u00e9matoriums et les \u00e9glises.<\/p>\n                    <p>Nous vous accompagnons \u00e9galement dans les <strong>pr\u00e9paratifs de la c\u00e9r\u00e9monie<\/strong>, en lien avec les institutions religieuses ou civiles concern\u00e9es. Notre service propose aussi la\n                      <a href=\"https:\/\/boitsfortfunerailles.be\/index.php\/contact-us\"\n                        target=\"_blank\"><strong>commande de fleurs en ligne<\/strong><\/a>, livr\u00e9es directement sur le site&nbsp;de la c\u00e9r\u00e9monie, pour un dernier geste d\u2019affection.<\/p>\n                    <h3>C\u00e9r\u00e9monies selon vos convictions et traditions<\/h3>\n                    <p>Chaque famille poss\u00e8de ses valeurs, ses rites et ses croyances. Nous organisons des <strong>fun\u00e9railles religieuses, civiles ou la\u00efques<\/strong> dans la tol\u00e9rance la plus totale des convictions de chacun. Notre soci\u00e9t\u00e9 collabore avec\n                      toutes les communaut\u00e9s pr\u00e9sentes \u00e0\n                      <a href=\"https:\/\/boitsfortfunerailles.be\/index.php\/pompes-funebres-bruxelles\" target=\"_blank\"><strong>Bruxelles<\/strong> <\/a>et dans le\n                      <a href=\"https:\/\/boitsfortfunerailles.be\/index.php\/pompes-funebres-brabant-wallon\" target=\"_blank\"><strong>Brabant wallon<\/strong><\/a>, dans un <strong>esprit d\u2019ouverture et de tol\u00e9rance<\/strong>.<\/p>\n                    <p>Au-del\u00e0 du protocole, nous veillons \u00e0 ce que chaque c\u00e9r\u00e9monie conserve une <strong>authenticit\u00e9 sinc\u00e8re<\/strong> : un moment de partage, d\u2019\u00e9motion et d\u2019hommage. Notre mission consiste \u00e0 cr\u00e9er un cadre o\u00f9 la foi, la m\u00e9moire et la tendresse\n                      trouvent leur juste place.<\/p>\n                    <h3>Espaces de recueillement et salles de m\u00e9moire<\/h3>\n                    <p>Notre <strong>fun\u00e9rarium de Watermael-Boitsfort<\/strong> comprend plusieurs <strong>salles de recueillement<\/strong>, pens\u00e9es pour accueillir les familles dans un <strong>environnement calme et apaisant<\/strong>. Ces espaces permettent\n                      de se r\u00e9unir, de se recueillir et de partager un instant d\u2019intimit\u00e9 avant la c\u00e9r\u00e9monie.<\/p>\n                    <p>Nous offrons \u00e9galement la possibilit\u00e9 d\u2019organiser un <strong>moment de partage<\/strong> apr\u00e8s les obs\u00e8ques. Dans notre <strong>salle de r\u00e9ception<\/strong>, les proches peuvent \u00e9changer anecdotes, paroles de r\u00e9confort autour d\u2019un hommage\n                      simple et sinc\u00e8re. Ce temps de convivialit\u00e9 contribue souvent \u00e0 <strong>adoucir le deuil<\/strong>.<\/p>\n                    <h3>Soins avec respect de la dignit\u00e9 humaine<\/h3>\n                    <p>Les <strong>soins <\/strong> et la <strong>toilette fun\u00e9raire<\/strong> sont r\u00e9alis\u00e9s par des professionnels form\u00e9s, cela se pratique avec beaucoup de respect et de <strong>dignit\u00e9 par rapport au d\u00e9funt<\/strong>. Nous pratiquons chaque\n                      geste avec d\u00e9licatesse, afin que la pr\u00e9sentation du corps soit conforme aux souhaits de la famille et permette un dernier adieu paisible.<\/p>\n                    <h1><span style=\"font-weight: 400;\">Annonces, faire-part et hommage en ligne<\/span><\/h1>\n                    <p>Nous prenons en charge la <strong>r\u00e9daction et la diffusion des avis de d\u00e9c\u00e8s<\/strong>, <strong>faire-part<\/strong> et <strong>notices&nbsp;n\u00e9crologiques<\/strong>. Chaque annonce est publi\u00e9e avec soin et sensibilit\u00e9, afin de mettre\n                      \u00e0 l&rsquo;honneur la vie et la personnalit\u00e9 du d\u00e9funt.<\/p>\n                    <p>Pour prolonger le souvenir, des&nbsp;<strong>pages de condol\u00e9ances en ligne<\/strong> permettent \u00e0 la famille, aux amis et aux connaissances d\u2019exprimer leurs pens\u00e9es, de partager une photo ou un mot de soutien. Cet espace num\u00e9rique,\n                      sobre et respectueux, devient un <strong>lieu de m\u00e9moire collectif<\/strong> ouvert \u00e0 tous ceux qui souhaitent t\u00e9moigner leur affection.<\/p>\n                    <h3>Contrats de pr\u00e9voyance et organisation anticip\u00e9e<\/h3>\n                    <p>Pr\u00e9parer ses fun\u00e9railles \u00e0 l\u2019avance est un <strong>geste empreint de sagesse et de tendresse<\/strong>. Nos <strong>contrats de pr\u00e9voyance fun\u00e9raire<\/strong> permettent d\u2019organiser chaque \u00e9tape selon vos souhaits : choix du cercueil,\n                      type de c\u00e9r\u00e9monie, lieu de s\u00e9pulture, co\u00fbt et volont\u00e9s religieuses ou civiles.<\/p>\n                    <p>En anticipant, vous <strong>soulagerez vos proches<\/strong> d\u2019un poids \u00e9motionnel et logistique important. Nos agents vous conseillent avec transparence et bienveillance pour d\u00e9finir un <strong>plan clair, conforme \u00e0 vos attentes, et toujours modulable<\/strong>                      pour faire face \u00e0 l\u2019\u00e9volution de vos besoins.<\/p>\n                    <h2><span style=\"font-family: &quot;Playfair Display&quot;;\">Notre maison fun\u00e9raire : un lieu de s\u00e9r\u00e9nit\u00e9 et de confiance<\/span><\/h2>\n                    <h3>Un fun\u00e9rarium accueillant au c\u0153ur de Watermael-Boitsfort<\/h3>\n                    <p>Votre entrepreneur mortuaire est con\u00e7ue comme un <strong>refuge paisible<\/strong>, o\u00f9 chaque famille peut venir se recueillir en toute s\u00e9r\u00e9nit\u00e9. Situ\u00e9 \u00e0 proximit\u00e9 imm\u00e9diate des communes de\n                      <a href=\"https:\/\/boitsfortfunerailles.be\/index.php\/pompes-funebres-uccle\"\n                        target=\"_blank\"><strong>Uccle<\/strong><\/a>,\n                      <a href=\"https:\/\/boitsfortfunerailles.be\/index.php\/pompes-funebres-ixelles\" target=\"_blank\"><strong>Ixelles<\/strong> <\/a>et\n                      <a href=\"https:\/\/boitsfortfunerailles.be\/index.php\/pompes-funebres-auderghem\" target=\"_blank\"><strong>Auderghem<\/strong><\/a>, notre \u00e9tablissement allie <strong>accessibilit\u00e9 et intimit\u00e9<\/strong> pour assister des cercles endeuill\u00e9s tout au long de l&rsquo;ann\u00e9e.<\/p>\n                    <p>Chaque espace a \u00e9t\u00e9 pens\u00e9 pour favoriser le calme, la chaleur humaine et la <strong>proximit\u00e9 avec le d\u00e9funt<\/strong>. Ce cadre apaisant refl\u00e8te notre philosophie : offrir un <strong>environnement rassurant<\/strong> dans lequel chaque\n                      adieu devient un moment de douceur et de m\u00e9moire.<\/p>\n                    <h3>Une pr\u00e9sence bienveillante, 24 heures sur 24<\/h3>\n                    <p>Parce qu\u2019un d\u00e9c\u00e8s peut survenir \u00e0 tout moment, notre <strong>\u00e9quipe reste disponible jour et nuit<\/strong>, y compris les week-ends et jours f\u00e9ri\u00e9s. Nous intervenons dans toutes les communes de <strong>Bruxelles<\/strong> et du <strong>Brabant wallon<\/strong>,\n                      garantissant une <strong>prise en charge rapide et respectueuse<\/strong> du d\u00e9funt.<\/p>\n                    <p>D\u00e8s le premier contact, un conseiller fun\u00e9raire exp\u00e9riment\u00e9 vous guide dans les obligations&nbsp;urgentes, vous aide \u00e0 rassembler les <strong>documents n\u00e9cessaires<\/strong> et organise le <strong>transport fun\u00e9raire<\/strong> avec la\n                      plus grande attention. Votre tranquillit\u00e9 d\u2019esprit est notre priorit\u00e9.<\/p>\n                    <h3>Une entreprise familiale fond\u00e9e sur l\u2019\u00e9coute et la confiance<\/h3>\n                    <p>Depuis plusieurs g\u00e9n\u00e9rations, notre <strong>entreprise familiale de pompes fun\u00e8bres<\/strong> perp\u00e9tue un savoir-faire ancr\u00e9 dans la <strong>proximit\u00e9 et l\u2019int\u00e9grit\u00e9<\/strong>. Chaque intervention&nbsp;fait l&rsquo;objet d&rsquo;une pr\u00e9sence active\n                      au fil des \u00e9v\u00e9nements.<\/p>\n                    <p>Nous pla\u00e7ons <strong>l\u2019humain au centre de notre mission<\/strong>. Notre engagement : offrir des prestations de qualit\u00e9, justes et transparentes, tout en pr\u00e9servant la dimension profond\u00e9ment humaine du m\u00e9tier fun\u00e9raire. Nous croyons\n                      que la <strong>m\u00e9moire du d\u00e9funt<\/strong> m\u00e9rite un hommage sinc\u00e8re, empreint de simplicit\u00e9 et de dignit\u00e9.<\/p>\n                    <h2><span style=\"font-family: &quot;Playfair Display&quot;;\">Contact et assistance&nbsp;imm\u00e9diate<\/span><\/h2>\n                    <p>En cas de <strong>perte d&rsquo;un \u00eatre cher<\/strong>, notre \u00e9quipe de <strong>pompes fun\u00e8bres \u00e0 Watermael-Boitsfort<\/strong> est disponible de jour comme de nuit \u00e0 ce\n                      <a href=\"tel:+3226605999\">num\u00e9ro de t\u00e9l\u00e9phone<\/a>. Nous intervenons rapidement sur tout le territoire de la <strong>Belgique francophone<\/strong>, assurant la <strong>prise en charge compl\u00e8te du d\u00e9funt<\/strong> d\u00e8s les premiers instants.<\/p>\n                    <p>Vous pouvez \u00e9galement nous \u00e9crire via notre\n                      <a href=\"https:\/\/boitsfortfunerailles.be\/index.php\/contact-us\" target=\"_blank\"><strong>formulaire en ligne<\/strong><\/a> pour demander un <strong>devis gratuit<\/strong>, une <strong>assistance imm\u00e9diate ou un compl\u00e9ment d&rsquo;information<\/strong>. Chaque demande publi\u00e9e&nbsp;est trait\u00e9e avec r\u00e9activit\u00e9, empathie\n                      et discr\u00e9tion, parce qu\u2019en ces moments si particuliers, un soutien humain et professionnel fait toute la diff\u00e9rence.<\/p>\n                  <\/div>\n                <\/div>\n              <\/div>\n            <\/div>\n          <\/div>\n        <\/div>\n      <\/div>\n    <\/div>\n  <\/div>\n  <div data-colibri-component=\"section\" data-colibri-id=\"2346-c9\" id=\"features\" class=\"h-section h-section-global-spacing d-flex align-items-lg-center align-items-md-center align-items-center style-1680 style-local-2346-c9 position-relative\">\n    <!---->\n    <!---->\n    <div class=\"h-section-grid-container h-section-boxed-container\">\n      <!---->\n      <div data-colibri-id=\"2346-c10\" class=\"h-row-container gutters-row-lg-0 gutters-row-md-0 gutters-row-0 gutters-row-v-lg-0 gutters-row-v-md-0 gutters-row-v-0 style-1687 style-local-2346-c10 localisation-faq position-relative\">\n        <!---->\n        <div class=\"h-row justify-content-lg-center justify-content-md-center justify-content-center align-items-lg-stretch align-items-md-stretch align-items-stretch gutters-col-lg-0 gutters-col-md-0 gutters-col-0 gutters-col-v-lg-0 gutters-col-v-md-0 gutters-col-v-0\">\n          <!---->\n          <div class=\"h-column h-column-container d-flex h-col-lg-auto h-col-md-auto h-col-auto style-1688-outer style-local-2346-c11-outer\">\n            <div data-colibri-id=\"2346-c11\" class=\"d-flex h-flex-basis h-column__inner h-px-lg-0 h-px-md-0 h-px-0 v-inner-lg-0 v-inner-md-0 v-inner-0 style-1688 style-local-2346-c11 position-relative\">\n              <!---->\n              <!---->\n              <div class=\"w-100 h-y-container h-column__content h-column__v-align flex-basis-100 align-self-lg-start align-self-md-start align-self-start\">\n                <!---->\n                <div data-colibri-id=\"2346-c12\" class=\"h-global-transition-all h-heading style-1689 style-local-2346-c12 position-relative h-element\">\n                  <!---->\n                  <div class=\"h-heading__outer style-1689 style-local-2346-c12\">\n                    <!---->\n                    <!---->\n                    <h2 class=\"\">FAQ<\/h2>\n                  <\/div>\n                <\/div>\n                <div data-colibri-id=\"2346-c13\" class=\"h-row-container gutters-row-lg-2 gutters-row-md-0 gutters-row-0 gutters-row-v-lg-2 gutters-row-v-md-0 gutters-row-v-0 style-1690 style-local-2346-c13 position-relative\">\n                  <!---->\n                  <div class=\"h-row justify-content-lg-center justify-content-md-center justify-content-center align-items-lg-stretch align-items-md-stretch align-items-stretch gutters-col-lg-2 gutters-col-md-0 gutters-col-0 gutters-col-v-lg-2 gutters-col-v-md-0 gutters-col-v-0\">\n                    <!---->\n                    <div class=\"h-column h-column-container d-flex h-col-lg-auto h-col-md-auto h-col-auto style-1691-outer style-local-2346-c14-outer\">\n                      <div data-colibri-id=\"2346-c14\" class=\"d-flex h-flex-basis h-column__inner h-px-lg-2 h-px-md-0 h-px-2 v-inner-lg-2 v-inner-md-0 v-inner-2 style-1691 style-local-2346-c14 position-relative\">\n                        <!---->\n                        <!---->\n                        <div class=\"w-100 h-y-container h-column__content h-column__v-align flex-basis-100 align-self-lg-start align-self-md-start align-self-start\">\n                          <!---->\n                          <div data-toggle=\"true\" data-is-preview=\"true\" data-colibri-component=\"accordion\" data-colibri-id=\"2346-c15\" class=\"h-accordion style-1692 style-local-2346-c15 position-relative h-element\">\n                            <!---->\n                            <div data-colibri-id=\"2346-c16\" class=\"h-accordion-item h-accordion-item-first-child style-1693 style-local-2346-c16 position-relative h-element\">\n                              <!---->\n                              <a data-open-by-default=\"false\" href=\"#2346-c16\" class=\"h-accordion-item-title d-flex align-items-center h-global-transition\">\n                                <!----><span>Quelles prestations assure votre maison Boitsfort Fun\u00e9railles ?<\/span>\n                                <div class=\"h-accordion-item-title-normal-icon h-accordion-item-title-icon h-accordion-item-title-icon-right\"><span class=\"h-svg-icon\"><!--Icon by Icons8 Line Awesome (https:\/\/icons8.com\/line-awesome)--><svg version=\"1.1\" xmlns=\"http:\/\/www.w3.org\/2000\/svg\" xmlns:xlink=\"http:\/\/www.w3.org\/1999\/xlink\" id=\"arrow-down\" viewBox=\"0 0 512 545.5\"><path d=\"M240 96h32v321l108.5-108.5 23 23-136 136-11.5 11-11.5-11-136-136 23-23L240 417V96z\"><\/path><\/svg><\/span><\/div>\n                                <div class=\"h-accordion-item-title-active-icon h-accordion-item-title-icon h-accordion-item-title-icon-right\"><span class=\"h-svg-icon\"><!--Icon by Icons8 Line Awesome (https:\/\/icons8.com\/line-awesome)--><svg version=\"1.1\" xmlns=\"http:\/\/www.w3.org\/2000\/svg\" xmlns:xlink=\"http:\/\/www.w3.org\/1999\/xlink\" id=\"arrow-up\" viewBox=\"0 0 512 545.5\"><path d=\"M256 97.5l11.5 11 136 136-23 23L272 159v321h-32V159L131.5 267.5l-23-23 136-136z\"><\/path><\/svg><\/span><\/div>\n                              <\/a>\n                              <div id=\"2346-c16\" class=\"h-accordion-item-content__container\">\n                                <div class=\"w-100 h-y-container h-accordion-item-content\">\n                                  <!---->\n                                  <div data-colibri-id=\"2346-c17\" class=\"h-text h-text-component style-1694 style-local-2346-c17 position-relative h-element\">\n                                    <!---->\n                                    <!---->\n                                    <div class=\"\">\n                                      <p>Notre maison situ\u00e9e \u00e0 <strong>Watermael-Boitsfort<\/strong> fournit un ensemble complet de prestations pour g\u00e9rer chaque <strong>organisation des fun\u00e9railles<\/strong>. Cela inclut la pr\u00e9paration, la <strong>mise en bi\u00e8re<\/strong>,\n                                        la <strong>coordination avec l\u2019\u00e9tat civil<\/strong> et l&rsquo;am\u00e9nagement d\u2019une <strong>chambre fun\u00e9raire<\/strong> pour les temps de recueillement. Chaque service fait l&rsquo;objet d&rsquo;une grande r\u00e9flexion pour simplifier les\n                                        d\u00e9marches et limiter les probl\u00e8mes dans un moment souvent difficile.<\/p>\n                                      <p>Au-del\u00e0 de la logistique, notre soci\u00e9t\u00e9 s\u2019attache \u00e0 <strong>pr\u00e9server la dimension humaine <\/strong>de chaque adieu. Nous veillons \u00e0 ce que chaque d\u00e9tail refl\u00e8te les volont\u00e9s du d\u00e9funt, dans un esprit de <strong>discr\u00e9tion<\/strong>                                        et de <strong>s\u00e9rieux<\/strong>, gage de qualit\u00e9 et de confiance.<\/p>\n                                    <\/div>\n                                  <\/div>\n                                <\/div>\n                              <\/div>\n                            <\/div>\n                            <div data-colibri-id=\"2346-c18\" class=\"h-accordion-item style-1695 style-local-2346-c18 position-relative h-element\">\n                              <!---->\n                              <a data-open-by-default=\"false\" href=\"#2346-c18\" class=\"h-accordion-item-title d-flex align-items-center h-global-transition\">\n                                <!----><span>Comment se d\u00e9roule l\u2019organisation d\u2019un adieu en r\u00e9gion bruxelloise ?<\/span>\n                                <div class=\"h-accordion-item-title-normal-icon h-accordion-item-title-icon h-accordion-item-title-icon-right\"><span class=\"h-svg-icon\"><!--Icon by Icons8 Line Awesome (https:\/\/icons8.com\/line-awesome)--><svg version=\"1.1\" xmlns=\"http:\/\/www.w3.org\/2000\/svg\" xmlns:xlink=\"http:\/\/www.w3.org\/1999\/xlink\" id=\"arrow-down\" viewBox=\"0 0 512 545.5\"><path d=\"M240 96h32v321l108.5-108.5 23 23-136 136-11.5 11-11.5-11-136-136 23-23L240 417V96z\"><\/path><\/svg><\/span><\/div>\n                                <div class=\"h-accordion-item-title-active-icon h-accordion-item-title-icon h-accordion-item-title-icon-right\"><span class=\"h-svg-icon\"><!--Icon by Icons8 Line Awesome (https:\/\/icons8.com\/line-awesome)--><svg version=\"1.1\" xmlns=\"http:\/\/www.w3.org\/2000\/svg\" xmlns:xlink=\"http:\/\/www.w3.org\/1999\/xlink\" id=\"arrow-up\" viewBox=\"0 0 512 545.5\"><path d=\"M256 97.5l11.5 11 136 136-23 23L272 159v321h-32V159L131.5 267.5l-23-23 136-136z\"><\/path><\/svg><\/span><\/div>\n                              <\/a>\n                              <div id=\"2346-c18\" class=\"h-accordion-item-content__container\">\n                                <div class=\"w-100 h-y-container h-accordion-item-content\">\n                                  <!---->\n                                  <div data-colibri-id=\"2346-c19\" class=\"h-text h-text-component style-1696 style-local-2346-c19 position-relative h-element\">\n                                    <!---->\n                                    <!---->\n                                    <div class=\"\">\n                                      <p>D\u00e8s le d\u00e9but de la prise en charge, notre \u00e9quipe vous guide pour <strong>rassembler les actes officiels<\/strong> et <strong>documents requis par la r\u00e9gion<\/strong>. Nous nous occupons de toutes les \u00e9tapes administratives\n                                        et des <strong>liens avec les institutions concern\u00e9es<\/strong>, pour que les proches puissent se concentrer sur l\u2019essentiel.<\/p>\n                                      <p>Nous intervenons \u00e9galement \u00e0 domicile ou en institution pour faciliter les pr\u00e9paratifs, tout en assurant la coordination avec le <strong>saint office ou tout autre service la\u00efc<\/strong>. Qu&rsquo;il s&rsquo;agisse d&rsquo;intervention\n                                        \u00e0 Uccle, Bruxelles ou toute autre province de Belgique, chaque d\u00e9cision est prise \u00e0 vos c\u00f4t\u00e9s, avec le souci d\u2019une transition douce et dans le respect des prix fix\u00e9s.<\/p>\n                                    <\/div>\n                                  <\/div>\n                                <\/div>\n                              <\/div>\n                            <\/div>\n                            <div data-colibri-id=\"2346-c20\" class=\"h-accordion-item style-1697 style-local-2346-c20 position-relative h-element\">\n                              <!---->\n                              <a data-open-by-default=\"false\" href=\"#2346-c20\" class=\"h-accordion-item-title d-flex align-items-center h-global-transition\">\n                                <!----><span>Quelles formalit\u00e9s prend en charge votre \u00e9tablissement ?<\/span>\n                                <div class=\"h-accordion-item-title-normal-icon h-accordion-item-title-icon h-accordion-item-title-icon-right\"><span class=\"h-svg-icon\"><!--Icon by Icons8 Line Awesome (https:\/\/icons8.com\/line-awesome)--><svg version=\"1.1\" xmlns=\"http:\/\/www.w3.org\/2000\/svg\" xmlns:xlink=\"http:\/\/www.w3.org\/1999\/xlink\" id=\"arrow-down\" viewBox=\"0 0 512 545.5\"><path d=\"M240 96h32v321l108.5-108.5 23 23-136 136-11.5 11-11.5-11-136-136 23-23L240 417V96z\"><\/path><\/svg><\/span><\/div>\n                                <div class=\"h-accordion-item-title-active-icon h-accordion-item-title-icon h-accordion-item-title-icon-right\"><span class=\"h-svg-icon\"><!--Icon by Icons8 Line Awesome (https:\/\/icons8.com\/line-awesome)--><svg version=\"1.1\" xmlns=\"http:\/\/www.w3.org\/2000\/svg\" xmlns:xlink=\"http:\/\/www.w3.org\/1999\/xlink\" id=\"arrow-up\" viewBox=\"0 0 512 545.5\"><path d=\"M256 97.5l11.5 11 136 136-23 23L272 159v321h-32V159L131.5 267.5l-23-23 136-136z\"><\/path><\/svg><\/span><\/div>\n                              <\/a>\n                              <div id=\"2346-c20\" class=\"h-accordion-item-content__container\">\n                                <div class=\"w-100 h-y-container h-accordion-item-content\">\n                                  <!---->\n                                  <div data-colibri-id=\"2346-c21\" class=\"h-text h-text-component style-1698 style-local-2346-c21 position-relative h-element\">\n                                    <!---->\n                                    <!---->\n                                    <div class=\"\">\n                                      <p>Notre soci\u00e9t\u00e9&nbsp;g\u00e8re l\u2019ensemble des formalit\u00e9s li\u00e9es \u00e0 l\u2019<strong>\u00e9tat civil<\/strong>, de la <strong>d\u00e9claration de d\u00e9c\u00e8s<\/strong> \u00e0 la r\u00e9ception des <strong>autorisations n\u00e9cessaires <\/strong>pour l\u2019inhumation\n                                        ou l\u2019incin\u00e9ration. Dans le plus grand s\u00e9rieux, nous travaillons en lien direct avec les locaux administratifs afin d\u2019aider les enfants et parents et d\u2019\u00e9viter toute difficult\u00e9 suppl\u00e9mentaire.<\/p>\n                                      <p>Ce<strong>&nbsp;suivi administratif complet<\/strong> comprend \u00e9galement la <strong>pr\u00e9paration des documents l\u00e9gaux et leur validation <\/strong>selon les conditions pr\u00e9vues par la r\u00e9gion. Notre r\u00f4le est de <strong>faciliter chaque point de contact<\/strong>                                        avec les institutions et de vous accompagner avec rigueur jusqu\u2019\u00e0 la fin des proc\u00e9dures.<\/p>\n                                    <\/div>\n                                  <\/div>\n                                <\/div>\n                              <\/div>\n                            <\/div>\n                            <div data-colibri-id=\"2346-c22\" class=\"h-accordion-item style-1699 style-local-2346-c22 position-relative h-element\">\n                              <!---->\n                              <a data-open-by-default=\"false\" href=\"#2346-c22\" class=\"h-accordion-item-title d-flex align-items-center h-global-transition\">\n                                <!----><span>Est-il possible de pr\u00e9voir un adieu personnalis\u00e9 et unique ?<\/span>\n                                <div class=\"h-accordion-item-title-normal-icon h-accordion-item-title-icon h-accordion-item-title-icon-right\"><span class=\"h-svg-icon\"><!--Icon by Icons8 Line Awesome (https:\/\/icons8.com\/line-awesome)--><svg version=\"1.1\" xmlns=\"http:\/\/www.w3.org\/2000\/svg\" xmlns:xlink=\"http:\/\/www.w3.org\/1999\/xlink\" id=\"arrow-down\" viewBox=\"0 0 512 545.5\"><path d=\"M240 96h32v321l108.5-108.5 23 23-136 136-11.5 11-11.5-11-136-136 23-23L240 417V96z\"><\/path><\/svg><\/span><\/div>\n                                <div class=\"h-accordion-item-title-active-icon h-accordion-item-title-icon h-accordion-item-title-icon-right\"><span class=\"h-svg-icon\"><!--Icon by Icons8 Line Awesome (https:\/\/icons8.com\/line-awesome)--><svg version=\"1.1\" xmlns=\"http:\/\/www.w3.org\/2000\/svg\" xmlns:xlink=\"http:\/\/www.w3.org\/1999\/xlink\" id=\"arrow-up\" viewBox=\"0 0 512 545.5\"><path d=\"M256 97.5l11.5 11 136 136-23 23L272 159v321h-32V159L131.5 267.5l-23-23 136-136z\"><\/path><\/svg><\/span><\/div>\n                              <\/a>\n                              <div id=\"2346-c22\" class=\"h-accordion-item-content__container\">\n                                <div class=\"w-100 h-y-container h-accordion-item-content\">\n                                  <!---->\n                                  <div data-colibri-id=\"2346-c23\" class=\"h-text h-text-component style-1700 style-local-2346-c23 position-relative h-element\">\n                                    <!---->\n                                    <!---->\n                                    <div class=\"\">\n                                      <p>Oui, chaque hommage peut \u00eatre fa\u00e7onn\u00e9 selon la <strong>personnalit\u00e9 propre<\/strong> de la personne disparue. Nous sommes pr\u00e9sents pour vous proposer les <strong>\u00e9l\u00e9ments qui donneront sens <\/strong>\u00e0 cette derni\u00e8re\n                                        \u00e9tape : musiques, textes, d\u00e9cor, symboles\u2026 rien n\u2019est laiss\u00e9 au hasard pour que le moment soit fid\u00e8le au nom du disparu et adapt\u00e9 au budget de l&rsquo;entourage.<\/p>\n                                      <p><strong>Notre personnel reste pr\u00e9sent<\/strong> pour que chaque d\u00e9tail soit en harmonie avec les souhaits exprim\u00e9s. Ce soin particulier traduit notre vision du m\u00e9tier : accompagner sans imposer, cr\u00e9er sans exc\u00e8s, agir\n                                        avec <strong>empathie et justesse<\/strong> du d\u00e9but \u00e0 la fin de cette collaboration \u00e9troite.<\/p>\n                                    <\/div>\n                                  <\/div>\n                                <\/div>\n                              <\/div>\n                            <\/div>\n                          <\/div>\n                        <\/div>\n                      <\/div>\n                    <\/div>\n                    <div class=\"h-column h-column-container d-flex h-col-lg-auto h-col-md-auto h-col-auto style-1691-outer style-local-2346-c24-outer\">\n                      <div data-colibri-id=\"2346-c24\" class=\"d-flex h-flex-basis h-column__inner h-px-lg-2 h-px-md-0 h-px-2 v-inner-lg-2 v-inner-md-0 v-inner-2 style-1691 style-local-2346-c24 position-relative\">\n                        <!---->\n                        <!---->\n                        <div class=\"w-100 h-y-container h-column__content h-column__v-align flex-basis-100 align-self-lg-start align-self-md-start align-self-start\">\n                          <!---->\n                          <div data-toggle=\"true\" data-is-preview=\"true\" data-colibri-component=\"accordion\" data-colibri-id=\"2346-c25\" class=\"h-accordion style-1701 style-local-2346-c25 position-relative h-element\">\n                            <!---->\n                            <div data-colibri-id=\"2346-c26\" class=\"h-accordion-item h-accordion-item-first-child style-1702 style-local-2346-c26 position-relative h-element\">\n                              <!---->\n                              <a data-open-by-default=\"false\" href=\"#2346-c26\" class=\"h-accordion-item-title d-flex align-items-center h-global-transition\">\n                                <!----><span>Disposez-vous d\u2019espaces d\u00e9di\u00e9s au recueillement ?<\/span>\n                                <div class=\"h-accordion-item-title-normal-icon h-accordion-item-title-icon h-accordion-item-title-icon-right\"><span class=\"h-svg-icon\"><!--Icon by Icons8 Line Awesome (https:\/\/icons8.com\/line-awesome)--><svg version=\"1.1\" xmlns=\"http:\/\/www.w3.org\/2000\/svg\" xmlns:xlink=\"http:\/\/www.w3.org\/1999\/xlink\" id=\"arrow-down\" viewBox=\"0 0 512 545.5\"><path d=\"M240 96h32v321l108.5-108.5 23 23-136 136-11.5 11-11.5-11-136-136 23-23L240 417V96z\"><\/path><\/svg><\/span><\/div>\n                                <div class=\"h-accordion-item-title-active-icon h-accordion-item-title-icon h-accordion-item-title-icon-right\"><span class=\"h-svg-icon\"><!--Icon by Icons8 Line Awesome (https:\/\/icons8.com\/line-awesome)--><svg version=\"1.1\" xmlns=\"http:\/\/www.w3.org\/2000\/svg\" xmlns:xlink=\"http:\/\/www.w3.org\/1999\/xlink\" id=\"arrow-up\" viewBox=\"0 0 512 545.5\"><path d=\"M256 97.5l11.5 11 136 136-23 23L272 159v321h-32V159L131.5 267.5l-23-23 136-136z\"><\/path><\/svg><\/span><\/div>\n                              <\/a>\n                              <div id=\"2346-c26\" class=\"h-accordion-item-content__container\">\n                                <div class=\"w-100 h-y-container h-accordion-item-content\">\n                                  <!---->\n                                  <div data-colibri-id=\"2346-c27\" class=\"h-text h-text-component style-1694 style-local-2346-c27 position-relative h-element\">\n                                    <!---->\n                                    <!---->\n                                    <div class=\"\">\n                                      <p>Notre <strong>chambre fun\u00e9raire<\/strong> \u00e0 Watermael-Boitsfort est un lieu intime o\u00f9 chacun peut venir se recueillir en toute tranquillit\u00e9. Con\u00e7u avec <strong>sobri\u00e9t\u00e9 et chaleur<\/strong>, cet espace permet de partager\n                                        un moment d\u2019apaisement avant la c\u00e9r\u00e9monie.<\/p>\n                                      <p>Chaque salle est am\u00e9nag\u00e9e pour pr\u00e9server la <strong>discr\u00e9tion<\/strong> et le <strong>calme <\/strong>n\u00e9cessaires \u00e0 la contemplation. Nous veillons \u00e0 ce que les familles s\u2019y sentent libres de vivre ce moment selon\n                                        leur rythme, dans une<strong>&nbsp;atmosph\u00e8re empreinte de douceur et de s\u00e9r\u00e9nit\u00e9<\/strong>.<\/p>\n                                    <\/div>\n                                  <\/div>\n                                <\/div>\n                              <\/div>\n                            <\/div>\n                            <div data-colibri-id=\"2346-c28\" class=\"h-accordion-item style-1703 style-local-2346-c28 position-relative h-element\">\n                              <!---->\n                              <a data-open-by-default=\"false\" href=\"#2346-c28\" class=\"h-accordion-item-title d-flex align-items-center h-global-transition\">\n                                <!----><span>Est-il possible d\u2019organiser un moment de m\u00e9moire apr\u00e8s la c\u00e9r\u00e9monie ?<\/span>\n                                <div class=\"h-accordion-item-title-normal-icon h-accordion-item-title-icon h-accordion-item-title-icon-right\"><span class=\"h-svg-icon\"><!--Icon by Icons8 Line Awesome (https:\/\/icons8.com\/line-awesome)--><svg version=\"1.1\" xmlns=\"http:\/\/www.w3.org\/2000\/svg\" xmlns:xlink=\"http:\/\/www.w3.org\/1999\/xlink\" id=\"arrow-down\" viewBox=\"0 0 512 545.5\"><path d=\"M240 96h32v321l108.5-108.5 23 23-136 136-11.5 11-11.5-11-136-136 23-23L240 417V96z\"><\/path><\/svg><\/span><\/div>\n                                <div class=\"h-accordion-item-title-active-icon h-accordion-item-title-icon h-accordion-item-title-icon-right\"><span class=\"h-svg-icon\"><!--Icon by Icons8 Line Awesome (https:\/\/icons8.com\/line-awesome)--><svg version=\"1.1\" xmlns=\"http:\/\/www.w3.org\/2000\/svg\" xmlns:xlink=\"http:\/\/www.w3.org\/1999\/xlink\" id=\"arrow-up\" viewBox=\"0 0 512 545.5\"><path d=\"M256 97.5l11.5 11 136 136-23 23L272 159v321h-32V159L131.5 267.5l-23-23 136-136z\"><\/path><\/svg><\/span><\/div>\n                              <\/a>\n                              <div id=\"2346-c28\" class=\"h-accordion-item-content__container\">\n                                <div class=\"w-100 h-y-container h-accordion-item-content\">\n                                  <!---->\n                                  <div data-colibri-id=\"2346-c29\" class=\"h-text h-text-component style-1696 style-local-2346-c29 position-relative h-element\">\n                                    <!---->\n                                    <!---->\n                                    <div class=\"\">\n                                      <p>Oui, notre maison dispose d&rsquo;une <strong>salle de r\u00e9ception<\/strong> pour les familles qui souhaitent se retrouver apr\u00e8s l\u2019adieu. Cet espace convivial permet de <strong>prolonger l&rsquo;instant autour d\u2019un \u00e9change simple<\/strong>,\n                                        entre proches et amis, dans un esprit d\u2019unit\u00e9 et de tendresse.<\/p>\n                                      <p>Nous proposons \u00e9galement des prestations compl\u00e9mentaires pour <strong>faciliter la mise en place<\/strong> de ce moment : rafra\u00eechissements, assistance logistique, disposition des lieux. Cette parenth\u00e8se, souvent apaisante,\n                                        aide \u00e0 <strong>adoucir le deuil<\/strong> et \u00e0 <strong>entretenir la m\u00e9moire collective<\/strong>.<\/p>\n                                    <\/div>\n                                  <\/div>\n                                <\/div>\n                              <\/div>\n                            <\/div>\n                            <div data-colibri-id=\"2346-c30\" class=\"h-accordion-item style-1704 style-local-2346-c30 position-relative h-element\">\n                              <!---->\n                              <a data-open-by-default=\"false\" href=\"#2346-c30\" class=\"h-accordion-item-title d-flex align-items-center h-global-transition\">\n                                <!----><span>Quelles formes de s\u00e9pulture ou de comm\u00e9moration proposez-vous ?<\/span>\n                                <div class=\"h-accordion-item-title-normal-icon h-accordion-item-title-icon h-accordion-item-title-icon-right\"><span class=\"h-svg-icon\"><!--Icon by Icons8 Line Awesome (https:\/\/icons8.com\/line-awesome)--><svg version=\"1.1\" xmlns=\"http:\/\/www.w3.org\/2000\/svg\" xmlns:xlink=\"http:\/\/www.w3.org\/1999\/xlink\" id=\"arrow-down\" viewBox=\"0 0 512 545.5\"><path d=\"M240 96h32v321l108.5-108.5 23 23-136 136-11.5 11-11.5-11-136-136 23-23L240 417V96z\"><\/path><\/svg><\/span><\/div>\n                                <div class=\"h-accordion-item-title-active-icon h-accordion-item-title-icon h-accordion-item-title-icon-right\"><span class=\"h-svg-icon\"><!--Icon by Icons8 Line Awesome (https:\/\/icons8.com\/line-awesome)--><svg version=\"1.1\" xmlns=\"http:\/\/www.w3.org\/2000\/svg\" xmlns:xlink=\"http:\/\/www.w3.org\/1999\/xlink\" id=\"arrow-up\" viewBox=\"0 0 512 545.5\"><path d=\"M256 97.5l11.5 11 136 136-23 23L272 159v321h-32V159L131.5 267.5l-23-23 136-136z\"><\/path><\/svg><\/span><\/div>\n                              <\/a>\n                              <div id=\"2346-c30\" class=\"h-accordion-item-content__container\">\n                                <div class=\"w-100 h-y-container h-accordion-item-content\">\n                                  <!---->\n                                  <div data-colibri-id=\"2346-c31\" class=\"h-text h-text-component style-1705 style-local-2346-c31 position-relative h-element\">\n                                    <!---->\n                                    <!---->\n                                    <div class=\"\">\n                                      <p>Selon les volont\u00e9s exprim\u00e9es, nous assurons diff\u00e9rentes formules d\u2019adieu : <strong>inhumation classique<\/strong>, <strong>incin\u00e9ration<\/strong>, ou <strong>offices religieux<\/strong> dans des cadres choisis. Chaque\n                                        formule r\u00e9pond aux <strong>conditions l\u00e9gales<\/strong> et aux traditions propres \u00e0 la <strong>r\u00e9gion<\/strong> ou \u00e0 la culture.<\/p>\n                                      <p>Nous proposons \u00e9galement des <strong>soins particuliers<\/strong> li\u00e9s \u00e0 la <strong>conservation du corps<\/strong>, afin de garantir une pr\u00e9sentation digne et apais\u00e9e. Ces prestations, r\u00e9alis\u00e9es avec tact et pr\u00e9cision,\n                                        traduisent le savoir-faire transmis au fil des g\u00e9n\u00e9rations.<\/p>\n                                    <\/div>\n                                  <\/div>\n                                <\/div>\n                              <\/div>\n                            <\/div>\n                            <div data-colibri-id=\"2346-c32\" class=\"h-accordion-item style-1706 style-local-2346-c32 position-relative h-element\">\n                              <!---->\n                              <a data-open-by-default=\"false\" href=\"#2346-c32\" class=\"h-accordion-item-title d-flex align-items-center h-global-transition\">\n                                <!----><span>Comment accompagnez-vous les proches apr\u00e8s la c\u00e9r\u00e9monie ?<\/span>\n                                <div class=\"h-accordion-item-title-normal-icon h-accordion-item-title-icon h-accordion-item-title-icon-right\"><span class=\"h-svg-icon\"><!--Icon by Icons8 Line Awesome (https:\/\/icons8.com\/line-awesome)--><svg version=\"1.1\" xmlns=\"http:\/\/www.w3.org\/2000\/svg\" xmlns:xlink=\"http:\/\/www.w3.org\/1999\/xlink\" id=\"arrow-down\" viewBox=\"0 0 512 545.5\"><path d=\"M240 96h32v321l108.5-108.5 23 23-136 136-11.5 11-11.5-11-136-136 23-23L240 417V96z\"><\/path><\/svg><\/span><\/div>\n                                <div class=\"h-accordion-item-title-active-icon h-accordion-item-title-icon h-accordion-item-title-icon-right\"><span class=\"h-svg-icon\"><!--Icon by Icons8 Line Awesome (https:\/\/icons8.com\/line-awesome)--><svg version=\"1.1\" xmlns=\"http:\/\/www.w3.org\/2000\/svg\" xmlns:xlink=\"http:\/\/www.w3.org\/1999\/xlink\" id=\"arrow-up\" viewBox=\"0 0 512 545.5\"><path d=\"M256 97.5l11.5 11 136 136-23 23L272 159v321h-32V159L131.5 267.5l-23-23 136-136z\"><\/path><\/svg><\/span><\/div>\n                              <\/a>\n                              <div id=\"2346-c32\" class=\"h-accordion-item-content__container\">\n                                <div class=\"w-100 h-y-container h-accordion-item-content\">\n                                  <!---->\n                                  <div data-colibri-id=\"2346-c33\" class=\"h-text h-text-component style-1700 style-local-2346-c33 position-relative h-element\">\n                                    <!---->\n                                    <!---->\n                                    <div class=\"\">\n                                      <p>Notre accompagnement ne s\u2019arr\u00eate pas une fois la c\u00e9r\u00e9monie cr\u00e9\u00e9e. Nous restons disponibles pour conseiller sur les d\u00e9marches posthumes, les <strong>articles comm\u00e9moratifs<\/strong>, les <strong>condol\u00e9ances&nbsp;publi\u00e9es<\/strong>                                        ou encore les contrats de pr\u00e9voyance. Cette continuit\u00e9 fait partie int\u00e9grante de notre engagement humain.<\/p>\n                                      <p>Nous savons combien cette p\u00e9riode peut \u00eatre difficile. C\u2019est pourquoi notre entrepreneur et ses partenaires demeurent \u00e0 disposition pour \u00e9couter, <strong>guider et assister chacun avec patience<\/strong>. Soutenir\n                                        de mani\u00e8re discr\u00e8te et constante constitue le fil conducteur de notre mission : <strong>\u00eatre pr\u00e9sents quand les mots manquent<\/strong>.<\/p>\n                                    <\/div>\n                                  <\/div>\n                                <\/div>\n                              <\/div>\n                            <\/div>\n                          <\/div>\n                        <\/div>\n                      <\/div>\n                    <\/div>\n                  <\/div>\n                <\/div>\n              <\/div>\n            <\/div>\n          <\/div>\n        <\/div>\n      <\/div>\n    <\/div>\n  <\/div>\n<\/div>","protected":false},"excerpt":{"rendered":"<p>Un dernier hommage Implant\u00e9e \u00e0 Watermael-Boitsfort, notre entreprise de pompes fun\u00e8bres accompagne depuis de nombreuses ann\u00e9es les familles de tout Bruxelles et du Brabant wallon. Nous assurons l\u2019organisation compl\u00e8te des fun\u00e9railles avec respect, humanit\u00e9 et professionnalisme, en veillant \u00e0 pr\u00e9server la dignit\u00e9 du d\u00e9funt et le r\u00e9confort des proches. Qu\u2019il s\u2019agisse d\u2019une inhumation ou d\u2019une [&hellip;]<\/p>\n","protected":false},"author":2,"featured_media":2347,"parent":0,"menu_order":0,"comment_status":"closed","ping_status":"closed","template":"page-templates\/homepage.php","meta":{"inline_featured_image":false,"_monsterinsights_skip_tracking":false,"_monsterinsights_sitenote_active":false,"_monsterinsights_sitenote_note":"","_monsterinsights_sitenote_category":0,"footnotes":""},"class_list":["post-2346","page","type-page","status-publish","has-post-thumbnail","hentry"],"aioseo_notices":[],"_links":{"self":[{"href":"https:\/\/boitsfortfunerailles.be\/index.php\/wp-json\/wp\/v2\/pages\/2346","targetHints":{"allow":["GET"]}}],"collection":[{"href":"https:\/\/boitsfortfunerailles.be\/index.php\/wp-json\/wp\/v2\/pages"}],"about":[{"href":"https:\/\/boitsfortfunerailles.be\/index.php\/wp-json\/wp\/v2\/types\/page"}],"author":[{"embeddable":true,"href":"https:\/\/boitsfortfunerailles.be\/index.php\/wp-json\/wp\/v2\/users\/2"}],"replies":[{"embeddable":true,"href":"https:\/\/boitsfortfunerailles.be\/index.php\/wp-json\/wp\/v2\/comments?post=2346"}],"version-history":[{"count":6,"href":"https:\/\/boitsfortfunerailles.be\/index.php\/wp-json\/wp\/v2\/pages\/2346\/revisions"}],"predecessor-version":[{"id":2637,"href":"https:\/\/boitsfortfunerailles.be\/index.php\/wp-json\/wp\/v2\/pages\/2346\/revisions\/2637"}],"wp:featuredmedia":[{"embeddable":true,"href":"https:\/\/boitsfortfunerailles.be\/index.php\/wp-json\/wp\/v2\/media\/2347"}],"wp:attachment":[{"href":"https:\/\/boitsfortfunerailles.be\/index.php\/wp-json\/wp\/v2\/media?parent=2346"}],"curies":[{"name":"wp","href":"https:\/\/api.w.org\/{rel}","templated":true}]}}