{"id":2358,"date":"2025-11-12T17:07:42","date_gmt":"2025-11-12T16:07:42","guid":{"rendered":"https:\/\/boitsfortfunerailles.be\/?page_id=2358"},"modified":"2026-01-28T12:33:17","modified_gmt":"2026-01-28T11:33:17","slug":"pompes-funebres-auderghem","status":"publish","type":"page","link":"https:\/\/boitsfortfunerailles.be\/index.php\/pompes-funebres-auderghem\/","title":{"rendered":"Pompes Fun\u00e8bres Auderghem"},"content":{"rendered":"<div data-colibri-id=\"2358-c1\" class=\"style-1707 style-local-2358-c1 position-relative\">\n  <!---->\n  <div data-colibri-component=\"section\" data-colibri-id=\"2358-c2\" id=\"histoire\" class=\"h-section h-section-global-spacing d-flex align-items-lg-center align-items-md-center align-items-center style-1708 style-local-2358-c2 position-relative\">\n    <!---->\n    <!---->\n    <div class=\"h-section-grid-container h-section-boxed-container\">\n      <!---->\n      <div data-colibri-id=\"2358-c3\" class=\"h-row-container gutters-row-lg-0 gutters-row-md-0 gutters-row-0 gutters-row-v-lg-0 gutters-row-v-md-0 gutters-row-v-0 style-1709 style-local-2358-c3 localisation-text position-relative\">\n        <!---->\n        <div class=\"h-row justify-content-lg-center justify-content-md-center justify-content-center align-items-lg-stretch align-items-md-stretch align-items-stretch gutters-col-lg-0 gutters-col-md-0 gutters-col-0 gutters-col-v-lg-0 gutters-col-v-md-0 gutters-col-v-0\">\n          <!---->\n          <div class=\"h-column h-column-container d-flex h-col-lg-auto h-col-md-auto h-col-auto style-1710-outer style-local-2358-c4-outer\">\n            <div data-colibri-id=\"2358-c4\" class=\"d-flex h-flex-basis h-column__inner h-px-lg-0 h-px-md-0 h-px-0 v-inner-lg-0 v-inner-md-0 v-inner-0 style-1710 style-local-2358-c4 position-relative\">\n              <!---->\n              <!---->\n              <div class=\"w-100 h-y-container h-column__content h-column__v-align flex-basis-100 align-self-lg-center align-self-md-center align-self-center\">\n                <!---->\n                <div data-colibri-id=\"2358-c5\" class=\"h-row-container gutters-row-lg-0 gutters-row-md-0 gutters-row-0 gutters-row-v-lg-0 gutters-row-v-md-0 gutters-row-v-0 style-1711 style-local-2358-c5 position-relative\">\n                  <!---->\n                  <div class=\"h-row justify-content-lg-center justify-content-md-center justify-content-center align-items-lg-stretch align-items-md-stretch align-items-stretch gutters-col-lg-0 gutters-col-md-0 gutters-col-0 gutters-col-v-lg-0 gutters-col-v-md-0 gutters-col-v-0\">\n                    <!---->\n                    <div class=\"h-column h-column-container d-flex h-col-lg-auto h-col-md-auto h-col-auto style-1712-outer style-local-2358-c6-outer\">\n                      <div data-colibri-id=\"2358-c6\" class=\"d-flex h-flex-basis h-column__inner h-px-lg-0 h-px-md-0 h-px-0 v-inner-lg-0 v-inner-md-0 v-inner-0 style-1712 style-local-2358-c6 position-relative\">\n                        <!---->\n                        <!---->\n                        <div class=\"w-100 h-y-container h-column__content h-column__v-align flex-basis-100 align-self-lg-start align-self-md-start align-self-start\">\n                          <!---->\n                          <div data-colibri-id=\"2358-c7\" class=\"h-global-transition-all h-heading style-1713 style-local-2358-c7 position-relative h-element\">\n                            <!---->\n                            <div class=\"h-heading__outer style-1713 style-local-2358-c7\">\n                              <!---->\n                              <!---->\n                              <h2 class=\"\">Des adieux organis\u00e9s avec le c\u0153ur et la bienveillance<\/h2>\n                            <\/div>\n                          <\/div>\n                        <\/div>\n                      <\/div>\n                    <\/div>\n                  <\/div>\n                <\/div>\n                <div data-colibri-id=\"2358-c8\" class=\"h-text h-text-component style-1714 style-local-2358-c8 position-relative h-element\">\n                  <!---->\n                  <!---->\n                  <div class=\"\">\n                    <p>Situ\u00e9e \u00e0 <strong>Watermael-Boitsfort<\/strong>, notre <strong>maison de pompes fun\u00e8bres familiale<\/strong> met son savoir-faire au service des familles d\u2019<strong>Auderghem<\/strong> et de toute la r\u00e9gion de <strong>Bruxelles-Capitale<\/strong>.\n                      Depuis plus de trente ans, nous accompagnons avec humanit\u00e9 celles et ceux qui traversent la perte d\u2019un proche, dans le respect des volont\u00e9s et des traditions.<\/p>\n                    <p>Nos \u00e9quipes de transfert, au moment du d\u00e9c\u00e8s se d\u00e9placent rapidement dans toute la commune d\u2019Auderghem du quartier <strong>Saint-Julien<\/strong> jusqu\u2019au <strong>boulevard du Souverain<\/strong>, en passant par la <strong>chauss\u00e9e de Wavre<\/strong>                      \u00e0 toute heure du jour et de la nuit.<\/p>\n                    <h2><strong style=\"font-weight: 400; font-family: &quot;Playfair Display&quot;;\">Un accompagnement fun\u00e9raire complet et sur mesure<\/strong><\/h2>\n                    <p>Nous prenons en charge l\u2019<strong>organisation compl\u00e8te des fun\u00e9railles<\/strong>, qu\u2019il s\u2019agisse d\u2019une <strong>inhumation<\/strong> ou d\u2019une <strong>cr\u00e9mation<\/strong>. Notre \u00e9quipe s\u2019occupe; des <strong>formalit\u00e9s administratives<\/strong>,\n                      du <strong>transfert du d\u00e9funt jusqu&rsquo;au fun\u00e9rarium<\/strong>, les soins au d\u00e9funt, la coordination avec le <strong>cimeti\u00e8re<\/strong> ou le <strong>cr\u00e9matorium<\/strong>.<\/p>\n                    <p>Chaque c\u00e9r\u00e9monie est pens\u00e9e pour refl\u00e9ter la personnalit\u00e9 et les souhaits de la personne, dans un cadre empreint de <strong>respect, de dignit\u00e9 et de s\u00e9r\u00e9nit\u00e9<\/strong>. Qu\u2019il s\u2019agisse d\u2019un hommage simple ou plus \u00e9labor\u00e9, nous veillons\n                      \u00e0 offrir une <strong>pr\u00e9sence humaine et professionnelle<\/strong> \u00e0 chaque instant.<\/p>\n                    <h3><strong style=\"font-weight: 400;\">Formalit\u00e9s et d\u00e9marches : un soulagement&nbsp;administratif.<\/strong><\/h3>\n                    <p>Notre entreprise de pompes fun\u00e8bres assure toutes les d\u00e9marches li\u00e9es \u00e0 la d\u00e9claration de d\u00e9c\u00e8s et aux pr\u00e9paratifs des fun\u00e9railles. Nous nous chargeons des <strong>autorisations communales<\/strong>, du lien avec les <strong>services publics<\/strong>,\n                      et de la coordination avec les <strong>cr\u00e9matoriums<\/strong> et les&nbsp;<strong>cimeti\u00e8res&nbsp;<\/strong>partout en Belgique.<\/p>\n                    <p>Ce soutien administratif vous permet de traverser cette p\u00e9riode avec <strong>calme et s\u00e9r\u00e9nit\u00e9<\/strong>, tout en ayant la certitude que chaque document, chaque proc\u00e9dure sera g\u00e9r\u00e9 avec rigueur et professionnalisme.<\/p>\n                    <h3><strong style=\"font-weight: 400;\">C\u00e9r\u00e9monies religieuses ou la\u00efques selon vos souhaits<\/strong><\/h3>\n                    <p>Selon les <strong>convictions<\/strong> et les <strong>volont\u00e9s de l&rsquo;\u00eatre cher<\/strong>, nous organisons des <strong>fun\u00e9railles civiles<\/strong> ou <strong>religieuses<\/strong>, dans le plus grand respect des rites et des familles.<\/p>\n                    <p>Nos conseillers accueillent les proches dans nos bureaux de <strong>Watermael-Boitsfort<\/strong>, \u00e0 deux pas d\u2019Auderghem, afin de d\u00e9finir chaque \u00e9l\u00e9ment de la c\u00e9r\u00e9monie : type de <strong>service<\/strong>, choix de <strong>l\u2019inhumation<\/strong>,\n                      de la <strong>cr\u00e9mation<\/strong>.<\/p>\n                    <p>Un <strong>ma\u00eetre de c\u00e9r\u00e9monie<\/strong> d\u00e9di\u00e9 veille \u00e0 la bonne coordination de chaque moment, pour que l\u2019hommage reste fid\u00e8le \u00e0 la m\u00e9moire de l\u2019\u00eatre aim\u00e9.<\/p>\n                    <h3><strong style=\"font-weight: 400;\">Espaces de recueillement : s\u00e9r\u00e9nit\u00e9 et intimit\u00e9<\/strong><\/h3>\n                    <p>Notre fun\u00e9rarium, situ\u00e9 aux portes d\u2019Auderghem, offre un cadre apaisant pour se recueillir en toute intimit\u00e9. Chaque <strong>salon fun\u00e9raire<\/strong> est am\u00e9nag\u00e9 pour accueillir familles et proches dans un <strong>espace calme et serein<\/strong>.<\/p>\n                    <p>Des <strong>objets symboliques<\/strong>, des\n                      <a href=\"https:\/\/boitsfortfunerailles.be\/index.php\/boutique\" target=\"_blank\"><strong>fleurs<\/strong> <\/a>ou des <strong>photos<\/strong> peuvent y \u00eatre dispos\u00e9s pour personnaliser la salle et honorer la m\u00e9moire du disparu. Entour\u00e9 de verdure, notre \u00e9tablissement offre un environnement naturel et r\u00e9confortant,\n                      propice au <strong>recueillement<\/strong> et \u00e0 la <strong>m\u00e9ditation<\/strong>.<\/p>\n                    <h3><strong style=\"font-weight: 400;\">Soins fun\u00e9raires et pr\u00e9sentation du d\u00e9funt<\/strong><\/h3>\n                    <p>Les <strong>soins au d\u00e9funt<\/strong> sont r\u00e9alis\u00e9s avec la plus grande d\u00e9licatesse, par un personnel qualifi\u00e9 et attentif \u00e0 chaque d\u00e9tail.<\/p>\n                    <h3>Annonces, faire-part et hommages personnalis\u00e9s<\/h3>\n                    <p>Nous prenons en charge la <strong>r\u00e9daction <\/strong>des <strong>faire-part de d\u00e9c\u00e8s<\/strong>, <strong>remerciements<\/strong> et <strong>avis dans la presse locale<\/strong> ou en ligne. Chaque texte est soigneusement relu pour transmettre\n                      avec justesse l\u2019\u00e9motion et la personnalit\u00e9 de la personne disparue.<\/p>\n                    <p>Nous nous occupons \u00e9galement du <strong>suivi de publication<\/strong> et des aspects techniques li\u00e9s aux plateformes num\u00e9riques ou aux journaux, afin d\u2019all\u00e9ger la charge des familles. Notre service comprend aussi la cr\u00e9ation de <strong>documents comm\u00e9moratifs personnalis\u00e9s<\/strong>,\n                      pour \u00e9pauler&nbsp;les proches dans le souvenir.<\/p>\n                    <h3><strong style=\"font-weight: 400;\">Anticiper ses fun\u00e9railles avec s\u00e9r\u00e9nit\u00e9<\/strong><\/h3>\n                    <p>Anticiper permet d\u2019all\u00e9ger la charge administrative des g\u00e9n\u00e9rations \u00e0 venir. Nous proposons un <strong>contrat de pr\u00e9voyance fun\u00e9rair<\/strong>e clair et modulable, qui permet de d\u00e9finir les prestations essentielles, de fixer le <strong>tarif<\/strong>                      \u00e0 l\u2019avance et d\u2019assurer le respect des <strong>volont\u00e9s personnelles<\/strong>.<\/p>\n                    <p>Nos conseillers prennent le temps d\u2019expliquer chaque option : <strong>inhumation<\/strong>, <strong>cr\u00e9mation<\/strong>, <strong>c\u00e9r\u00e9monie religieuse ou civile<\/strong>. Ces solutions vous offrent la s\u00e9r\u00e9nit\u00e9 d\u2019une <strong>organisation ma\u00eetris\u00e9e<\/strong>,\n                      dans un cadre <strong>transparent<\/strong> et sans frais impr\u00e9vus.<\/p>\n                    <h2><span style=\"font-family: &quot;Playfair Display&quot;;\">\u00c0 propos de nous<\/span><\/h2>\n                    <h3><strong style=\"font-weight: 400;\">Un fun\u00e9rarium qui respire la s\u00e9r\u00e9nit\u00e9<\/strong><\/h3>\n                    <p>Notre <strong>fun\u00e9rarium de Boitsfort<\/strong>, proche d\u2019Auderghem, dispose de <strong>chambres fun\u00e9raires spacieuses<\/strong> et lumineuses, propices au recueillement. Deux <strong>salles de c\u00e9r\u00e9monie<\/strong> permettent d\u2019organiser\n                      les fun\u00e9railles selon les souhaits de la famille, ainsi qu\u2019un espace de r\u00e9ception pour partager un moment de m\u00e9moire apr\u00e8s la c\u00e9r\u00e9monie.<\/p>\n                    <p>Chaque lieu a \u00e9t\u00e9 con\u00e7u pour offrir <strong>discr\u00e9tion, s\u00e9r\u00e9nit\u00e9 et r\u00e9confort<\/strong>, dans une atmosph\u00e8re apais\u00e9e fid\u00e8le \u00e0 nos valeurs.<\/p>\n                    <h3><strong style=\"font-weight: 400;\">Une \u00e9quipe disponible jour et nuit<\/strong><\/h3>\n                    <p>Parce qu\u2019un d\u00e9c\u00e8s peut survenir \u00e0 tout moment, nos conseillers sont <strong>disponibles jour et nuit<\/strong>, 7 jours sur 7. Nous assurons la <strong>prise en charge du d\u00e9funt<\/strong> \u00e0 domicile, en maison de repos ou en h\u00f4pital,\n                      dans toute la r\u00e9gion bruxelloise, notamment \u00e0\n                      <a href=\"https:\/\/boitsfortfunerailles.be\/index.php\/pompes-funebres-uccle\" target=\"_blank\"><strong>Uccle<\/strong><\/a><strong>,&nbsp;Auderghem, <\/strong>\n                      <a href=\"https:\/\/boitsfortfunerailles.be\/index.php\/pompes-funebres-etterbeek\" target=\"_blank\"><strong>Etterbeek<\/strong><\/a><strong>, Ixelles<\/strong> ou\n                      <a href=\"https:\/\/boitsfortfunerailles.be\/index.php\/pompes-funebres-woluwe-saint-lambert\" target=\"_blank\"><strong>Woluwe<\/strong><\/a>.<\/p>\n                    <p>Nos \u00e9quipes agissent avec <strong>\u00e9coute, professionnalisme et respect<\/strong>, pour que chaque famille b\u00e9n\u00e9ficie d\u2019un accompagnement constant, humain et rassurant. Nous vous indiquons les obligations \u00e0 remplir en priorit\u00e9 et vous\n                      \u00e9paulons \u00e0 chaque instant.<\/p>\n                    <h3><strong style=\"font-weight: 400;\">Nos engagements : respect, clart\u00e9 et confiance<\/strong><\/h3>\n                    <p>Depuis plus de trois d\u00e9cennies, <strong>Boitsfort Fun\u00e9railles<\/strong> s\u2019engage \u00e0 offrir un <strong>accompagnement transparent, humain et digne<\/strong>.\n                      <br>Nous croyons qu\u2019une agence fun\u00e9raire doit avant tout privil\u00e9gier la <strong>proximit\u00e9<\/strong>, la <strong>clart\u00e9 des tarifs<\/strong> et le <strong>respect des choix personnels<\/strong>.<\/p>\n                    <p>Notre <strong style=\"font-weight: 400;\">soci\u00e9t\u00e9<\/strong>, reconnue parmi les <strong>entreprises fun\u00e9raires les mieux c\u00f4t\u00e9s&nbsp;<\/strong>de la r\u00e9gion, s\u2019appuie sur des <strong>avis clients authentiques<\/strong> et une r\u00e9putation fond\u00e9e\n                      sur la <strong>qualit\u00e9 de service<\/strong>. Chaque famille est accueillie avec la m\u00eame attention, quelle que soit l\u2019ampleur de la c\u00e9r\u00e9monie.<\/p>\n                    <h2><span style=\"font-family: &quot;Playfair Display&quot;;\">Prenez contact avec nos pompes fun\u00e8bres<\/span><\/h2>\n                    <p>Si vous r\u00e9sidez \u00e0 <strong>Auderghem<\/strong> ou dans les communes voisines, notre \u00e9quipe reste \u00e0 votre disposition pour r\u00e9pondre \u00e0 toutes vos questions. En cas de d\u00e9c\u00e8s, il est possible de nous contacter <strong>24h\/24 et 7j\/7<\/strong>&nbsp;via\n                      ce num\u00e9ro de t\u00e9l\u00e9phone :\n                      <a href=\"tel:+3226605999\">02\/660.59.99<\/a>.<\/p>\n                    <p>Chez <strong>Boitsfort Fun\u00e9railles<\/strong>, chaque famille b\u00e9n\u00e9ficie d\u2019un <strong>accompagnement sinc\u00e8re et respectueux<\/strong>, pour des <strong>fun\u00e9railles empreintes d\u2019humanit\u00e9<\/strong> et de s\u00e9rieux tout au long de l&rsquo;ann\u00e9e.<\/p>\n                  <\/div>\n                <\/div>\n              <\/div>\n            <\/div>\n          <\/div>\n        <\/div>\n      <\/div>\n    <\/div>\n  <\/div>\n  <div data-colibri-component=\"section\" data-colibri-id=\"2358-c9\" id=\"features\" class=\"h-section h-section-global-spacing d-flex align-items-lg-center align-items-md-center align-items-center style-1708 style-local-2358-c9 position-relative\">\n    <!---->\n    <!---->\n    <div class=\"h-section-grid-container h-section-boxed-container\">\n      <!---->\n      <div data-colibri-id=\"2358-c10\" class=\"h-row-container gutters-row-lg-0 gutters-row-md-0 gutters-row-0 gutters-row-v-lg-0 gutters-row-v-md-0 gutters-row-v-0 style-1715 style-local-2358-c10 localisation-faq position-relative\">\n        <!---->\n        <div class=\"h-row justify-content-lg-center justify-content-md-center justify-content-center align-items-lg-stretch align-items-md-stretch align-items-stretch gutters-col-lg-0 gutters-col-md-0 gutters-col-0 gutters-col-v-lg-0 gutters-col-v-md-0 gutters-col-v-0\">\n          <!---->\n          <div class=\"h-column h-column-container d-flex h-col-lg-auto h-col-md-auto h-col-auto style-1716-outer style-local-2358-c11-outer\">\n            <div data-colibri-id=\"2358-c11\" class=\"d-flex h-flex-basis h-column__inner h-px-lg-0 h-px-md-0 h-px-0 v-inner-lg-0 v-inner-md-0 v-inner-0 style-1716 style-local-2358-c11 position-relative\">\n              <!---->\n              <!---->\n              <div class=\"w-100 h-y-container h-column__content h-column__v-align flex-basis-100 align-self-lg-start align-self-md-start align-self-start\">\n                <!---->\n                <div data-colibri-id=\"2358-c12\" class=\"h-global-transition-all h-heading style-1717 style-local-2358-c12 position-relative h-element\">\n                  <!---->\n                  <div class=\"h-heading__outer style-1717 style-local-2358-c12\">\n                    <!---->\n                    <!---->\n                    <h2 class=\"\">FAQ<\/h2>\n                  <\/div>\n                <\/div>\n                <div data-colibri-id=\"2358-c13\" class=\"h-row-container gutters-row-lg-2 gutters-row-md-0 gutters-row-0 gutters-row-v-lg-2 gutters-row-v-md-0 gutters-row-v-0 style-1718 style-local-2358-c13 position-relative\">\n                  <!---->\n                  <div class=\"h-row justify-content-lg-center justify-content-md-center justify-content-center align-items-lg-stretch align-items-md-stretch align-items-stretch gutters-col-lg-2 gutters-col-md-0 gutters-col-0 gutters-col-v-lg-2 gutters-col-v-md-0 gutters-col-v-0\">\n                    <!---->\n                    <div class=\"h-column h-column-container d-flex h-col-lg-auto h-col-md-auto h-col-auto style-1719-outer style-local-2358-c14-outer\">\n                      <div data-colibri-id=\"2358-c14\" class=\"d-flex h-flex-basis h-column__inner h-px-lg-2 h-px-md-0 h-px-2 v-inner-lg-2 v-inner-md-0 v-inner-2 style-1719 style-local-2358-c14 position-relative\">\n                        <!---->\n                        <!---->\n                        <div class=\"w-100 h-y-container h-column__content h-column__v-align flex-basis-100 align-self-lg-start align-self-md-start align-self-start\">\n                          <!---->\n                          <div data-toggle=\"true\" data-is-preview=\"true\" data-colibri-component=\"accordion\" data-colibri-id=\"2358-c15\" class=\"h-accordion style-1720 style-local-2358-c15 position-relative h-element\">\n                            <!---->\n                            <div data-colibri-id=\"2358-c16\" class=\"h-accordion-item h-accordion-item-first-child style-1721 style-local-2358-c16 position-relative h-element\">\n                              <!---->\n                              <a data-open-by-default=\"false\" href=\"#2358-c16\" class=\"h-accordion-item-title d-flex align-items-center h-global-transition\">\n                                <!----><span>Que met \u00e0 disposition Boitsfort Fun\u00e9railles pour accompagner les familles ?<\/span>\n                                <div class=\"h-accordion-item-title-normal-icon h-accordion-item-title-icon h-accordion-item-title-icon-right\"><span class=\"h-svg-icon\"><!--Icon by Icons8 Line Awesome (https:\/\/icons8.com\/line-awesome)--><svg version=\"1.1\" xmlns=\"http:\/\/www.w3.org\/2000\/svg\" xmlns:xlink=\"http:\/\/www.w3.org\/1999\/xlink\" id=\"arrow-down\" viewBox=\"0 0 512 545.5\"><path d=\"M240 96h32v321l108.5-108.5 23 23-136 136-11.5 11-11.5-11-136-136 23-23L240 417V96z\"><\/path><\/svg><\/span><\/div>\n                                <div class=\"h-accordion-item-title-active-icon h-accordion-item-title-icon h-accordion-item-title-icon-right\"><span class=\"h-svg-icon\"><!--Icon by Icons8 Line Awesome (https:\/\/icons8.com\/line-awesome)--><svg version=\"1.1\" xmlns=\"http:\/\/www.w3.org\/2000\/svg\" xmlns:xlink=\"http:\/\/www.w3.org\/1999\/xlink\" id=\"arrow-up\" viewBox=\"0 0 512 545.5\"><path d=\"M256 97.5l11.5 11 136 136-23 23L272 159v321h-32V159L131.5 267.5l-23-23 136-136z\"><\/path><\/svg><\/span><\/div>\n                              <\/a>\n                              <div id=\"2358-c16\" class=\"h-accordion-item-content__container\">\n                                <div class=\"w-100 h-y-container h-accordion-item-content\">\n                                  <!---->\n                                  <div data-colibri-id=\"2358-c17\" class=\"h-text h-text-component style-1722 style-local-2358-c17 position-relative h-element\">\n                                    <!---->\n                                    <!---->\n                                    <div class=\"\">\n                                      <p>Boitsfort Fun\u00e9railles vous fait b\u00e9n\u00e9ficier d&rsquo;un<strong>&nbsp;ensemble complet de prestations <\/strong>pour guider les personnes dans cette p\u00e9riode de deuil. L\u2019\u00e9quipe prend en charge <strong>chaque \u00e9tape avec humanit\u00e9<\/strong>                                        : du transport \u00e0 la pr\u00e9paration du corps, en passant par la coordination des lieux et la mise en place du dernier hommage.<\/p>\n                                      <p>Nous veillons \u00e0 offrir un accompagnement discret et humain, avec une <strong>attention sinc\u00e8re port\u00e9e \u00e0 chaque d\u00e9tail<\/strong>. Les proches b\u00e9n\u00e9ficient du meilleur encadrement et d&rsquo;une <strong>liste de conseils personnalis\u00e9s<\/strong>,\n                                        dans le respect des valeurs et des traditions. Chaque geste compte, chaque moment est pens\u00e9 avec <strong>bienveillance et clart\u00e9<\/strong>.<\/p>\n                                    <\/div>\n                                  <\/div>\n                                <\/div>\n                              <\/div>\n                            <\/div>\n                            <div data-colibri-id=\"2358-c18\" class=\"h-accordion-item style-1723 style-local-2358-c18 position-relative h-element\">\n                              <!---->\n                              <a data-open-by-default=\"false\" href=\"#2358-c18\" class=\"h-accordion-item-title d-flex align-items-center h-global-transition\">\n                                <!----><span>Comment se d\u00e9roule la pr\u00e9paration d\u2019un hommage \u00e0 Bruxelles et ses environs ?<\/span>\n                                <div class=\"h-accordion-item-title-normal-icon h-accordion-item-title-icon h-accordion-item-title-icon-right\"><span class=\"h-svg-icon\"><!--Icon by Icons8 Line Awesome (https:\/\/icons8.com\/line-awesome)--><svg version=\"1.1\" xmlns=\"http:\/\/www.w3.org\/2000\/svg\" xmlns:xlink=\"http:\/\/www.w3.org\/1999\/xlink\" id=\"arrow-down\" viewBox=\"0 0 512 545.5\"><path d=\"M240 96h32v321l108.5-108.5 23 23-136 136-11.5 11-11.5-11-136-136 23-23L240 417V96z\"><\/path><\/svg><\/span><\/div>\n                                <div class=\"h-accordion-item-title-active-icon h-accordion-item-title-icon h-accordion-item-title-icon-right\"><span class=\"h-svg-icon\"><!--Icon by Icons8 Line Awesome (https:\/\/icons8.com\/line-awesome)--><svg version=\"1.1\" xmlns=\"http:\/\/www.w3.org\/2000\/svg\" xmlns:xlink=\"http:\/\/www.w3.org\/1999\/xlink\" id=\"arrow-up\" viewBox=\"0 0 512 545.5\"><path d=\"M256 97.5l11.5 11 136 136-23 23L272 159v321h-32V159L131.5 267.5l-23-23 136-136z\"><\/path><\/svg><\/span><\/div>\n                              <\/a>\n                              <div id=\"2358-c18\" class=\"h-accordion-item-content__container\">\n                                <div class=\"w-100 h-y-container h-accordion-item-content\">\n                                  <!---->\n                                  <div data-colibri-id=\"2358-c19\" class=\"h-text h-text-component style-1724 style-local-2358-c19 position-relative h-element\">\n                                    <!---->\n                                    <!---->\n                                    <div class=\"\">\n                                      <p>La premi\u00e8re \u00e9tape consiste \u00e0 rencontrer notre \u00e9quipe afin d\u2019\u00e9changer sur les <strong>volont\u00e9s et les souhaits particuliers<\/strong> de la personne disparue. <\/p>\n                                      <p>Chaque hommage est pr\u00e9par\u00e9 avec une attention sinc\u00e8re, en accord avec les convictions et les habitudes de chacun. Cette approche humaine permet de pr\u00e9server un <strong>\u00e9quilibre entre respect des traditions et adaptation aux attentes actuelles<\/strong>.\n                                        Chez Boitsfort Fun\u00e9railles, l\u2019\u00e9coute est au c\u0153ur de notre mission.<\/p>\n                                    <\/div>\n                                  <\/div>\n                                <\/div>\n                              <\/div>\n                            <\/div>\n                            <div data-colibri-id=\"2358-c20\" class=\"h-accordion-item style-1725 style-local-2358-c20 position-relative h-element\">\n                              <!---->\n                              <a data-open-by-default=\"false\" href=\"#2358-c20\" class=\"h-accordion-item-title d-flex align-items-center h-global-transition\">\n                                <!----><span>Quelles formalit\u00e9s sont g\u00e9r\u00e9es par Boitsfort Fun\u00e9railles ?<\/span>\n                                <div class=\"h-accordion-item-title-normal-icon h-accordion-item-title-icon h-accordion-item-title-icon-right\"><span class=\"h-svg-icon\"><!--Icon by Icons8 Line Awesome (https:\/\/icons8.com\/line-awesome)--><svg version=\"1.1\" xmlns=\"http:\/\/www.w3.org\/2000\/svg\" xmlns:xlink=\"http:\/\/www.w3.org\/1999\/xlink\" id=\"arrow-down\" viewBox=\"0 0 512 545.5\"><path d=\"M240 96h32v321l108.5-108.5 23 23-136 136-11.5 11-11.5-11-136-136 23-23L240 417V96z\"><\/path><\/svg><\/span><\/div>\n                                <div class=\"h-accordion-item-title-active-icon h-accordion-item-title-icon h-accordion-item-title-icon-right\"><span class=\"h-svg-icon\"><!--Icon by Icons8 Line Awesome (https:\/\/icons8.com\/line-awesome)--><svg version=\"1.1\" xmlns=\"http:\/\/www.w3.org\/2000\/svg\" xmlns:xlink=\"http:\/\/www.w3.org\/1999\/xlink\" id=\"arrow-up\" viewBox=\"0 0 512 545.5\"><path d=\"M256 97.5l11.5 11 136 136-23 23L272 159v321h-32V159L131.5 267.5l-23-23 136-136z\"><\/path><\/svg><\/span><\/div>\n                              <\/a>\n                              <div id=\"2358-c20\" class=\"h-accordion-item-content__container\">\n                                <div class=\"w-100 h-y-container h-accordion-item-content\">\n                                  <!---->\n                                  <div data-colibri-id=\"2358-c21\" class=\"h-text h-text-component style-1726 style-local-2358-c21 position-relative h-element\">\n                                    <!---->\n                                    <!---->\n                                    <div class=\"\">\n                                      <p>Notre \u00e9quipe se charge de toutes les formalit\u00e9s li\u00e9es \u00e0 la disparition d\u2019un \u00eatre cher : <strong>d\u00e9claration de d\u00e9c\u00e8s<\/strong>, coordination avec les autorit\u00e9s communales, <strong>communication \u00e9ventuelle avec l&rsquo;\u00e9glise<\/strong>                                        de votre choix et <strong>gestion des autorisations n\u00e9cessaires<\/strong>. <\/p>\n                                      <p>Nous nous assurons \u00e9galement que chaque document soit <strong>conforme et transmis dans les d\u00e9lais<\/strong>. Gr\u00e2ce \u00e0 notre exp\u00e9rience et \u00e0 notre r\u00e9seau local, chaque \u00e9tape se d\u00e9roule en toute s\u00e9r\u00e9nit\u00e9. La <strong>transparence <\/strong>et\n                                        la <strong>rigueur <\/strong>restent des valeurs essentielles dans notre accompagnement.<\/p>\n                                    <\/div>\n                                  <\/div>\n                                <\/div>\n                              <\/div>\n                            <\/div>\n                            <div data-colibri-id=\"2358-c22\" class=\"h-accordion-item style-1727 style-local-2358-c22 position-relative h-element\">\n                              <!---->\n                              <a data-open-by-default=\"false\" href=\"#2358-c22\" class=\"h-accordion-item-title d-flex align-items-center h-global-transition\">\n                                <!----><span>Peut-on rendre la c\u00e9l\u00e9bration plus personnelle ?<\/span>\n                                <div class=\"h-accordion-item-title-normal-icon h-accordion-item-title-icon h-accordion-item-title-icon-right\"><span class=\"h-svg-icon\"><!--Icon by Icons8 Line Awesome (https:\/\/icons8.com\/line-awesome)--><svg version=\"1.1\" xmlns=\"http:\/\/www.w3.org\/2000\/svg\" xmlns:xlink=\"http:\/\/www.w3.org\/1999\/xlink\" id=\"arrow-down\" viewBox=\"0 0 512 545.5\"><path d=\"M240 96h32v321l108.5-108.5 23 23-136 136-11.5 11-11.5-11-136-136 23-23L240 417V96z\"><\/path><\/svg><\/span><\/div>\n                                <div class=\"h-accordion-item-title-active-icon h-accordion-item-title-icon h-accordion-item-title-icon-right\"><span class=\"h-svg-icon\"><!--Icon by Icons8 Line Awesome (https:\/\/icons8.com\/line-awesome)--><svg version=\"1.1\" xmlns=\"http:\/\/www.w3.org\/2000\/svg\" xmlns:xlink=\"http:\/\/www.w3.org\/1999\/xlink\" id=\"arrow-up\" viewBox=\"0 0 512 545.5\"><path d=\"M256 97.5l11.5 11 136 136-23 23L272 159v321h-32V159L131.5 267.5l-23-23 136-136z\"><\/path><\/svg><\/span><\/div>\n                              <\/a>\n                              <div id=\"2358-c22\" class=\"h-accordion-item-content__container\">\n                                <div class=\"w-100 h-y-container h-accordion-item-content\">\n                                  <!---->\n                                  <div data-colibri-id=\"2358-c23\" class=\"h-text h-text-component style-1728 style-local-2358-c23 position-relative h-element\">\n                                    <!---->\n                                    <!---->\n                                    <div class=\"\">\n                                      <p>Oui, chaque hommage peut \u00eatre fa\u00e7onn\u00e9 selon les <strong>croyances<\/strong>, les <strong>go\u00fbts <\/strong>ou la <strong>personnalit\u00e9 <\/strong>du disparu. Nous travaillons avec d\u00e9licatesse pour que le cadre, les textes\n                                        ou la musique refl\u00e8tent ce qui lui ressemblait.<\/p>\n                                      <p>Nos conseillers proposent <strong>diff\u00e9rentes options<\/strong> : musique, lecture, objets symboliques ou fleurs. Chaque d\u00e9tail contribue \u00e0 <strong>ajouter une touche d&rsquo;humanit\u00e9<\/strong> \u00e0 ce moment. L\u2019essentiel reste\n                                        de cr\u00e9er un <strong>adieu apais\u00e9<\/strong>, empreint de respect et d\u2019authenticit\u00e9.<\/p>\n                                    <\/div>\n                                  <\/div>\n                                <\/div>\n                              <\/div>\n                            <\/div>\n                          <\/div>\n                        <\/div>\n                      <\/div>\n                    <\/div>\n                    <div class=\"h-column h-column-container d-flex h-col-lg-auto h-col-md-auto h-col-auto style-1719-outer style-local-2358-c24-outer\">\n                      <div data-colibri-id=\"2358-c24\" class=\"d-flex h-flex-basis h-column__inner h-px-lg-2 h-px-md-0 h-px-2 v-inner-lg-2 v-inner-md-0 v-inner-2 style-1719 style-local-2358-c24 position-relative\">\n                        <!---->\n                        <!---->\n                        <div class=\"w-100 h-y-container h-column__content h-column__v-align flex-basis-100 align-self-lg-start align-self-md-start align-self-start\">\n                          <!---->\n                          <div data-toggle=\"true\" data-is-preview=\"true\" data-colibri-component=\"accordion\" data-colibri-id=\"2358-c25\" class=\"h-accordion style-1729 style-local-2358-c25 position-relative h-element\">\n                            <!---->\n                            <div data-colibri-id=\"2358-c26\" class=\"h-accordion-item h-accordion-item-first-child style-1730 style-local-2358-c26 position-relative h-element\">\n                              <!---->\n                              <a data-open-by-default=\"false\" href=\"#2358-c26\" class=\"h-accordion-item-title d-flex align-items-center h-global-transition\">\n                                <!----><span>Un espace de recueillement est-il accessible sur place ?<\/span>\n                                <div class=\"h-accordion-item-title-normal-icon h-accordion-item-title-icon h-accordion-item-title-icon-right\"><span class=\"h-svg-icon\"><!--Icon by Icons8 Line Awesome (https:\/\/icons8.com\/line-awesome)--><svg version=\"1.1\" xmlns=\"http:\/\/www.w3.org\/2000\/svg\" xmlns:xlink=\"http:\/\/www.w3.org\/1999\/xlink\" id=\"arrow-down\" viewBox=\"0 0 512 545.5\"><path d=\"M240 96h32v321l108.5-108.5 23 23-136 136-11.5 11-11.5-11-136-136 23-23L240 417V96z\"><\/path><\/svg><\/span><\/div>\n                                <div class=\"h-accordion-item-title-active-icon h-accordion-item-title-icon h-accordion-item-title-icon-right\"><span class=\"h-svg-icon\"><!--Icon by Icons8 Line Awesome (https:\/\/icons8.com\/line-awesome)--><svg version=\"1.1\" xmlns=\"http:\/\/www.w3.org\/2000\/svg\" xmlns:xlink=\"http:\/\/www.w3.org\/1999\/xlink\" id=\"arrow-up\" viewBox=\"0 0 512 545.5\"><path d=\"M256 97.5l11.5 11 136 136-23 23L272 159v321h-32V159L131.5 267.5l-23-23 136-136z\"><\/path><\/svg><\/span><\/div>\n                              <\/a>\n                              <div id=\"2358-c26\" class=\"h-accordion-item-content__container\">\n                                <div class=\"w-100 h-y-container h-accordion-item-content\">\n                                  <!---->\n                                  <div data-colibri-id=\"2358-c27\" class=\"h-text h-text-component style-1722 style-local-2358-c27 position-relative h-element\">\n                                    <!---->\n                                    <!---->\n                                    <div class=\"\">\n                                      <p>Oui, notre maison dispose d\u2019<strong>espaces d\u00e9di\u00e9s au calme et \u00e0 la m\u00e9moire<\/strong>. Ces pi\u00e8ces sont pens\u00e9es pour accueillir les proches dans un environnement paisible, propice au silence et au recueillement.&nbsp;<\/p>\n                                    <\/div>\n                                  <\/div>\n                                <\/div>\n                              <\/div>\n                            <\/div>\n                            <div data-colibri-id=\"2358-c28\" class=\"h-accordion-item style-1731 style-local-2358-c28 position-relative h-element\">\n                              <!---->\n                              <a data-open-by-default=\"false\" href=\"#2358-c28\" class=\"h-accordion-item-title d-flex align-items-center h-global-transition\">\n                                <!----><span>Est-il possible d\u2019organiser un moment de partage apr\u00e8s l\u2019hommage ?<\/span>\n                                <div class=\"h-accordion-item-title-normal-icon h-accordion-item-title-icon h-accordion-item-title-icon-right\"><span class=\"h-svg-icon\"><!--Icon by Icons8 Line Awesome (https:\/\/icons8.com\/line-awesome)--><svg version=\"1.1\" xmlns=\"http:\/\/www.w3.org\/2000\/svg\" xmlns:xlink=\"http:\/\/www.w3.org\/1999\/xlink\" id=\"arrow-down\" viewBox=\"0 0 512 545.5\"><path d=\"M240 96h32v321l108.5-108.5 23 23-136 136-11.5 11-11.5-11-136-136 23-23L240 417V96z\"><\/path><\/svg><\/span><\/div>\n                                <div class=\"h-accordion-item-title-active-icon h-accordion-item-title-icon h-accordion-item-title-icon-right\"><span class=\"h-svg-icon\"><!--Icon by Icons8 Line Awesome (https:\/\/icons8.com\/line-awesome)--><svg version=\"1.1\" xmlns=\"http:\/\/www.w3.org\/2000\/svg\" xmlns:xlink=\"http:\/\/www.w3.org\/1999\/xlink\" id=\"arrow-up\" viewBox=\"0 0 512 545.5\"><path d=\"M256 97.5l11.5 11 136 136-23 23L272 159v321h-32V159L131.5 267.5l-23-23 136-136z\"><\/path><\/svg><\/span><\/div>\n                              <\/a>\n                              <div id=\"2358-c28\" class=\"h-accordion-item-content__container\">\n                                <div class=\"w-100 h-y-container h-accordion-item-content\">\n                                  <!---->\n                                  <div data-colibri-id=\"2358-c29\" class=\"h-text h-text-component style-1724 style-local-2358-c29 position-relative h-element\">\n                                    <!---->\n                                    <!---->\n                                    <div class=\"\">\n                                      <p>Oui, un<strong>&nbsp;espace de r\u00e9ception<\/strong> est mis \u00e0 disposition pour permettre un moment d\u2019\u00e9change apr\u00e8s la c\u00e9r\u00e9monie. Cet instant est souvent l\u2019occasion de se retrouver, de partager des souvenirs et de c\u00e9l\u00e9brer\n                                        la m\u00e9moire du d\u00e9funt dans un <strong>cadre simple et chaleureux<\/strong>.<\/p>\n                                      <p>Ce lieu a \u00e9t\u00e9 pens\u00e9 comme une<strong>&nbsp;continuit\u00e9 du recueillement<\/strong> : un environnement accueillant o\u00f9 les \u00e9motions trouvent leur place. Un caf\u00e9, une parole, un souvenir partag\u00e9,&nbsp;autant de gestes qui\n                                        aident \u00e0 traverser cette p\u00e9riode avec <strong>humanit\u00e9 et douceur<\/strong>.<\/p>\n                                    <\/div>\n                                  <\/div>\n                                <\/div>\n                              <\/div>\n                            <\/div>\n                            <div data-colibri-id=\"2358-c30\" class=\"h-accordion-item style-1732 style-local-2358-c30 position-relative h-element\">\n                              <!---->\n                              <a data-open-by-default=\"false\" href=\"#2358-c30\" class=\"h-accordion-item-title d-flex align-items-center h-global-transition\">\n                                <!----><span>Quelles formes d\u2019adieu propose Boitsfort Fun\u00e9railles ?<\/span>\n                                <div class=\"h-accordion-item-title-normal-icon h-accordion-item-title-icon h-accordion-item-title-icon-right\"><span class=\"h-svg-icon\"><!--Icon by Icons8 Line Awesome (https:\/\/icons8.com\/line-awesome)--><svg version=\"1.1\" xmlns=\"http:\/\/www.w3.org\/2000\/svg\" xmlns:xlink=\"http:\/\/www.w3.org\/1999\/xlink\" id=\"arrow-down\" viewBox=\"0 0 512 545.5\"><path d=\"M240 96h32v321l108.5-108.5 23 23-136 136-11.5 11-11.5-11-136-136 23-23L240 417V96z\"><\/path><\/svg><\/span><\/div>\n                                <div class=\"h-accordion-item-title-active-icon h-accordion-item-title-icon h-accordion-item-title-icon-right\"><span class=\"h-svg-icon\"><!--Icon by Icons8 Line Awesome (https:\/\/icons8.com\/line-awesome)--><svg version=\"1.1\" xmlns=\"http:\/\/www.w3.org\/2000\/svg\" xmlns:xlink=\"http:\/\/www.w3.org\/1999\/xlink\" id=\"arrow-up\" viewBox=\"0 0 512 545.5\"><path d=\"M256 97.5l11.5 11 136 136-23 23L272 159v321h-32V159L131.5 267.5l-23-23 136-136z\"><\/path><\/svg><\/span><\/div>\n                              <\/a>\n                              <div id=\"2358-c30\" class=\"h-accordion-item-content__container\">\n                                <div class=\"w-100 h-y-container h-accordion-item-content\">\n                                  <!---->\n                                  <div data-colibri-id=\"2358-c31\" class=\"h-text h-text-component style-1733 style-local-2358-c31 position-relative h-element\">\n                                    <!---->\n                                    <!---->\n                                    <div class=\"\">\n                                      <p>Nous proposons diff\u00e9rents types d\u2019adieux selon les souhaits exprim\u00e9s : <strong>inhumation, cr\u00e9mation, c\u00e9r\u00e9monie civile ou religieuse<\/strong>. Chaque option est expliqu\u00e9e avec clart\u00e9 afin que les proches puissent\n                                        choisir celle qui correspond le mieux \u00e0 leurs convictions.<\/p>\n                                      <p>L\u2019objectif est d\u2019<strong>offrir une exp\u00e9rience respectueuse et fluide<\/strong>, o\u00f9 chaque d\u00e9tail refl\u00e8te la personnalit\u00e9 du disparu. <\/p>\n                                    <\/div>\n                                  <\/div>\n                                <\/div>\n                              <\/div>\n                            <\/div>\n                            <div data-colibri-id=\"2358-c32\" class=\"h-accordion-item style-1734 style-local-2358-c32 position-relative h-element\">\n                              <!---->\n                              <a data-open-by-default=\"false\" href=\"#2358-c32\" class=\"h-accordion-item-title d-flex align-items-center h-global-transition\">\n                                <!----><span>Quelle attention portez-vous apr\u00e8s le moment de recueillement ?<\/span>\n                                <div class=\"h-accordion-item-title-normal-icon h-accordion-item-title-icon h-accordion-item-title-icon-right\"><span class=\"h-svg-icon\"><!--Icon by Icons8 Line Awesome (https:\/\/icons8.com\/line-awesome)--><svg version=\"1.1\" xmlns=\"http:\/\/www.w3.org\/2000\/svg\" xmlns:xlink=\"http:\/\/www.w3.org\/1999\/xlink\" id=\"arrow-down\" viewBox=\"0 0 512 545.5\"><path d=\"M240 96h32v321l108.5-108.5 23 23-136 136-11.5 11-11.5-11-136-136 23-23L240 417V96z\"><\/path><\/svg><\/span><\/div>\n                                <div class=\"h-accordion-item-title-active-icon h-accordion-item-title-icon h-accordion-item-title-icon-right\"><span class=\"h-svg-icon\"><!--Icon by Icons8 Line Awesome (https:\/\/icons8.com\/line-awesome)--><svg version=\"1.1\" xmlns=\"http:\/\/www.w3.org\/2000\/svg\" xmlns:xlink=\"http:\/\/www.w3.org\/1999\/xlink\" id=\"arrow-up\" viewBox=\"0 0 512 545.5\"><path d=\"M256 97.5l11.5 11 136 136-23 23L272 159v321h-32V159L131.5 267.5l-23-23 136-136z\"><\/path><\/svg><\/span><\/div>\n                              <\/a>\n                              <div id=\"2358-c32\" class=\"h-accordion-item-content__container\">\n                                <div class=\"w-100 h-y-container h-accordion-item-content\">\n                                  <!---->\n                                  <div data-colibri-id=\"2358-c33\" class=\"h-text h-text-component style-1728 style-local-2358-c33 position-relative h-element\">\n                                    <!---->\n                                    <!---->\n                                    <div class=\"\">\n                                      <p>Apr\u00e8s la c\u00e9r\u00e9monie, notre r\u00f4le ne s\u2019arr\u00eate pas. Nous restons disponibles pour vous accompagner&nbsp;dans vos&nbsp;<strong>d\u00e9marches ult\u00e9rieures<\/strong> ou vos&nbsp;<strong>besoins<\/strong>. Cette continuit\u00e9 est essentielle\n                                        pour que la transition se fasse dans la paix et la compr\u00e9hension.<\/p>\n                                      <p>Nos conseillers restent \u00e0 l\u2019\u00e9coute pour orienter, expliquer ou simplement \u00e9changer. Ce suivi bienveillant refl\u00e8te notre philosophie : \u00eatre pr\u00e9sents non seulement avant, mais aussi apr\u00e8s le moment du dernier hommage,\n                                        avec le <strong>m\u00eame engagement<\/strong> et la <strong>m\u00eame chaleur humaine<\/strong>.<\/p>\n                                    <\/div>\n                                  <\/div>\n                                <\/div>\n                              <\/div>\n                            <\/div>\n                          <\/div>\n                        <\/div>\n                      <\/div>\n                    <\/div>\n                  <\/div>\n                <\/div>\n              <\/div>\n            <\/div>\n          <\/div>\n        <\/div>\n      <\/div>\n    <\/div>\n  <\/div>\n<\/div>","protected":false},"excerpt":{"rendered":"<p>Des adieux organis\u00e9s avec le c\u0153ur et la bienveillance Situ\u00e9e \u00e0 Watermael-Boitsfort, notre maison de pompes fun\u00e8bres familiale met son savoir-faire au service des familles d\u2019Auderghem et de toute la r\u00e9gion de Bruxelles-Capitale. Depuis plus de trente ans, nous accompagnons avec humanit\u00e9 celles et ceux qui traversent la perte d\u2019un proche, dans le respect des [&hellip;]<\/p>\n","protected":false},"author":2,"featured_media":2359,"parent":0,"menu_order":0,"comment_status":"closed","ping_status":"closed","template":"page-templates\/homepage.php","meta":{"inline_featured_image":false,"_monsterinsights_skip_tracking":false,"_monsterinsights_sitenote_active":false,"_monsterinsights_sitenote_note":"","_monsterinsights_sitenote_category":0,"footnotes":""},"class_list":["post-2358","page","type-page","status-publish","has-post-thumbnail","hentry"],"aioseo_notices":[],"_links":{"self":[{"href":"https:\/\/boitsfortfunerailles.be\/index.php\/wp-json\/wp\/v2\/pages\/2358","targetHints":{"allow":["GET"]}}],"collection":[{"href":"https:\/\/boitsfortfunerailles.be\/index.php\/wp-json\/wp\/v2\/pages"}],"about":[{"href":"https:\/\/boitsfortfunerailles.be\/index.php\/wp-json\/wp\/v2\/types\/page"}],"author":[{"embeddable":true,"href":"https:\/\/boitsfortfunerailles.be\/index.php\/wp-json\/wp\/v2\/users\/2"}],"replies":[{"embeddable":true,"href":"https:\/\/boitsfortfunerailles.be\/index.php\/wp-json\/wp\/v2\/comments?post=2358"}],"version-history":[{"count":9,"href":"https:\/\/boitsfortfunerailles.be\/index.php\/wp-json\/wp\/v2\/pages\/2358\/revisions"}],"predecessor-version":[{"id":2652,"href":"https:\/\/boitsfortfunerailles.be\/index.php\/wp-json\/wp\/v2\/pages\/2358\/revisions\/2652"}],"wp:featuredmedia":[{"embeddable":true,"href":"https:\/\/boitsfortfunerailles.be\/index.php\/wp-json\/wp\/v2\/media\/2359"}],"wp:attachment":[{"href":"https:\/\/boitsfortfunerailles.be\/index.php\/wp-json\/wp\/v2\/media?parent=2358"}],"curies":[{"name":"wp","href":"https:\/\/api.w.org\/{rel}","templated":true}]}}